{"id":2924,"date":"2025-04-09T12:38:18","date_gmt":"2025-04-09T12:38:18","guid":{"rendered":"https:\/\/wedrivesolar.com\/ueber-uns\/"},"modified":"2025-04-29T08:27:45","modified_gmt":"2025-04-29T08:27:45","slug":"ueber-uns","status":"publish","type":"page","link":"https:\/\/wedrivesolar.com\/de\/ueber-uns\/","title":{"rendered":"\u00dcber uns"},"content":{"rendered":"\t\t<div data-elementor-type=\"wp-page\" data-elementor-id=\"2924\" class=\"elementor elementor-2924 elementor-697\" data-elementor-post-type=\"page\">\n\t\t\t\t<div class=\"elementor-element elementor-element-a2050e0 e-con-full e-flex e-con e-parent\" data-id=\"a2050e0\" data-element_type=\"container\" data-e-type=\"container\">\n\t\t<div class=\"elementor-element elementor-element-518cf70 e-con-full e-flex e-con e-child\" data-id=\"518cf70\" data-element_type=\"container\" data-e-type=\"container\">\n\t\t<div class=\"elementor-element elementor-element-023a4be e-con-full e-flex e-con e-child\" data-id=\"023a4be\" data-element_type=\"container\" data-e-type=\"container\" data-settings=\"{&quot;background_background&quot;:&quot;classic&quot;}\">\n\t\t<div class=\"elementor-element elementor-element-12fb108 e-con-full e-flex e-con e-child\" data-id=\"12fb108\" data-element_type=\"container\" data-e-type=\"container\">\n\t\t\t\t<div class=\"elementor-element elementor-element-6668fee elementor-widget elementor-widget-heading\" data-id=\"6668fee\" data-element_type=\"widget\" data-e-type=\"widget\" data-widget_type=\"heading.default\">\n\t\t\t\t\t<h3 class=\"elementor-heading-title elementor-size-default\">\u00dcber uns<\/h3>\t\t\t\t<\/div>\n\t\t\t\t<div class=\"elementor-element elementor-element-5cb4ec5 elementor-widget elementor-widget-heading\" data-id=\"5cb4ec5\" data-element_type=\"widget\" data-e-type=\"widget\" data-widget_type=\"heading.default\">\n\t\t\t\t\t<h2 class=\"elementor-heading-title elementor-size-default\">Mehr als ein Jahrzehnt der Pionierarbeit f\u00fcr eine bidirektionale Zukunft.<\/h2>\t\t\t\t<\/div>\n\t\t\t\t<div class=\"elementor-element elementor-element-c5ff135 elementor-widget elementor-widget-button\" data-id=\"c5ff135\" data-element_type=\"widget\" data-e-type=\"widget\" data-widget_type=\"button.default\">\n\t\t\t\t\t\t\t\t\t\t<a class=\"elementor-button elementor-button-link elementor-size-sm\" href=\"https:\/\/wedrivesolar.com\/de\/anfrage\/\">\n\t\t\t\t\t\t<span class=\"elementor-button-content-wrapper\">\n\t\t\t\t\t\t\t\t\t<span class=\"elementor-button-text\">Kontakt aufnehmen<\/span>\n\t\t\t\t\t<\/span>\n\t\t\t\t\t<\/a>\n\t\t\t\t\t\t\t\t<\/div>\n\t\t\t\t<\/div>\n\t\t\t\t<\/div>\n\t\t\t\t<\/div>\n\t\t\t\t<\/div>\n\t\t<div class=\"elementor-element elementor-element-21d0cf0 e-flex e-con-boxed e-con e-parent\" data-id=\"21d0cf0\" data-element_type=\"container\" data-e-type=\"container\" data-settings=\"{&quot;background_background&quot;:&quot;classic&quot;}\">\n\t\t\t\t\t<div class=\"e-con-inner\">\n\t\t<div class=\"elementor-element elementor-element-354417a e-con-full e-flex e-con e-child\" data-id=\"354417a\" data-element_type=\"container\" data-e-type=\"container\">\n\t\t<div class=\"elementor-element elementor-element-68b4b8f e-con-full e-flex e-con e-child\" data-id=\"68b4b8f\" data-element_type=\"container\" data-e-type=\"container\" data-settings=\"{&quot;background_background&quot;:&quot;classic&quot;}\">\n\t\t<div class=\"elementor-element elementor-element-f8f0db4 e-con-full e-flex e-con e-child\" data-id=\"f8f0db4\" data-element_type=\"container\" data-e-type=\"container\" data-settings=\"{&quot;background_background&quot;:&quot;classic&quot;}\">\n\t\t\t\t<div class=\"elementor-element elementor-element-4be6abb elementor-view-default elementor-widget elementor-widget-icon\" data-id=\"4be6abb\" data-element_type=\"widget\" data-e-type=\"widget\" data-widget_type=\"icon.default\">\n\t\t\t\t\t\t\t<div class=\"elementor-icon-wrapper\">\n\t\t\t<div class=\"elementor-icon\">\n\t\t\t<svg xmlns=\"http:\/\/www.w3.org\/2000\/svg\" id=\"Layer_1\" data-name=\"Layer 1\" viewBox=\"0 0 121.56 152.53\"><defs><style>      .cls-1 {        fill: #e7ac00;      }      .cls-2 {        fill: #1a171b;      }    <\/style><\/defs><path class=\"cls-1\" d=\"M5.57,84.92l4.86,3.26c8.45,5.67,11.27,17.57,6.29,26.44l-2.87,5.1c-4.99,8.87-1.13,13.62,8.57,10.55l5.58-1.77c3.21-1.02,6.85-1.15,10.12-.38,3.31.78,6.63,2.24,9.1,4.59,2.23,2.1,3.64,4.68,5.01,7.36l2.19,5.41c3.83,9.43,9.94,9.38,13.6-.12l2.09-5.45c3.65-9.51,14.63-14.91,24.38-12.02l5.61,1.67c9.76,2.89,13.53-1.93,8.38-10.71l-2.96-5.04c-5.15-8.78-2.54-20.73,5.8-26.55l4.8-3.35c8.35-5.82,6.93-11.78-3.15-13.22l-5.79-.82c-10.07-1.45-17.79-10.94-17.14-21.1l.37-5.84c.65-10.16-4.88-12.76-12.29-5.78l-4.26,4c-2.52,2.38-5.88,4.14-9.28,4.83-3.44.7-7.2.69-10.54-.46-1.33-.45-2.6-1.08-3.8-1.8-1.08-.64-2.34-1.39-3.2-2.32l-4.33-3.93c-7.54-6.83-13.02-4.14-12.19,6.01l.47,5.83c.84,10.14-6.7,19.77-16.74,21.4l-5.78.93c-10.04,1.63-11.35,7.6-2.9,13.28ZM33.59,79.21l9.16-11.53,4.09-5.16h6.58s14.72-.05,14.72-.05h6.6s4.12,5.14,4.12,5.14l9.19,11.49,4.13,5.15-1.46,6.42-3.25,14.36-1.44,6.43-5.93,2.87-13.25,6.42-5.92,2.87-5.95-2.84-13.27-6.36-5.94-2.85-1.48-6.42-3.31-14.34-1.48-6.42,4.1-5.16Z\"><\/path><circle class=\"cls-2\" cx=\"61.3\" cy=\"16.88\" r=\"16.88\"><\/circle><\/svg>\t\t\t<\/div>\n\t\t<\/div>\n\t\t\t\t\t\t<\/div>\n\t\t\t\t<div class=\"elementor-element elementor-element-8b93ec2 elementor-widget elementor-widget-text-editor\" data-id=\"8b93ec2\" data-element_type=\"widget\" data-e-type=\"widget\" data-widget_type=\"text-editor.default\">\n\t\t\t\t\t\t\t\t\t<p>Von der Entwicklung der weltweit ersten bidirektionalen Region in Utrecht und Blankenbergen (Belgien) bis hin zur Entwicklung zukunftssicherer, modularer Ladestationen f\u00fcr Elektrofahrzeuge &#8211; We Drive Solar definiert neu, wie Elektrofahrzeuge die Energieinfrastruktur unterst\u00fctzen und ver\u00e4ndern.<\/p><p>We Drive Solar ist ein f\u00fchrender Anbieter von intelligenten Ladel\u00f6sungen, die zur Unterst\u00fctzung eines vollst\u00e4ndig erneuerbaren Energiesystems entwickelt wurden. Mit \u00fcber 10 Jahren Erfahrung in der bidirektionalen Ladetechnologie liefern wir fortschrittliche bidirektionale AC-Ladeger\u00e4te an Kunden auf der ganzen Welt. <\/p><p>Wir haben mehrere Weltpremieren im Bereich des bidirektionalen Ladens erreicht und arbeiten eng mit internationalen Automobilherstellern wie Renault zusammen. Gemeinsam mit lokalen und globalen Partnern arbeiten wir weiter daran, Utrecht in die erste vollst\u00e4ndig bidirektionale Stadt der Welt zu verwandeln und das reale Potenzial unserer innovativen Technologie zu demonstrieren. <\/p><p>Seit unserem Beitritt zu Koolen Industries im Jahr 2023 haben wir unsere Wirkung beschleunigt und sind dabei unserer Mission treu geblieben: die Entwicklung einer zukunftssicheren Ladeinfrastruktur f\u00fcr Elektrofahrzeuge, die die Energiewende aktiv unterst\u00fctzt und vorantreibt.<\/p>\t\t\t\t\t\t\t\t<\/div>\n\t\t\t\t<\/div>\n\t\t\t\t<\/div>\n\t\t\t\t<\/div>\n\t\t\t\t\t<\/div>\n\t\t\t\t<\/div>\n\t\t<div class=\"elementor-element elementor-element-2dc0d81 e-flex e-con-boxed e-con e-parent\" data-id=\"2dc0d81\" data-element_type=\"container\" data-e-type=\"container\">\n\t\t\t\t\t<div class=\"e-con-inner\">\n\t\t<div class=\"elementor-element elementor-element-4691ba6 e-con-full e-flex e-con e-child\" data-id=\"4691ba6\" data-element_type=\"container\" data-e-type=\"container\">\n\t\t<div class=\"elementor-element elementor-element-7cb7c82 e-con-full e-flex e-con e-child\" data-id=\"7cb7c82\" data-element_type=\"container\" data-e-type=\"container\">\n\t\t\t\t<div class=\"elementor-element elementor-element-3025fe1 elementor-widget elementor-widget-heading\" data-id=\"3025fe1\" data-element_type=\"widget\" data-e-type=\"widget\" data-widget_type=\"heading.default\">\n\t\t\t\t\t<h3 class=\"elementor-heading-title elementor-size-default\">Unsere Werte\n<\/h3>\t\t\t\t<\/div>\n\t\t\t\t<div class=\"elementor-element elementor-element-14c17eb elementor-widget elementor-widget-heading\" data-id=\"14c17eb\" data-element_type=\"widget\" data-e-type=\"widget\" data-widget_type=\"heading.default\">\n\t\t\t\t\t<h2 class=\"elementor-heading-title elementor-size-default\">Wof\u00fcr wir stehen\n<\/h2>\t\t\t\t<\/div>\n\t\t\t\t<\/div>\n\t\t<div class=\"elementor-element elementor-element-147af66 e-con-full e-flex e-con e-child\" data-id=\"147af66\" data-element_type=\"container\" data-e-type=\"container\">\n\t\t\t\t<div class=\"elementor-element elementor-element-34517e6 elementor-widget elementor-widget-text-editor\" data-id=\"34517e6\" data-element_type=\"widget\" data-e-type=\"widget\" data-widget_type=\"text-editor.default\">\n\t\t\t\t\t\t\t\t\t<p>We Drive Solar kombiniert umfangreiche praktische Erfahrungen mit modernsten Innovationen, um intelligente, zuverl\u00e4ssige und langlebige Ladeger\u00e4te anzubieten. Unsere Technologie versorgt Privathaushalte, Fuhrparks und \u00f6ffentliche Infrastrukturen mit Strom, ver\u00e4ndert die Energiesysteme und f\u00f6rdert die Nachhaltigkeit. <\/p><p>Alle unsere Ladeger\u00e4te werden vollst\u00e4ndig in den Niederlanden entwickelt und produziert, was eine au\u00dfergew\u00f6hnliche Qualit\u00e4t, robuste Datensicherheit und nahtlose Updates gew\u00e4hrleistet.<\/p>\t\t\t\t\t\t\t\t<\/div>\n\t\t\t\t<\/div>\n\t\t\t\t<\/div>\n\t\t<div class=\"elementor-element elementor-element-e1b8a18 e-con-full e-flex e-con e-child\" data-id=\"e1b8a18\" data-element_type=\"container\" data-e-type=\"container\">\n\t\t<div class=\"elementor-element elementor-element-2fdde7f e-con-full e-grid e-con e-child\" data-id=\"2fdde7f\" data-element_type=\"container\" data-e-type=\"container\">\n\t\t<div class=\"elementor-element elementor-element-738a657 e-con-full e-flex e-con e-child\" data-id=\"738a657\" data-element_type=\"container\" data-e-type=\"container\" data-settings=\"{&quot;background_background&quot;:&quot;classic&quot;}\">\n\t\t\t\t<div class=\"elementor-element elementor-element-341a18d elementor-widget elementor-widget-heading\" data-id=\"341a18d\" data-element_type=\"widget\" data-e-type=\"widget\" data-widget_type=\"heading.default\">\n\t\t\t\t\t<h3 class=\"elementor-heading-title elementor-size-default\">Innovation<\/h3>\t\t\t\t<\/div>\n\t\t\t\t<div class=\"elementor-element elementor-element-1ed2f6b elementor-widget elementor-widget-text-editor\" data-id=\"1ed2f6b\" data-element_type=\"widget\" data-e-type=\"widget\" data-widget_type=\"text-editor.default\">\n\t\t\t\t\t\t\t\t\tWir sind bestrebt, in der Ladetechnologie f\u00fchrend zu sein und konzentrieren uns auf fortschrittliche, zukunftsf\u00e4hige L\u00f6sungen.\n\t\t\t\t\t\t\t\t<\/div>\n\t\t\t\t<\/div>\n\t\t<div class=\"elementor-element elementor-element-a193f91 e-con-full e-flex e-con e-child\" data-id=\"a193f91\" data-element_type=\"container\" data-e-type=\"container\" data-settings=\"{&quot;background_background&quot;:&quot;classic&quot;}\">\n\t\t\t\t<div class=\"elementor-element elementor-element-c2664ef elementor-widget elementor-widget-heading\" data-id=\"c2664ef\" data-element_type=\"widget\" data-e-type=\"widget\" data-widget_type=\"heading.default\">\n\t\t\t\t\t<h3 class=\"elementor-heading-title elementor-size-default\">Nachhaltigkeit<\/h3>\t\t\t\t<\/div>\n\t\t\t\t<div class=\"elementor-element elementor-element-2bbf5a9 elementor-widget elementor-widget-text-editor\" data-id=\"2bbf5a9\" data-element_type=\"widget\" data-e-type=\"widget\" data-widget_type=\"text-editor.default\">\n\t\t\t\t\t\t\t\t\tWir sind bestrebt, die Umweltbelastung durch die Integration erneuerbarer Energiequellen in alle unsere Ladesysteme zu verringern.\n\t\t\t\t\t\t\t\t<\/div>\n\t\t\t\t<\/div>\n\t\t<div class=\"elementor-element elementor-element-a653ea9 e-con-full e-flex e-con e-child\" data-id=\"a653ea9\" data-element_type=\"container\" data-e-type=\"container\" data-settings=\"{&quot;background_background&quot;:&quot;classic&quot;}\">\n\t\t\t\t<div class=\"elementor-element elementor-element-131ee93 elementor-widget elementor-widget-heading\" data-id=\"131ee93\" data-element_type=\"widget\" data-e-type=\"widget\" data-widget_type=\"heading.default\">\n\t\t\t\t\t<h3 class=\"elementor-heading-title elementor-size-default\">Verl\u00e4sslichkeit<\/h3>\t\t\t\t<\/div>\n\t\t\t\t<div class=\"elementor-element elementor-element-4a9111f elementor-widget elementor-widget-text-editor\" data-id=\"4a9111f\" data-element_type=\"widget\" data-e-type=\"widget\" data-widget_type=\"text-editor.default\">\n\t\t\t\t\t\t\t\t\tWir bauen Produkte &#8211; und Beziehungen &#8211; auf, die sich im Laufe der Zeit bew\u00e4hren. Dabei legen wir Wert auf gleichbleibende Qualit\u00e4t, Transparenz und dauerhaften Service.\n\t\t\t\t\t\t\t\t<\/div>\n\t\t\t\t<\/div>\n\t\t<div class=\"elementor-element elementor-element-26f5e4f e-con-full e-flex e-con e-child\" data-id=\"26f5e4f\" data-element_type=\"container\" data-e-type=\"container\" data-settings=\"{&quot;background_background&quot;:&quot;classic&quot;}\">\n\t\t\t\t<div class=\"elementor-element elementor-element-e7a3091 elementor-widget elementor-widget-heading\" data-id=\"e7a3091\" data-element_type=\"widget\" data-e-type=\"widget\" data-widget_type=\"heading.default\">\n\t\t\t\t\t<h3 class=\"elementor-heading-title elementor-size-default\">Zusammenarbeit<\/h3>\t\t\t\t<\/div>\n\t\t\t\t<div class=\"elementor-element elementor-element-f509486 elementor-widget elementor-widget-text-editor\" data-id=\"f509486\" data-element_type=\"widget\" data-e-type=\"widget\" data-widget_type=\"text-editor.default\">\n\t\t\t\t\t\t\t\t\t<p><span style=\"font-weight: 400;\">Wir glauben fest an Partnerschaften als Eckpfeiler f\u00fcr die Beschleunigung der globalen Energiewende und das gemeinsame Erreichen einer nachhaltigen Zukunft.<\/span><\/p>\t\t\t\t\t\t\t\t<\/div>\n\t\t\t\t<\/div>\n\t\t\t\t<\/div>\n\t\t\t\t<\/div>\n\t\t<div class=\"elementor-element elementor-element-ea78abf e-con-full e-flex e-con e-child\" data-id=\"ea78abf\" data-element_type=\"container\" data-e-type=\"container\">\n\t\t\t\t<div class=\"elementor-element elementor-element-d31c6f0 elementor-widget elementor-widget-button\" data-id=\"d31c6f0\" data-element_type=\"widget\" data-e-type=\"widget\" data-widget_type=\"button.default\">\n\t\t\t\t\t\t\t\t\t\t<a class=\"elementor-button elementor-button-link elementor-size-sm\" href=\"https:\/\/wedrivesolar.com\/de\/anfrage\/\">\n\t\t\t\t\t\t<span class=\"elementor-button-content-wrapper\">\n\t\t\t\t\t\t\t\t\t<span class=\"elementor-button-text\">Kontakt Vertrieb<\/span>\n\t\t\t\t\t<\/span>\n\t\t\t\t\t<\/a>\n\t\t\t\t\t\t\t\t<\/div>\n\t\t\t\t<\/div>\n\t\t\t\t\t<\/div>\n\t\t\t\t<\/div>\n\t\t<div class=\"elementor-element elementor-element-aee8fc9 e-flex e-con-boxed e-con e-parent\" data-id=\"aee8fc9\" data-element_type=\"container\" data-e-type=\"container\">\n\t\t\t\t\t<div class=\"e-con-inner\">\n\t\t<div class=\"elementor-element elementor-element-d3c69e3 e-con-full e-flex e-con e-child\" data-id=\"d3c69e3\" data-element_type=\"container\" data-e-type=\"container\">\n\t\t\t\t<div class=\"elementor-element elementor-element-125252d elementor-widget elementor-widget-heading\" data-id=\"125252d\" data-element_type=\"widget\" data-e-type=\"widget\" data-widget_type=\"heading.default\">\n\t\t\t\t\t<h3 class=\"elementor-heading-title elementor-size-default\">F\u00fchrungsteam<\/h3>\t\t\t\t<\/div>\n\t\t\t\t<div class=\"elementor-element elementor-element-ba9b0af elementor-widget elementor-widget-heading\" data-id=\"ba9b0af\" data-element_type=\"widget\" data-e-type=\"widget\" data-widget_type=\"heading.default\">\n\t\t\t\t\t<h2 class=\"elementor-heading-title elementor-size-default\">Wirkungen in der Praxis, bew\u00e4hrte Leistung\n<\/h2>\t\t\t\t<\/div>\n\t\t\t\t<\/div>\n\t\t<div class=\"elementor-element elementor-element-6c491d8 e-con-full e-grid e-con e-child\" data-id=\"6c491d8\" data-element_type=\"container\" data-e-type=\"container\">\n\t\t<div class=\"elementor-element elementor-element-b5099ce e-con-full e-flex e-con e-child\" data-id=\"b5099ce\" data-element_type=\"container\" data-e-type=\"container\">\n\t\t\t\t<div class=\"elementor-element elementor-element-7badaa7 elementor-position-top elementor-widget elementor-widget-image-box\" data-id=\"7badaa7\" data-element_type=\"widget\" data-e-type=\"widget\" data-widget_type=\"image-box.default\">\n\t\t\t\t\t<div class=\"elementor-image-box-wrapper\"><figure class=\"elementor-image-box-img\"><img fetchpriority=\"high\" decoding=\"async\" width=\"441\" height=\"440\" src=\"https:\/\/wedrivesolar.com\/wp-content\/uploads\/2025\/04\/Kees-Koolen-Image-e1744201155966.avif\" class=\"attachment-full size-full wp-image-700\" alt=\"\" srcset=\"https:\/\/wedrivesolar.com\/wp-content\/uploads\/2025\/04\/Kees-Koolen-Image-e1744201155966.avif 441w, https:\/\/wedrivesolar.com\/wp-content\/uploads\/2025\/04\/Kees-Koolen-Image-e1744201155966-300x300.avif 300w, https:\/\/wedrivesolar.com\/wp-content\/uploads\/2025\/04\/Kees-Koolen-Image-e1744201155966-150x150.avif 150w\" sizes=\"(max-width: 441px) 100vw, 441px\" \/><\/figure><div class=\"elementor-image-box-content\"><h3 class=\"elementor-image-box-title\">Kees Koolen - <\/br> Vorsitzender des Verwaltungsrats<\/h3><p class=\"elementor-image-box-description\">Als Gr\u00fcnder von Koolen Industries und ehemaliger CEO von Booking.com verf\u00fcgt Kees \u00fcber eine strategische Vision, F\u00fchrungsqualit\u00e4ten und umfangreiche Erfahrung in der Skalierung innovativer Unternehmen.\n<\/p><\/div><\/div>\t\t\t\t<\/div>\n\t\t\t\t<\/div>\n\t\t<div class=\"elementor-element elementor-element-33baabc e-con-full e-flex e-con e-child\" data-id=\"33baabc\" data-element_type=\"container\" data-e-type=\"container\">\n\t\t\t\t<div class=\"elementor-element elementor-element-f04a675 elementor-position-top elementor-position-top elementor-widget elementor-widget-image-box\" data-id=\"f04a675\" data-element_type=\"widget\" data-e-type=\"widget\" data-widget_type=\"image-box.default\">\n\t\t\t\t\t<div class=\"elementor-image-box-wrapper\"><figure class=\"elementor-image-box-img\"><img decoding=\"async\" width=\"800\" height=\"800\" src=\"https:\/\/wedrivesolar.com\/wp-content\/uploads\/2025\/04\/Robin-from-Google-Search.jpg\" class=\"attachment-full size-full wp-image-699\" alt=\"\" srcset=\"https:\/\/wedrivesolar.com\/wp-content\/uploads\/2025\/04\/Robin-from-Google-Search.jpg 800w, https:\/\/wedrivesolar.com\/wp-content\/uploads\/2025\/04\/Robin-from-Google-Search-300x300.jpg 300w, https:\/\/wedrivesolar.com\/wp-content\/uploads\/2025\/04\/Robin-from-Google-Search-150x150.jpg 150w, https:\/\/wedrivesolar.com\/wp-content\/uploads\/2025\/04\/Robin-from-Google-Search-768x768.jpg 768w\" sizes=\"(max-width: 800px) 100vw, 800px\" \/><\/figure><div class=\"elementor-image-box-content\"><h3 class=\"elementor-image-box-title\">Robin Berg - <\/br>CEO<\/h3><p class=\"elementor-image-box-description\">Gr\u00fcnder und Vision\u00e4r von We Drive Solar. Initiierte das bidirektionale Stadtprojekt in Utrecht und ist ein anerkannter Vordenker f\u00fcr nachhaltige Mobilit\u00e4t. \n<\/p><\/div><\/div>\t\t\t\t<\/div>\n\t\t\t\t<\/div>\n\t\t<div class=\"elementor-element elementor-element-655cd15 e-con-full e-flex e-con e-child\" data-id=\"655cd15\" data-element_type=\"container\" data-e-type=\"container\">\n\t\t\t\t<div class=\"elementor-element elementor-element-b2070f5 elementor-position-top elementor-widget elementor-widget-image-box\" data-id=\"b2070f5\" data-element_type=\"widget\" data-e-type=\"widget\" data-widget_type=\"image-box.default\">\n\t\t\t\t\t<div class=\"elementor-image-box-wrapper\"><figure class=\"elementor-image-box-img\"><img decoding=\"async\" width=\"290\" height=\"290\" src=\"https:\/\/wedrivesolar.com\/wp-content\/uploads\/2025\/04\/Profielfoto-Emiel.jpeg\" class=\"attachment-2048x2048 size-2048x2048 wp-image-1999\" alt=\"\" srcset=\"https:\/\/wedrivesolar.com\/wp-content\/uploads\/2025\/04\/Profielfoto-Emiel.jpeg 290w, https:\/\/wedrivesolar.com\/wp-content\/uploads\/2025\/04\/Profielfoto-Emiel-150x150.jpeg 150w\" sizes=\"(max-width: 290px) 100vw, 290px\" \/><\/figure><div class=\"elementor-image-box-content\"><h3 class=\"elementor-image-box-title\">Emiel Nijhoff - <\/br> CFO &amp; COO<\/h3><p class=\"elementor-image-box-description\">Beaufsichtigt die Bereiche Finanzen und Betrieb und konzentriert sich dabei auf strukturiertes Wachstum und operative Exzellenz.\n<\/p><\/div><\/div>\t\t\t\t<\/div>\n\t\t\t\t<\/div>\n\t\t<div class=\"elementor-element elementor-element-850ab88 e-con-full e-flex e-con e-child\" data-id=\"850ab88\" data-element_type=\"container\" data-e-type=\"container\">\n\t\t\t\t<div class=\"elementor-element elementor-element-5e244fc elementor-position-top elementor-widget elementor-widget-image-box\" data-id=\"5e244fc\" data-element_type=\"widget\" data-e-type=\"widget\" data-widget_type=\"image-box.default\">\n\t\t\t\t\t<div class=\"elementor-image-box-wrapper\"><figure class=\"elementor-image-box-img\"><img loading=\"lazy\" decoding=\"async\" width=\"400\" height=\"400\" src=\"https:\/\/wedrivesolar.com\/wp-content\/uploads\/2025\/04\/Yves-Van-Sante-1.jpeg\" class=\"attachment-full size-full wp-image-702\" alt=\"\" srcset=\"https:\/\/wedrivesolar.com\/wp-content\/uploads\/2025\/04\/Yves-Van-Sante-1.jpeg 400w, https:\/\/wedrivesolar.com\/wp-content\/uploads\/2025\/04\/Yves-Van-Sante-1-300x300.jpeg 300w, https:\/\/wedrivesolar.com\/wp-content\/uploads\/2025\/04\/Yves-Van-Sante-1-150x150.jpeg 150w\" sizes=\"(max-width: 400px) 100vw, 400px\" \/><\/figure><div class=\"elementor-image-box-content\"><h3 class=\"elementor-image-box-title\">Yves van Sante - <\/br>CRO &amp; CCO<\/h3><p class=\"elementor-image-box-description\">Verantwortlich f\u00fcr die kommerzielle Strategie und Partnerschaften, um Kundenbed\u00fcrfnisse mit innovativen L\u00f6sungen und Marktchancen in Einklang zu bringen.\n<\/p><\/div><\/div>\t\t\t\t<\/div>\n\t\t\t\t<\/div>\n\t\t\t\t<\/div>\n\t\t\t\t\t<\/div>\n\t\t\t\t<\/div>\n\t\t<div class=\"elementor-element elementor-element-16d46e3 e-flex e-con-boxed e-con e-parent\" data-id=\"16d46e3\" data-element_type=\"container\" data-e-type=\"container\">\n\t\t\t\t\t<div class=\"e-con-inner\">\n\t\t<div class=\"elementor-element elementor-element-b70a974 e-con-full e-flex e-con e-child\" data-id=\"b70a974\" data-element_type=\"container\" data-e-type=\"container\" data-settings=\"{&quot;background_background&quot;:&quot;classic&quot;}\">\n\t\t\t\t<div class=\"elementor-element elementor-element-7a97fbb elementor-widget elementor-widget-heading\" data-id=\"7a97fbb\" data-element_type=\"widget\" data-e-type=\"widget\" data-widget_type=\"heading.default\">\n\t\t\t\t\t<h2 class=\"elementor-heading-title elementor-size-default\">Gestalten Sie mit uns die Zukunft der erneuerbaren Energien und der intelligenten Mobilit\u00e4t<\/h2>\t\t\t\t<\/div>\n\t\t\t\t<div class=\"elementor-element elementor-element-f0e4a27 elementor-widget elementor-widget-text-editor\" data-id=\"f0e4a27\" data-element_type=\"widget\" data-e-type=\"widget\" data-widget_type=\"text-editor.default\">\n\t\t\t\t\t\t\t\t\t<p>Wir beraten Sie gerne und unverbindlich zu Ihrer Situation.<\/p>\t\t\t\t\t\t\t\t<\/div>\n\t\t\t\t<div class=\"elementor-element elementor-element-da0900a elementor-align-center elementor-widget elementor-widget-button\" data-id=\"da0900a\" data-element_type=\"widget\" data-e-type=\"widget\" data-widget_type=\"button.default\">\n\t\t\t\t\t\t\t\t\t\t<a class=\"elementor-button elementor-button-link elementor-size-sm\" href=\"https:\/\/wedrivesolar.com\/de\/anfrage\/\">\n\t\t\t\t\t\t<span class=\"elementor-button-content-wrapper\">\n\t\t\t\t\t\t\t\t\t<span class=\"elementor-button-text\">Kontakt<\/span>\n\t\t\t\t\t<\/span>\n\t\t\t\t\t<\/a>\n\t\t\t\t\t\t\t\t<\/div>\n\t\t\t\t<\/div>\n\t\t\t\t\t<\/div>\n\t\t\t\t<\/div>\n\t\t\t\t<\/div>\n\t\t","protected":false},"excerpt":{"rendered":"<p>\u00dcber uns Mehr als ein Jahrzehnt der Pionierarbeit f\u00fcr eine bidirektionale Zukunft. Kontakt aufnehmen Von der Entwicklung der weltweit ersten bidirektionalen Region in Utrecht und Blankenbergen (Belgien) bis hin zur Entwicklung zukunftssicherer, modularer Ladestationen f\u00fcr Elektrofahrzeuge &#8211; We Drive Solar definiert neu, wie Elektrofahrzeuge die Energieinfrastruktur unterst\u00fctzen und ver\u00e4ndern. We Drive Solar ist ein f\u00fchrender [&hellip;]<\/p>\n","protected":false},"author":2,"featured_media":0,"parent":0,"menu_order":0,"comment_status":"closed","ping_status":"closed","template":"","meta":{"_acf_changed":false,"footnotes":""},"class_list":["post-2924","page","type-page","status-publish","hentry"],"acf":[],"yoast_head":"<!-- This site is optimized with the Yoast SEO plugin v27.2 - https:\/\/yoast.com\/product\/yoast-seo-wordpress\/ -->\n<title>\u00dcber uns - We Drive Solar<\/title>\n<meta name=\"robots\" content=\"index, follow, max-snippet:-1, max-image-preview:large, max-video-preview:-1\" \/>\n<link rel=\"canonical\" href=\"https:\/\/wedrivesolar.com\/de\/ueber-uns\/\" \/>\n<meta property=\"og:locale\" content=\"de_DE\" \/>\n<meta property=\"og:type\" content=\"article\" \/>\n<meta property=\"og:title\" content=\"\u00dcber uns - We Drive Solar\" \/>\n<meta property=\"og:description\" content=\"\u00dcber uns Mehr als ein Jahrzehnt der Pionierarbeit f\u00fcr eine bidirektionale Zukunft. Kontakt aufnehmen Von der Entwicklung der weltweit ersten bidirektionalen Region in Utrecht und Blankenbergen (Belgien) bis hin zur Entwicklung zukunftssicherer, modularer Ladestationen f\u00fcr Elektrofahrzeuge &#8211; We Drive Solar definiert neu, wie Elektrofahrzeuge die Energieinfrastruktur unterst\u00fctzen und ver\u00e4ndern. We Drive Solar ist ein f\u00fchrender [&hellip;]\" \/>\n<meta property=\"og:url\" content=\"https:\/\/wedrivesolar.com\/de\/ueber-uns\/\" \/>\n<meta property=\"og:site_name\" content=\"We Drive Solar\" \/>\n<meta property=\"article:modified_time\" content=\"2025-04-29T08:27:45+00:00\" \/>\n<meta name=\"twitter:card\" content=\"summary_large_image\" \/>\n<meta name=\"twitter:label1\" content=\"Gesch\u00e4tzte Lesezeit\" \/>\n\t<meta name=\"twitter:data1\" content=\"2\u00a0Minute\" \/>\n<script type=\"application\/ld+json\" class=\"yoast-schema-graph\">{\"@context\":\"https:\/\/schema.org\",\"@graph\":[{\"@type\":\"WebPage\",\"@id\":\"https:\/\/wedrivesolar.com\/de\/ueber-uns\/\",\"url\":\"https:\/\/wedrivesolar.com\/de\/ueber-uns\/\",\"name\":\"\u00dcber uns - We Drive Solar\",\"isPartOf\":{\"@id\":\"https:\/\/wedrivesolar.com\/#website\"},\"primaryImageOfPage\":{\"@id\":\"https:\/\/wedrivesolar.com\/de\/ueber-uns\/#primaryimage\"},\"image\":{\"@id\":\"https:\/\/wedrivesolar.com\/de\/ueber-uns\/#primaryimage\"},\"thumbnailUrl\":\"https:\/\/wedrivesolar.com\/wp-content\/uploads\/2025\/04\/Kees-Koolen-Image-e1744201155966.avif\",\"datePublished\":\"2025-04-09T12:38:18+00:00\",\"dateModified\":\"2025-04-29T08:27:45+00:00\",\"breadcrumb\":{\"@id\":\"https:\/\/wedrivesolar.com\/de\/ueber-uns\/#breadcrumb\"},\"inLanguage\":\"de\",\"potentialAction\":[{\"@type\":\"ReadAction\",\"target\":[\"https:\/\/wedrivesolar.com\/de\/ueber-uns\/\"]}]},{\"@type\":\"ImageObject\",\"inLanguage\":\"de\",\"@id\":\"https:\/\/wedrivesolar.com\/de\/ueber-uns\/#primaryimage\",\"url\":\"https:\/\/wedrivesolar.com\/wp-content\/uploads\/2025\/04\/Kees-Koolen-Image-e1744201155966.avif\",\"contentUrl\":\"https:\/\/wedrivesolar.com\/wp-content\/uploads\/2025\/04\/Kees-Koolen-Image-e1744201155966.avif\"},{\"@type\":\"BreadcrumbList\",\"@id\":\"https:\/\/wedrivesolar.com\/de\/ueber-uns\/#breadcrumb\",\"itemListElement\":[{\"@type\":\"ListItem\",\"position\":1,\"name\":\"Startseite\",\"item\":\"https:\/\/wedrivesolar.com\/\"},{\"@type\":\"ListItem\",\"position\":2,\"name\":\"\u00dcber uns\"}]},{\"@type\":\"WebSite\",\"@id\":\"https:\/\/wedrivesolar.com\/#website\",\"url\":\"https:\/\/wedrivesolar.com\/\",\"name\":\"We Drive Solar\",\"description\":\"Shaping the electricity grid of the future\",\"publisher\":{\"@id\":\"https:\/\/wedrivesolar.com\/#organization\"},\"potentialAction\":[{\"@type\":\"SearchAction\",\"target\":{\"@type\":\"EntryPoint\",\"urlTemplate\":\"https:\/\/wedrivesolar.com\/?s={search_term_string}\"},\"query-input\":{\"@type\":\"PropertyValueSpecification\",\"valueRequired\":true,\"valueName\":\"search_term_string\"}}],\"inLanguage\":\"de\"},{\"@type\":\"Organization\",\"@id\":\"https:\/\/wedrivesolar.com\/#organization\",\"name\":\"We Drive Solar\",\"url\":\"https:\/\/wedrivesolar.com\/\",\"logo\":{\"@type\":\"ImageObject\",\"inLanguage\":\"de\",\"@id\":\"https:\/\/wedrivesolar.com\/#\/schema\/logo\/image\/\",\"url\":\"https:\/\/wedrivesolar.com\/wp-content\/uploads\/2025\/04\/cropped-wedrivesolar_transparant.png\",\"contentUrl\":\"https:\/\/wedrivesolar.com\/wp-content\/uploads\/2025\/04\/cropped-wedrivesolar_transparant.png\",\"width\":1280,\"height\":201,\"caption\":\"We Drive Solar\"},\"image\":{\"@id\":\"https:\/\/wedrivesolar.com\/#\/schema\/logo\/image\/\"}}]}<\/script>\n<!-- \/ Yoast SEO plugin. -->","yoast_head_json":{"title":"\u00dcber uns - We Drive Solar","robots":{"index":"index","follow":"follow","max-snippet":"max-snippet:-1","max-image-preview":"max-image-preview:large","max-video-preview":"max-video-preview:-1"},"canonical":"https:\/\/wedrivesolar.com\/de\/ueber-uns\/","og_locale":"de_DE","og_type":"article","og_title":"\u00dcber uns - We Drive Solar","og_description":"\u00dcber uns Mehr als ein Jahrzehnt der Pionierarbeit f\u00fcr eine bidirektionale Zukunft. Kontakt aufnehmen Von der Entwicklung der weltweit ersten bidirektionalen Region in Utrecht und Blankenbergen (Belgien) bis hin zur Entwicklung zukunftssicherer, modularer Ladestationen f\u00fcr Elektrofahrzeuge &#8211; We Drive Solar definiert neu, wie Elektrofahrzeuge die Energieinfrastruktur unterst\u00fctzen und ver\u00e4ndern. We Drive Solar ist ein f\u00fchrender [&hellip;]","og_url":"https:\/\/wedrivesolar.com\/de\/ueber-uns\/","og_site_name":"We Drive Solar","article_modified_time":"2025-04-29T08:27:45+00:00","twitter_card":"summary_large_image","twitter_misc":{"Gesch\u00e4tzte Lesezeit":"2\u00a0Minute"},"schema":{"@context":"https:\/\/schema.org","@graph":[{"@type":"WebPage","@id":"https:\/\/wedrivesolar.com\/de\/ueber-uns\/","url":"https:\/\/wedrivesolar.com\/de\/ueber-uns\/","name":"\u00dcber uns - We Drive Solar","isPartOf":{"@id":"https:\/\/wedrivesolar.com\/#website"},"primaryImageOfPage":{"@id":"https:\/\/wedrivesolar.com\/de\/ueber-uns\/#primaryimage"},"image":{"@id":"https:\/\/wedrivesolar.com\/de\/ueber-uns\/#primaryimage"},"thumbnailUrl":"https:\/\/wedrivesolar.com\/wp-content\/uploads\/2025\/04\/Kees-Koolen-Image-e1744201155966.avif","datePublished":"2025-04-09T12:38:18+00:00","dateModified":"2025-04-29T08:27:45+00:00","breadcrumb":{"@id":"https:\/\/wedrivesolar.com\/de\/ueber-uns\/#breadcrumb"},"inLanguage":"de","potentialAction":[{"@type":"ReadAction","target":["https:\/\/wedrivesolar.com\/de\/ueber-uns\/"]}]},{"@type":"ImageObject","inLanguage":"de","@id":"https:\/\/wedrivesolar.com\/de\/ueber-uns\/#primaryimage","url":"https:\/\/wedrivesolar.com\/wp-content\/uploads\/2025\/04\/Kees-Koolen-Image-e1744201155966.avif","contentUrl":"https:\/\/wedrivesolar.com\/wp-content\/uploads\/2025\/04\/Kees-Koolen-Image-e1744201155966.avif"},{"@type":"BreadcrumbList","@id":"https:\/\/wedrivesolar.com\/de\/ueber-uns\/#breadcrumb","itemListElement":[{"@type":"ListItem","position":1,"name":"Startseite","item":"https:\/\/wedrivesolar.com\/"},{"@type":"ListItem","position":2,"name":"\u00dcber uns"}]},{"@type":"WebSite","@id":"https:\/\/wedrivesolar.com\/#website","url":"https:\/\/wedrivesolar.com\/","name":"We Drive Solar","description":"Shaping the electricity grid of the future","publisher":{"@id":"https:\/\/wedrivesolar.com\/#organization"},"potentialAction":[{"@type":"SearchAction","target":{"@type":"EntryPoint","urlTemplate":"https:\/\/wedrivesolar.com\/?s={search_term_string}"},"query-input":{"@type":"PropertyValueSpecification","valueRequired":true,"valueName":"search_term_string"}}],"inLanguage":"de"},{"@type":"Organization","@id":"https:\/\/wedrivesolar.com\/#organization","name":"We Drive Solar","url":"https:\/\/wedrivesolar.com\/","logo":{"@type":"ImageObject","inLanguage":"de","@id":"https:\/\/wedrivesolar.com\/#\/schema\/logo\/image\/","url":"https:\/\/wedrivesolar.com\/wp-content\/uploads\/2025\/04\/cropped-wedrivesolar_transparant.png","contentUrl":"https:\/\/wedrivesolar.com\/wp-content\/uploads\/2025\/04\/cropped-wedrivesolar_transparant.png","width":1280,"height":201,"caption":"We Drive Solar"},"image":{"@id":"https:\/\/wedrivesolar.com\/#\/schema\/logo\/image\/"}}]}},"_links":{"self":[{"href":"https:\/\/wedrivesolar.com\/de\/wp-json\/wp\/v2\/pages\/2924","targetHints":{"allow":["GET"]}}],"collection":[{"href":"https:\/\/wedrivesolar.com\/de\/wp-json\/wp\/v2\/pages"}],"about":[{"href":"https:\/\/wedrivesolar.com\/de\/wp-json\/wp\/v2\/types\/page"}],"author":[{"embeddable":true,"href":"https:\/\/wedrivesolar.com\/de\/wp-json\/wp\/v2\/users\/2"}],"replies":[{"embeddable":true,"href":"https:\/\/wedrivesolar.com\/de\/wp-json\/wp\/v2\/comments?post=2924"}],"version-history":[{"count":0,"href":"https:\/\/wedrivesolar.com\/de\/wp-json\/wp\/v2\/pages\/2924\/revisions"}],"wp:attachment":[{"href":"https:\/\/wedrivesolar.com\/de\/wp-json\/wp\/v2\/media?parent=2924"}],"curies":[{"name":"wp","href":"https:\/\/api.w.org\/{rel}","templated":true}]}}