{"id":5619,"date":"2025-12-11T10:33:54","date_gmt":"2025-12-11T10:33:54","guid":{"rendered":"https:\/\/wedrivesolar.com\/bidirektionales-laden-die-zukunft-von-energie-und-mobilitaet\/"},"modified":"2025-12-11T12:29:13","modified_gmt":"2025-12-11T12:29:13","slug":"bidirektionales-laden-die-zukunft-von-energie-und-mobilitaet","status":"publish","type":"page","link":"https:\/\/wedrivesolar.com\/de\/bidirektionales-laden-die-zukunft-von-energie-und-mobilitaet\/","title":{"rendered":"Bidirektionales Laden: die Zukunft von Energie und Mobilit\u00e4t"},"content":{"rendered":"\t\t<div data-elementor-type=\"wp-page\" data-elementor-id=\"5619\" class=\"elementor elementor-5619 elementor-5585\" data-elementor-post-type=\"page\">\n\t\t\t\t<div class=\"elementor-element elementor-element-016da90 e-con-full e-flex e-con e-parent\" data-id=\"016da90\" data-element_type=\"container\" data-e-type=\"container\">\n\t\t<div class=\"elementor-element elementor-element-b02939d e-con-full e-flex e-con e-child\" data-id=\"b02939d\" data-element_type=\"container\" data-e-type=\"container\" data-settings=\"{&quot;background_background&quot;:&quot;classic&quot;}\">\n\t\t<div class=\"elementor-element elementor-element-c2e19b4 e-con-full e-flex e-con e-child\" data-id=\"c2e19b4\" data-element_type=\"container\" data-e-type=\"container\">\n\t\t\t\t<div class=\"elementor-element elementor-element-6270589 elementor-widget elementor-widget-heading\" data-id=\"6270589\" data-element_type=\"widget\" data-e-type=\"widget\" data-widget_type=\"heading.default\">\n\t\t\t\t\t<h3 class=\"elementor-heading-title elementor-size-default\">Bidirektionales Laden<\/h3>\t\t\t\t<\/div>\n\t\t\t\t<div class=\"elementor-element elementor-element-a38b2a0 elementor-widget elementor-widget-heading\" data-id=\"a38b2a0\" data-element_type=\"widget\" data-e-type=\"widget\" data-widget_type=\"heading.default\">\n\t\t\t\t\t<h1 class=\"elementor-heading-title elementor-size-default\">Bidirektionales Laden: die Zukunft von Energie und Mobilit\u00e4t\n<\/h1>\t\t\t\t<\/div>\n\t\t<div class=\"elementor-element elementor-element-ca8da21 e-con-full e-flex e-con e-child\" data-id=\"ca8da21\" data-element_type=\"container\" data-e-type=\"container\">\n\t\t\t\t<div class=\"elementor-element elementor-element-d2ca297 elementor-widget elementor-widget-button\" data-id=\"d2ca297\" data-element_type=\"widget\" data-e-type=\"widget\" data-widget_type=\"button.default\">\n\t\t\t\t\t\t\t\t\t\t<a class=\"elementor-button elementor-button-link elementor-size-sm\" href=\"https:\/\/wedrivesolar.com\/de\/kontakt\/\">\n\t\t\t\t\t\t<span class=\"elementor-button-content-wrapper\">\n\t\t\t\t\t\t\t\t\t<span class=\"elementor-button-text\">Mehr lesen<\/span>\n\t\t\t\t\t<\/span>\n\t\t\t\t\t<\/a>\n\t\t\t\t\t\t\t\t<\/div>\n\t\t\t\t<\/div>\n\t\t\t\t<\/div>\n\t\t\t\t<\/div>\n\t\t\t\t<\/div>\n\t\t<div class=\"elementor-element elementor-element-499c0e3 e-flex e-con-boxed e-con e-parent\" data-id=\"499c0e3\" data-element_type=\"container\" data-e-type=\"container\" data-settings=\"{&quot;background_background&quot;:&quot;classic&quot;}\">\n\t\t\t\t\t<div class=\"e-con-inner\">\n\t\t<div class=\"elementor-element elementor-element-0b2b213 e-con-full e-flex e-con e-child\" data-id=\"0b2b213\" data-element_type=\"container\" data-e-type=\"container\">\n\t\t<div class=\"elementor-element elementor-element-c173654 e-con-full e-flex e-con e-child\" data-id=\"c173654\" data-element_type=\"container\" data-e-type=\"container\">\n\t\t\t\t<div class=\"elementor-element elementor-element-8db8b3b elementor-widget elementor-widget-text-editor\" data-id=\"8db8b3b\" data-element_type=\"widget\" data-e-type=\"widget\" data-widget_type=\"text-editor.default\">\n\t\t\t\t\t\t\t\t\t<p>Jedes Jahr wird in den Niederlanden mehr Solarenergie erzeugt. Tags\u00fcber, wenn die Sonne scheint, haben wir oft einen \u00dcberschuss an Strom. Aber am Abend, wenn alle nach Hause kommen und die Stromnachfrage ihren H\u00f6hepunkt erreicht, ist die Sonne verschwunden. Dieses Ph\u00e4nomen ist als &#8220;Entenkurve&#8221; bekannt, ein Diagramm, das den Nettostrombedarf darstellt, mit der Form einer Ente, die durch die Senke w\u00e4hrend des Tages und die steile Spitze am Abend entsteht.  <\/p><p>Dieses Problem stellt unser Energiesystem vor gro\u00dfe Herausforderungen. Das Stromnetz muss innerhalb von Stunden von minimaler Nachfrage auf extreme Spitzenwerte umgestellt werden, was an mehr als 250 Orten zu Netzengp\u00e4ssen f\u00fchrt. Die Netzbetreiber investieren j\u00e4hrlich 8 Mrd. EUR in den Netzausbau, aber bis 2030 wird das Problem nur noch gr\u00f6\u00dfer werden.  <\/p><p>Die L\u00f6sung? Energiespeicherung. Und die gr\u00f6\u00dfte Quelle von Batteriekapazit\u00e4t, die wir haben, ist bereits auf R\u00e4dern.  <\/p>\t\t\t\t\t\t\t\t<\/div>\n\t\t\t\t<\/div>\n\t\t\t\t<div class=\"elementor-element elementor-element-9b735a8 elementor-widget elementor-widget-image\" data-id=\"9b735a8\" data-element_type=\"widget\" data-e-type=\"widget\" data-widget_type=\"image.default\">\n\t\t\t\t\t\t\t\t\t\t\t\t\t\t\t<img fetchpriority=\"high\" decoding=\"async\" width=\"800\" height=\"566\" src=\"https:\/\/wedrivesolar.com\/wp-content\/uploads\/2025\/12\/Solar-Duck-Drawing-1-1024x724.jpg\" class=\"attachment-large size-large wp-image-5620\" alt=\"\" srcset=\"https:\/\/wedrivesolar.com\/wp-content\/uploads\/2025\/12\/Solar-Duck-Drawing-1-1024x724.jpg 1024w, https:\/\/wedrivesolar.com\/wp-content\/uploads\/2025\/12\/Solar-Duck-Drawing-1-300x212.jpg 300w, https:\/\/wedrivesolar.com\/wp-content\/uploads\/2025\/12\/Solar-Duck-Drawing-1-768x543.jpg 768w, https:\/\/wedrivesolar.com\/wp-content\/uploads\/2025\/12\/Solar-Duck-Drawing-1-1536x1086.jpg 1536w, https:\/\/wedrivesolar.com\/wp-content\/uploads\/2025\/12\/Solar-Duck-Drawing-1-2048x1448.jpg 2048w\" sizes=\"(max-width: 800px) 100vw, 800px\" \/>\t\t\t\t\t\t\t\t\t\t\t\t\t\t\t<\/div>\n\t\t\t\t<\/div>\n\t\t\t\t\t<\/div>\n\t\t\t\t<\/div>\n\t\t<div class=\"elementor-element elementor-element-85f6585 e-flex e-con-boxed e-con e-parent\" data-id=\"85f6585\" data-element_type=\"container\" data-e-type=\"container\" data-settings=\"{&quot;background_background&quot;:&quot;classic&quot;}\">\n\t\t\t\t\t<div class=\"e-con-inner\">\n\t\t<div class=\"elementor-element elementor-element-866af6f e-con-full e-flex e-con e-child\" data-id=\"866af6f\" data-element_type=\"container\" data-e-type=\"container\" data-settings=\"{&quot;background_background&quot;:&quot;classic&quot;}\">\n\t\t\t\t<div class=\"elementor-element elementor-element-5aca113 elementor-widget elementor-widget-heading\" data-id=\"5aca113\" data-element_type=\"widget\" data-e-type=\"widget\" data-widget_type=\"heading.default\">\n\t\t\t\t\t<h2 class=\"elementor-heading-title elementor-size-default\">Vom Problem zur L\u00f6sung: das Elektroauto als Energiepuffer<\/h2>\t\t\t\t<\/div>\n\t\t\t\t<div class=\"elementor-element elementor-element-eebbefc elementor-widget elementor-widget-text-editor\" data-id=\"eebbefc\" data-element_type=\"widget\" data-e-type=\"widget\" data-widget_type=\"text-editor.default\">\n\t\t\t\t\t\t\t\t\t<p>85 % des weltweiten Batteriemarktes sind f\u00fcr Elektrofahrzeuge bestimmt. Diese Batterien sind aufgrund von Skaleneffekten pro Kilowattstunde viel billiger als einzelne Haushaltsbatterien. Ein durchschnittliches Elektroauto hat eine Batterie mit 40 bis 80 kWh, genug, um einen durchschnittlichen Haushalt mehrere Tage lang mit Strom zu versorgen.  <\/p><p>Aber Elektroautos stehen im Durchschnitt 95 % der Zeit still. Genau in dieser Leerlaufzeit liegt die Chance. Mit bidirektionalem Laden wird ein Elektroauto zu mehr als nur einem Transportmittel. Es wird zu einem mobilen Energiespeicher, der nicht nur aufl\u00e4dt, sondern auch Energie an das Haus, das Geb\u00e4ude oder das Stromnetz zur\u00fcckgibt. Fahren und Energiemanagement werden in einem einzigen System vereint.    <\/p><p>We Drive Solar ist ein globaler Pionier in dieser Technologie. Der erste V2G-Test wurde 2014 durchgef\u00fchrt, 2016 folgte eine Zusammenarbeit mit Renault, und 2019 kam die Weltneuheit: die erste solarbetriebene Vehicle-to-Grid-Ladestation mit offenem Standard. Mittlerweile verf\u00fcgt We Drive Solar \u00fcber 10 Jahre Erfahrung und beweist in Utrecht, dass bidirektionales Laden im gro\u00dfen Stil funktioniert.  <\/p>\t\t\t\t\t\t\t\t<\/div>\n\t\t\t\t<\/div>\n\t\t\t\t\t<\/div>\n\t\t\t\t<\/div>\n\t\t<div class=\"elementor-element elementor-element-7482335 e-flex e-con-boxed e-con e-parent\" data-id=\"7482335\" data-element_type=\"container\" data-e-type=\"container\" data-settings=\"{&quot;background_background&quot;:&quot;classic&quot;}\">\n\t\t\t\t\t<div class=\"e-con-inner\">\n\t\t\t\t\t<\/div>\n\t\t\t\t<\/div>\n\t\t<div class=\"elementor-element elementor-element-de8858d e-flex e-con-boxed e-con e-parent\" data-id=\"de8858d\" data-element_type=\"container\" data-e-type=\"container\" data-settings=\"{&quot;background_background&quot;:&quot;classic&quot;}\">\n\t\t\t\t\t<div class=\"e-con-inner\">\n\t\t<div class=\"elementor-element elementor-element-7cf1ff2 e-con-full e-flex e-con e-child\" data-id=\"7cf1ff2\" data-element_type=\"container\" data-e-type=\"container\">\n\t\t\t\t<div class=\"elementor-element elementor-element-d64077f elementor-widget elementor-widget-heading\" data-id=\"d64077f\" data-element_type=\"widget\" data-e-type=\"widget\" data-widget_type=\"heading.default\">\n\t\t\t\t\t<h2 class=\"elementor-heading-title elementor-size-default\">Was bedeutet bidirektionales Laden?\n<\/h2>\t\t\t\t<\/div>\n\t\t\t\t<div class=\"elementor-element elementor-element-e78b0f9 elementor-widget elementor-widget-text-editor\" data-id=\"e78b0f9\" data-element_type=\"widget\" data-e-type=\"widget\" data-widget_type=\"text-editor.default\">\n\t\t\t\t\t\t\t\t\tBeim herk\u00f6mmlichen Laden flie\u00dft der Strom in eine Richtung: vom Netz zum Auto. Beim bidirektionalen Laden flie\u00dft er in beide Richtungen. Der Strom kann sowohl in das Auto hinein als auch aus dem Auto heraus flie\u00dfen. Diese Technologie wird als Vehicle-to-Everything (V2X) bezeichnet und hat drei Hauptformen:   \n<ul><br> \t<li style=\"font-weight: 400;\" aria-level=\"1\">Vehicle-to-Grid (V2G): R\u00fcckspeisung von Energie in das Stromnetz<\/li>\n \t<li style=\"font-weight: 400;\" aria-level=\"1\">Vehicle-to-Home (V2H): Nutzung von Energie im Haus oder Geb\u00e4ude<\/li>\n \t<li style=\"font-weight: 400;\" aria-level=\"1\">Vehicle-to-Load (V2L): Lieferung von Energie direkt an Ger\u00e4te oder Anlagen<\/li>\n<\/ul><br>Die drei Varianten unterscheiden sich in der Anwendung, funktionieren aber nach dem gleichen Prinzip: Die Batterie eines Elektroautos dient als tempor\u00e4rer Energiespeicher. Das Auto wird sozusagen zur Hausbatterie, mit dem Vorteil, dass man es auch fahren kann. \t\t\t\t\t\t\t\t<\/div>\n\t\t\t\t<\/div>\n\t\t\t\t\t<\/div>\n\t\t\t\t<\/div>\n\t\t<div class=\"elementor-element elementor-element-bd3c3f7 e-flex e-con-boxed e-con e-parent\" data-id=\"bd3c3f7\" data-element_type=\"container\" data-e-type=\"container\">\n\t\t\t\t\t<div class=\"e-con-inner\">\n\t\t<div class=\"elementor-element elementor-element-e4f19f6 e-con-full e-flex e-con e-child\" data-id=\"e4f19f6\" data-element_type=\"container\" data-e-type=\"container\" data-settings=\"{&quot;background_background&quot;:&quot;classic&quot;}\">\n\t\t\t\t<div class=\"elementor-element elementor-element-225e14f elementor-widget elementor-widget-heading\" data-id=\"225e14f\" data-element_type=\"widget\" data-e-type=\"widget\" data-widget_type=\"heading.default\">\n\t\t\t\t\t<h2 class=\"elementor-heading-title elementor-size-default\">Wie funktioniert das technisch?\n<\/h2>\t\t\t\t<\/div>\n\t\t\t\t<div class=\"elementor-element elementor-element-ebda645 elementor-widget elementor-widget-text-editor\" data-id=\"ebda645\" data-element_type=\"widget\" data-e-type=\"widget\" data-widget_type=\"text-editor.default\">\n\t\t\t\t\t\t\t\t\t<p>Beim bidirektionalen Laden kommunizieren die Ladestation und das Fahrzeug kontinuierlich \u00fcber intelligente Protokolle. Sie tauschen Informationen \u00fcber die Ladegeschwindigkeit, den Ladezustand der Batterie und den optimalen Zeitpunkt zum Laden oder Entladen aus. Auf der Grundlage von Tarifen, Netzkapazit\u00e4ten und Nutzeranforderungen bestimmt die Software, wann Energie gespeichert und wann sie wieder abgegeben wird.  <\/p>\t\t\t\t\t\t\t\t<\/div>\n\t\t\t\t<div class=\"elementor-element elementor-element-4ba605f elementor-widget elementor-widget-heading\" data-id=\"4ba605f\" data-element_type=\"widget\" data-e-type=\"widget\" data-widget_type=\"heading.default\">\n\t\t\t\t\t<h3 class=\"elementor-heading-title elementor-size-default\">Wichtige Bedingungen\n<\/h3>\t\t\t\t<\/div>\n\t\t\t\t<div class=\"elementor-element elementor-element-cad0033 elementor-widget elementor-widget-text-editor\" data-id=\"cad0033\" data-element_type=\"widget\" data-e-type=\"widget\" data-widget_type=\"text-editor.default\">\n\t\t\t\t\t\t\t\t\t<p>Nicht jedes Elektroauto kann bidirektional aufgeladen werden. Derzeit sind weltweit nur wenige Modelle \u00fcberhaupt kompatibel, darunter der Renault 5 und 4 E-Tech, der Hyundai Ioniq 5 und 6, der Nissan Leaf und der Cupra Born. Die Zahl der Fahrzeuge, die bidirektional laden k\u00f6nnen, w\u00e4chst, aber die Kompatibilit\u00e4t bleibt vorerst begrenzt.  <\/p><p>Auch die Ladeinfrastruktur muss geeignet sein. Ein Standard-Wechselstrom-Heimladeger\u00e4t reicht nicht aus. Es wird eine bidirektionale Ladestation ben\u00f6tigt, die sowohl mit dem Fahrzeug als auch mit dem Stromnetz kommunizieren kann. Au\u00dferdem muss die Software f\u00fcr das Energiemanagement geeignet sein: Wann ist das Laden sinnvoll, wann ist die Einspeisung sinnvoll?   <\/p><p>F\u00fcr diejenigen, die das bidirektionale Laden einf\u00fchren wollen, sind bestimmte technische Anforderungen wichtig. Das Auto, die Ladestation und die Software m\u00fcssen perfekt aufeinander abgestimmt sein. Sicherheitssysteme sorgen daf\u00fcr, dass der Strom nur dann zur\u00fcckflie\u00dft, wenn das Netz es zul\u00e4sst, und innerhalb der verf\u00fcgbaren Netzkapazit\u00e4t bleibt.  <\/p>\t\t\t\t\t\t\t\t<\/div>\n\t\t\t\t<\/div>\n\t\t\t\t\t<\/div>\n\t\t\t\t<\/div>\n\t\t<div class=\"elementor-element elementor-element-d09a70b e-flex e-con-boxed e-con e-parent\" data-id=\"d09a70b\" data-element_type=\"container\" data-e-type=\"container\" data-settings=\"{&quot;background_background&quot;:&quot;classic&quot;}\">\n\t\t\t\t\t<div class=\"e-con-inner\">\n\t\t<div class=\"elementor-element elementor-element-039bb1e e-con-full e-flex e-con e-child\" data-id=\"039bb1e\" data-element_type=\"container\" data-e-type=\"container\">\n\t\t\t\t<div class=\"elementor-element elementor-element-7858815 elementor-widget elementor-widget-heading\" data-id=\"7858815\" data-element_type=\"widget\" data-e-type=\"widget\" data-widget_type=\"heading.default\">\n\t\t\t\t\t<h2 class=\"elementor-heading-title elementor-size-default\">Was kann bereits getan werden?\n<\/h2>\t\t\t\t<\/div>\n\t\t\t\t<div class=\"elementor-element elementor-element-4c8d2e6 elementor-widget elementor-widget-text-editor\" data-id=\"4c8d2e6\" data-element_type=\"widget\" data-e-type=\"widget\" data-widget_type=\"text-editor.default\">\n\t\t\t\t\t\t\t\t\t<p>Die Technologie ist vorhanden, die Autos sind da, die Ladestationen sind entwickelt worden. Aber k\u00f6nnen Sie als Einzelperson oder Unternehmen jetzt schon mit dem bidirektionalen Laden beginnen? Die kurze Antwort: Nein, noch nicht. Mit einer wichtigen Ausnahme.   <\/p>\t\t\t\t\t\t\t\t<\/div>\n\t\t\t\t<div class=\"elementor-element elementor-element-935f2b6 elementor-widget elementor-widget-heading\" data-id=\"935f2b6\" data-element_type=\"widget\" data-e-type=\"widget\" data-widget_type=\"heading.default\">\n\t\t\t\t\t<h3 class=\"elementor-heading-title elementor-size-default\">V2L<\/h3>\t\t\t\t<\/div>\n\t\t\t\t<div class=\"elementor-element elementor-element-283e4fb elementor-widget elementor-widget-text-editor\" data-id=\"283e4fb\" data-element_type=\"widget\" data-e-type=\"widget\" data-widget_type=\"text-editor.default\">\n\t\t\t\t\t\t\t\t\t<p>Dies ist die einzige Form des bidirektionalen Ladens, die heute weit verbreitet ist. Autos wie der Hyundai Ioniq 5, Kia EV6 und MG4 k\u00f6nnen Ger\u00e4te \u00fcber einen einfachen Adapter mit Strom versorgen. Vielleicht haben Sie schon Bilder von einer Friteuse gesehen, die an einen Ioniq 5 angeschlossen ist, oder von einem elektrischen Rasenm\u00e4her, der vom Auto mit Strom versorgt wird. V2L erfordert keine spezielle Ladeinfrastruktur &#8211; nur das Auto selbst und einen Adapter. Die Leistung ist begrenzt (in der Regel 3,6 kW), reicht aber f\u00fcr Camping, Werkzeuge vor Ort oder Notstromversorgung aus.    <\/p>\t\t\t\t\t\t\t\t<\/div>\n\t\t\t\t<div class=\"elementor-element elementor-element-f43b531 elementor-widget elementor-widget-heading\" data-id=\"f43b531\" data-element_type=\"widget\" data-e-type=\"widget\" data-widget_type=\"heading.default\">\n\t\t\t\t\t<h3 class=\"elementor-heading-title elementor-size-default\">V2G und V2H<\/h3>\t\t\t\t<\/div>\n\t\t\t\t<div class=\"elementor-element elementor-element-bbe5455 elementor-widget elementor-widget-text-editor\" data-id=\"bbe5455\" data-element_type=\"widget\" data-e-type=\"widget\" data-widget_type=\"text-editor.default\">\n\t\t\t\t\t\t\t\t\t<p>Diese Anwendungen &#8211; die R\u00fcckspeisung von Energie in das Netz oder in Ihr Haus &#8211; sind f\u00fcr Privatpersonen oder normale Unternehmen noch nicht verf\u00fcgbar. Der einzige Ort, an dem V2G jetzt in gro\u00dfem Ma\u00dfstab betrieben wird, ist Utrecht, im Rahmen des Pilotprojekts von We Drive Solar mit MyWheels. Dort sind 500 Renault 5 und 4 E-Tech-Sharing-Autos mit der speziell f\u00fcr diesen Zweck entwickelten bidirektionalen Ladetechnik ausgestattet. Dabei handelt es sich jedoch um eine kontrollierte Testumgebung mit professioneller Infrastruktur, direkter Zusammenarbeit mit Netzbetreibern und speziellen Vereinbarungen.   <\/p><p>Das Projekt in Utrecht beweist, dass es technisch machbar und wirtschaftlich sinnvoll ist, aber die Ausweitung auf den Rest der Niederlande erfordert noch Jahre der Entwicklung.<\/p>\t\t\t\t\t\t\t\t<\/div>\n\t\t\t\t<\/div>\n\t\t\t\t\t<\/div>\n\t\t\t\t<\/div>\n\t\t<div class=\"elementor-element elementor-element-7a9aad6 e-flex e-con-boxed e-con e-parent\" data-id=\"7a9aad6\" data-element_type=\"container\" data-e-type=\"container\" data-settings=\"{&quot;background_background&quot;:&quot;classic&quot;}\">\n\t\t\t\t\t<div class=\"e-con-inner\">\n\t\t<div class=\"elementor-element elementor-element-560e13d e-con-full e-flex e-con e-child\" data-id=\"560e13d\" data-element_type=\"container\" data-e-type=\"container\">\n\t\t\t\t<div class=\"elementor-element elementor-element-cdeaf3c elementor-widget elementor-widget-heading\" data-id=\"cdeaf3c\" data-element_type=\"widget\" data-e-type=\"widget\" data-widget_type=\"heading.default\">\n\t\t\t\t\t<h2 class=\"elementor-heading-title elementor-size-default\">Warum ist die Umsetzung so komplex?\n<\/h2>\t\t\t\t<\/div>\n\t\t\t\t<div class=\"elementor-element elementor-element-b9ceae4 elementor-widget elementor-widget-heading\" data-id=\"b9ceae4\" data-element_type=\"widget\" data-e-type=\"widget\" data-widget_type=\"heading.default\">\n\t\t\t\t\t<h3 class=\"elementor-heading-title elementor-size-default\">Kollaborationen<\/h3>\t\t\t\t<\/div>\n\t\t\t\t<div class=\"elementor-element elementor-element-ff7c202 elementor-widget elementor-widget-text-editor\" data-id=\"ff7c202\" data-element_type=\"widget\" data-e-type=\"widget\" data-widget_type=\"text-editor.default\">\n\t\t\t\t\t\t\t\t\t<p>Die V2G-Technologie ist nicht neu, aber die gro\u00dffl\u00e4chige Einf\u00fchrung steht noch aus. Das liegt daran, dass es viele Beteiligte gibt, die alle zusammenarbeiten m\u00fcssen: Automobilhersteller, Ladestationshersteller, Netzbetreiber, Kommunen, Energieversorger und Softwareentwickler. Jede dieser Parteien hat ihre eigenen Systeme, Standards und Interessen.  <\/p><p>Die Automobilhersteller sollten ihre Fahrzeuge mit bidirektionaler Hardware und Software ausstatten. Die Hersteller von Ladestationen m\u00fcssen Ger\u00e4te entwickeln, die die Einspeisung unterst\u00fctzen. Die Netzbetreiber m\u00fcssen ihre Infrastrukturen entsprechend anpassen und ihre Systeme \u00f6ffnen. Die Kommunen m\u00fcssen im \u00f6ffentlichen Raum Platz zur Verf\u00fcgung stellen. Und die Energieversorger sollten Vertr\u00e4ge anbieten, die die Einspeisung finanziell attraktiv machen, zum Beispiel durch dynamische Tarife.    <\/p>\t\t\t\t\t\t\t\t<\/div>\n\t\t\t\t<div class=\"elementor-element elementor-element-53ae002 elementor-widget elementor-widget-heading\" data-id=\"53ae002\" data-element_type=\"widget\" data-e-type=\"widget\" data-widget_type=\"heading.default\">\n\t\t\t\t\t<h3 class=\"elementor-heading-title elementor-size-default\">Protokolle<\/h3>\t\t\t\t<\/div>\n\t\t\t\t<div class=\"elementor-element elementor-element-cb8604c elementor-widget elementor-widget-text-editor\" data-id=\"cb8604c\" data-element_type=\"widget\" data-e-type=\"widget\" data-widget_type=\"text-editor.default\">\n\t\t\t\t\t\t\t\t\t<p>Das f\u00fcr die Kommunikation zwischen Fahrzeug und Ladestation erforderliche Protokoll ISO 15118 befindet sich noch in der Entwicklung, insbesondere die AC-Version. Auch die Vorschriften hinken noch hinterher. Erst ab 2030 schreibt die europ\u00e4ische Gesetzgebung (AFIR) vor, dass neue \u00f6ffentliche Ladepunkte bidirektional sein m\u00fcssen.  <\/p><p>We Drive Solar ist f\u00fchrend darin, all diese Parteien zusammenzubringen. Dank jahrelanger Erfahrung, enger Zusammenarbeit mit Renault und dem Aufbau eines offenen Standards ist We Drive Solar dort erfolgreich, wo andere sich in der Komplexit\u00e4t verzetteln. <\/p>\t\t\t\t\t\t\t\t<\/div>\n\t\t\t\t<\/div>\n\t\t\t\t\t<\/div>\n\t\t\t\t<\/div>\n\t\t<div class=\"elementor-element elementor-element-e6d838c e-flex e-con-boxed e-con e-parent\" data-id=\"e6d838c\" data-element_type=\"container\" data-e-type=\"container\" data-settings=\"{&quot;background_background&quot;:&quot;classic&quot;}\">\n\t\t\t\t\t<div class=\"e-con-inner\">\n\t\t\t\t\t<\/div>\n\t\t\t\t<\/div>\n\t\t<div class=\"elementor-element elementor-element-f17abd2 e-flex e-con-boxed e-con e-parent\" data-id=\"f17abd2\" data-element_type=\"container\" data-e-type=\"container\" data-settings=\"{&quot;background_background&quot;:&quot;classic&quot;}\">\n\t\t\t\t\t<div class=\"e-con-inner\">\n\t\t<div class=\"elementor-element elementor-element-871798b e-con-full e-flex e-con e-child\" data-id=\"871798b\" data-element_type=\"container\" data-e-type=\"container\">\n\t\t\t\t<div class=\"elementor-element elementor-element-b040378 elementor-widget elementor-widget-heading\" data-id=\"b040378\" data-element_type=\"widget\" data-e-type=\"widget\" data-widget_type=\"heading.default\">\n\t\t\t\t\t<h2 class=\"elementor-heading-title elementor-size-default\">Was kann das bidirektionale Laden leisten?\n<\/h2>\t\t\t\t<\/div>\n\t\t\t\t<div class=\"elementor-element elementor-element-8639496 elementor-widget elementor-widget-heading\" data-id=\"8639496\" data-element_type=\"widget\" data-e-type=\"widget\" data-widget_type=\"heading.default\">\n\t\t\t\t\t<h3 class=\"elementor-heading-title elementor-size-default\">F\u00fcr das Stromnetz\n<\/h3>\t\t\t\t<\/div>\n\t\t\t\t<div class=\"elementor-element elementor-element-45b324e elementor-widget elementor-widget-text-editor\" data-id=\"45b324e\" data-element_type=\"widget\" data-e-type=\"widget\" data-widget_type=\"text-editor.default\">\n\t\t\t\t\t\t\t\t\t<p>Bidirektionales Laden k\u00f6nnte die Netzstabilit\u00e4t deutlich erh\u00f6hen. Wenn viele Elektroautos gleichzeitig angeschlossen sind, k\u00f6nnten sie Spitzen abfangen, indem sie vor\u00fcbergehend Energie zur\u00fcckgeben. Dies w\u00fcrde die \u00dcberlastung des Netzes verringern und das System widerstandsf\u00e4higer machen. Statt das Netz weiter auszubauen &#8211; mit all den Kosten und dem Platzbedarf, die damit verbunden sind &#8211; k\u00f6nnten die vorhandenen Kapazit\u00e4ten intelligenter genutzt werden.   <\/p><p>Dies w\u00e4re vor allem in den Abendspitzen von gro\u00dfem Nutzen. In dem Moment, in dem alle nach Hause kommen, anfangen zu kochen, die Heizung einschalten und elektrische Ger\u00e4te benutzen, steigt die Nachfrage in die H\u00f6he. Gleichzeitig produziert die Solarenergie nichts mehr. Autos, die tags\u00fcber mit billigem oder selbst erzeugtem Solarstrom aufgeladen werden, k\u00f6nnten einen Teil dieses Stroms am Abend wieder abgeben und so die Nachfragespitze abfedern.   <\/p>\t\t\t\t\t\t\t\t<\/div>\n\t\t\t\t<div class=\"elementor-element elementor-element-e79c004 elementor-widget elementor-widget-heading\" data-id=\"e79c004\" data-element_type=\"widget\" data-e-type=\"widget\" data-widget_type=\"heading.default\">\n\t\t\t\t\t<h3 class=\"elementor-heading-title elementor-size-default\">F\u00fcr Haushalte\n<\/h3>\t\t\t\t<\/div>\n\t\t\t\t<div class=\"elementor-element elementor-element-dc6458f elementor-widget elementor-widget-text-editor\" data-id=\"dc6458f\" data-element_type=\"widget\" data-e-type=\"widget\" data-widget_type=\"text-editor.default\">\n\t\t\t\t\t\t\t\t\t<p>In H\u00e4usern mit Sonnenkollektoren k\u00f6nnte das Auto die tags\u00fcber erzeugte Energie speichern und am Abend wieder an das Haus liefern. Dies w\u00fcrde den Anteil der Selbstnutzung erneuerbarer Energie drastisch erh\u00f6hen und die Abh\u00e4ngigkeit vom Netz verringern. Anstatt tags\u00fcber billige Solarenergie ins Netz einzuspeisen und abends teuren Strom zu kaufen, k\u00f6nnte man die selbst erzeugte Energie nutzen, wenn man sie braucht.  <\/p><p>Ein Elektroauto mit einer Batterie von 50 bis 70 kWh bietet potenziell mehr als genug Kapazit\u00e4t f\u00fcr die Abendspitze. Selbst wenn das Auto nicht ganz voll ist, k\u00f6nnte es den Haushalt stundenlang versorgen. Und wenn man am n\u00e4chsten Tag fahren muss, k\u00f6nnte eine intelligente Software daf\u00fcr sorgen, dass die Batterie rechtzeitig wieder ausreichend aufgeladen wird.  <\/p>\t\t\t\t\t\t\t\t<\/div>\n\t\t\t\t<div class=\"elementor-element elementor-element-39969b5 elementor-widget elementor-widget-heading\" data-id=\"39969b5\" data-element_type=\"widget\" data-e-type=\"widget\" data-widget_type=\"heading.default\">\n\t\t\t\t\t<h3 class=\"elementor-heading-title elementor-size-default\">F\u00fcr Unternehmen\n<\/h3>\t\t\t\t<\/div>\n\t\t\t\t<div class=\"elementor-element elementor-element-91f6b4a elementor-widget elementor-widget-text-editor\" data-id=\"91f6b4a\" data-element_type=\"widget\" data-e-type=\"widget\" data-widget_type=\"text-editor.default\">\n\t\t\t\t\t\t\t\t\t<p>Unternehmen mit Fahrzeugflotten oder B\u00fcrogeb\u00e4uden mit Ladem\u00f6glichkeiten k\u00f6nnten bidirektionales Laden einsetzen, um Lastspitzen zu reduzieren. Wenn mehrere Elektrofahrzeuge gleichzeitig angeschlossen sind, k\u00f6nnten sie zusammen einen erheblichen Energiepuffer bilden. In Momenten hohen Bedarfs, etwa wenn Klimaanlagen oder Produktionsprozesse viel Energie ben\u00f6tigen, k\u00f6nnten die Fahrzeuge einspringen. Dies w\u00fcrde eine \u00dcberlastung des Netzanschlusses verhindern und Strafen f\u00fcr Spitzenlast\u00fcberschreitungen vermeiden.   <\/p><p>Auch Unternehmen mit gro\u00dfen Solaranlagen k\u00f6nnten davon profitieren. \u00dcbersch\u00fcssige Solarenergie k\u00f6nnte in den Autos gespeichert und sp\u00e4ter genutzt werden, anstatt zu niedrigen Tarifen eingespeist oder in Zeiten der \u00dcberlastung des Netzes sogar abgeschaltet zu werden. <\/p>\t\t\t\t\t\t\t\t<\/div>\n\t\t\t\t<\/div>\n\t\t\t\t\t<\/div>\n\t\t\t\t<\/div>\n\t\t<div class=\"elementor-element elementor-element-4da54a5 e-flex e-con-boxed e-con e-parent\" data-id=\"4da54a5\" data-element_type=\"container\" data-e-type=\"container\">\n\t\t\t\t\t<div class=\"e-con-inner\">\n\t\t<div class=\"elementor-element elementor-element-c6ed91e e-con-full e-flex e-con e-child\" data-id=\"c6ed91e\" data-element_type=\"container\" data-e-type=\"container\">\n\t\t\t\t<div class=\"elementor-element elementor-element-18d9059 elementor-widget elementor-widget-heading\" data-id=\"18d9059\" data-element_type=\"widget\" data-e-type=\"widget\" data-widget_type=\"heading.default\">\n\t\t\t\t\t<h2 class=\"elementor-heading-title elementor-size-default\">Utrecht: Europas erste bi-direktionale Region\n<\/h2>\t\t\t\t<\/div>\n\t\t\t\t<div class=\"elementor-element elementor-element-29361ac elementor-widget elementor-widget-text-editor\" data-id=\"29361ac\" data-element_type=\"widget\" data-e-type=\"widget\" data-widget_type=\"text-editor.default\">\n\t\t\t\t\t\t\t\t\tWe Drive Solar ist seit 2019 Vorreiter bei der Einf\u00fchrung des Zwei-Wege-Ladens. Aber der wirkliche Durchbruch kam mit dem Projekt in Utrecht: Europas erster gro\u00df angelegter V2G-Carsharing-Dienst. \t\t\t\t\t\t\t\t<\/div>\n\t\t\t\t<div class=\"elementor-element elementor-element-547a7b1 elementor-widget elementor-widget-heading\" data-id=\"547a7b1\" data-element_type=\"widget\" data-e-type=\"widget\" data-widget_type=\"heading.default\">\n\t\t\t\t\t<h3 class=\"elementor-heading-title elementor-size-default\">500 Elektro-Sharing-Autos als Energiepuffer\n<\/h3>\t\t\t\t<\/div>\n\t\t\t\t<div class=\"elementor-element elementor-element-d9143cd elementor-widget elementor-widget-text-editor\" data-id=\"d9143cd\" data-element_type=\"widget\" data-e-type=\"widget\" data-widget_type=\"text-editor.default\">\n\t\t\t\t\t\t\t\t\tIn Zusammenarbeit mit der Plattform MyWheels stellt We Drive Solar in der Region Utrecht 500 Elektroautos der Modelle Renault 5 und 4 E-Tech zur Verf\u00fcgung. Am 4. Juni 2025 wurden die ersten 50 Autos im Rahmen der Er\u00f6ffnung von &#8220;Utrecht Energised&#8221; in Betrieb genommen. Im November 2025 steigt die Zahl auf 170 und 2026 auf 500. Damit ist es das gr\u00f6\u00dfte V2G-Projekt in Europa.  \n<br><br>Die Auswirkungen sind messbar. Zusammen k\u00f6nnen diese 500 Autos 10 % der in der Region Utrecht ben\u00f6tigten Flexibilit\u00e4t bereitstellen. Mit einer Leistung von 5 Megawatt k\u00f6nnen sie Netzengp\u00e4sse abmildern. Das klingt beeindruckend, zeigt aber auch, wie gro\u00df die Herausforderung ist: In Utrecht fehlen in Spitzenzeiten 250 Megawatt. Um das Problem vollst\u00e4ndig zu l\u00f6sen, br\u00e4uchte die Region also 50 Mal so viele bidirektionale Autos.    \n<br><br>Dennoch ist dies ein wichtiger erster Schritt. In Utrecht sind 35 % der D\u00e4cher mit Sonnenkollektoren bedeckt &#8211; einer der h\u00f6chsten Prozents\u00e4tze in den Niederlanden. Tags\u00fcber gibt es einen gro\u00dfen \u00dcberschuss an Solarenergie, nachts jedoch ein gro\u00dfes Defizit. Die Kombination aus gemeinsam genutzten Autos und bidirektionaler Ladetechnik macht es m\u00f6glich, diese Energie zu speichern und sp\u00e4ter zu nutzen, genau dann, wenn sie gebraucht wird.   \t\t\t\t\t\t\t\t<\/div>\n\t\t\t\t<div class=\"elementor-element elementor-element-bced641 elementor-widget elementor-widget-image\" data-id=\"bced641\" data-element_type=\"widget\" data-e-type=\"widget\" data-widget_type=\"image.default\">\n\t\t\t\t\t\t\t\t\t\t\t\t\t\t\t<img decoding=\"async\" src=\"https:\/\/wedrivesolar.com\/wp-content\/uploads\/2025\/12\/eindhovenstad-jvdv_orig.webp\" title=\"\" alt=\"\" loading=\"lazy\" \/>\t\t\t\t\t\t\t\t\t\t\t\t\t\t\t<\/div>\n\t\t\t\t<div class=\"elementor-element elementor-element-5665996 elementor-widget elementor-widget-heading\" data-id=\"5665996\" data-element_type=\"widget\" data-e-type=\"widget\" data-widget_type=\"heading.default\">\n\t\t\t\t\t<h3 class=\"elementor-heading-title elementor-size-default\">Warum MyWheels?\n<\/h3>\t\t\t\t<\/div>\n\t\t\t\t<div class=\"elementor-element elementor-element-5fc9958 elementor-widget elementor-widget-text-editor\" data-id=\"5fc9958\" data-element_type=\"widget\" data-e-type=\"widget\" data-widget_type=\"text-editor.default\">\n\t\t\t\t\t\t\t\t\t<p>Die Partnerschaft mit MyWheels ist kein Zufall. Carsharing-Autos stehen noch h\u00e4ufiger still als private Autos und sind zudem an eine professionelle Ladeinfrastruktur angeschlossen. Das macht sie ideal f\u00fcr V2G-Anwendungen. Au\u00dferdem verf\u00fcgt MyWheels \u00fcber eine gro\u00dfe Flotte und die n\u00f6tige Reichweite, um schnell zu expandieren. Die Zusammenarbeit erm\u00f6glichte es We Drive Solar nicht nur, die Technologie zu demonstrieren, sondern auch den Business Case zu beweisen: bidirektionales Laden funktioniert, liefert einen Mehrwert und ist finanziell tragf\u00e4hig.    <\/p>\t\t\t\t\t\t\t\t<\/div>\n\t\t\t\t<div class=\"elementor-element elementor-element-0ef4300 elementor-widget elementor-widget-heading\" data-id=\"0ef4300\" data-element_type=\"widget\" data-e-type=\"widget\" data-widget_type=\"heading.default\">\n\t\t\t\t\t<h3 class=\"elementor-heading-title elementor-size-default\">Und es funktioniert: messbare Ergebnisse nach f\u00fcnf Monaten\n<\/h3>\t\t\t\t<\/div>\n\t\t\t\t<div class=\"elementor-element elementor-element-9117d86 elementor-widget elementor-widget-text-editor\" data-id=\"9117d86\" data-element_type=\"widget\" data-e-type=\"widget\" data-widget_type=\"text-editor.default\">\n\t\t\t\t\t\t\t\t\t<p>Nach f\u00fcnf Monaten Betrieb mit den ersten 50 Autos hat der Netzbetreiber Stedin im November die ersten konkreten Ergebnisse vorgelegt. Und die sind vielversprechend. <\/p><p>Bei mehreren Gelegenheiten haben die Autos 300 kW an Netz\u00fcberlastung w\u00e4hrend der abendlichen Spitzenlast vermieden. Durch intelligentes Aufladen, wenn viel Sonnen- und Windenergie zur Verf\u00fcgung steht, und Entladen w\u00e4hrend der Spitzenzeiten, wird die Ladespitze am Abend vermieden. Die Autos laden mit billiger, niederl\u00e4ndischer Sonnen- und Windenergie und entladen genau dann, wenn fossile Kraftwerke sonst einspringen m\u00fcssten.  <\/p><p>Insgesamt haben die 50 Autos in f\u00fcnf Monaten mehr als 65.000 kWh ins Netz zur\u00fcckgespeist. Das entspricht einem Durchschnitt von 1.300 kWh pro Auto &#8211; jedes Fahrzeug hat durchschnittlich 118 Stunden lang Energie zur\u00fcckgespeist. Mit den 170 Autos, die jetzt in Utrecht unterwegs sind, soll die \u00dcberlastung des Stromnetzes in diesem Winter um ein Vielfaches von 1 Megawatt reduziert werden. Diese Leistung reicht aus, um 1.000 Haushalte w\u00e4hrend der abendlichen Spitzenlast zu versorgen.   <\/p>\t\t\t\t\t\t\t\t<\/div>\n\t\t\t\t<\/div>\n\t\t\t\t\t<\/div>\n\t\t\t\t<\/div>\n\t\t<div class=\"elementor-element elementor-element-8a52b25 e-flex e-con-boxed e-con e-parent\" data-id=\"8a52b25\" data-element_type=\"container\" data-e-type=\"container\" data-settings=\"{&quot;background_background&quot;:&quot;classic&quot;}\">\n\t\t\t\t\t<div class=\"e-con-inner\">\n\t\t<div class=\"elementor-element elementor-element-d1ad01c e-con-full e-flex e-con e-child\" data-id=\"d1ad01c\" data-element_type=\"container\" data-e-type=\"container\" data-settings=\"{&quot;background_background&quot;:&quot;classic&quot;}\">\n\t\t\t\t<div class=\"elementor-element elementor-element-00d6547 elementor-widget elementor-widget-heading\" data-id=\"00d6547\" data-element_type=\"widget\" data-e-type=\"widget\" data-widget_type=\"heading.default\">\n\t\t\t\t\t<h2 class=\"elementor-heading-title elementor-size-default\">Stand der Dinge: Wann wird das bidirektionale Laden verf\u00fcgbar sein?\n<\/h2>\t\t\t\t<\/div>\n\t\t\t\t<div class=\"elementor-element elementor-element-b3d1b1e elementor-widget elementor-widget-heading\" data-id=\"b3d1b1e\" data-element_type=\"widget\" data-e-type=\"widget\" data-widget_type=\"heading.default\">\n\t\t\t\t\t<h3 class=\"elementor-heading-title elementor-size-default\">V2G<\/h3>\t\t\t\t<\/div>\n\t\t\t\t<div class=\"elementor-element elementor-element-92533ec elementor-widget elementor-widget-text-editor\" data-id=\"92533ec\" data-element_type=\"widget\" data-e-type=\"widget\" data-widget_type=\"text-editor.default\">\n\t\t\t\t\t\t\t\t\t<p>Das bidirektionale Laden befindet sich noch in der Anfangsphase. V2G &#8211; die R\u00fcckspeisung von Energie ins Netz &#8211; wird derzeit nur in kontrollierten Pilotprojekten wie dem in Utrecht angewendet. F\u00fcr Privathaushalte oder normale Unternehmen ist V2G derzeit nicht m\u00f6glich.  <\/p><p>Der Grund daf\u00fcr ist die enorme Komplexit\u00e4t der Umsetzung. Autohersteller, Ladestationshersteller, Netzbetreiber, Kommunen, Energieversorger und Softwareentwickler m\u00fcssen zusammenarbeiten, und jeder hat seine eigenen Systeme, Standards und Interessen. We Drive Solar ist f\u00fchrend bei der Umsetzung dieser Zusammenarbeit, aber selbst f\u00fcr uns ist die Ausweitung auf Privatkunden eine Frage von Jahren der Entwicklung.  <\/p>\t\t\t\t\t\t\t\t<\/div>\n\t\t\t\t<div class=\"elementor-element elementor-element-b454fb2 elementor-widget elementor-widget-heading\" data-id=\"b454fb2\" data-element_type=\"widget\" data-e-type=\"widget\" data-widget_type=\"heading.default\">\n\t\t\t\t\t<h3 class=\"elementor-heading-title elementor-size-default\">V2H<\/h3>\t\t\t\t<\/div>\n\t\t\t\t<div class=\"elementor-element elementor-element-a9319b1 elementor-widget elementor-widget-text-editor\" data-id=\"a9319b1\" data-element_type=\"widget\" data-e-type=\"widget\" data-widget_type=\"text-editor.default\">\n\t\t\t\t\t\t\t\t\t<p>V2H &#8211; die Versorgung des eigenen Hauses mit Energie &#8211; scheint theoretisch leichter m\u00f6glich zu sein, da keine Einspeisung in das Netz erfolgt, was die Regulierung vereinfacht. Mehrere Anbieter arbeiten an Systemen, bei denen das Auto bei Stromausf\u00e4llen oder in Spitzenzeiten das Haus mit Strom versorgen kann. Aber auch V2H ist f\u00fcr die Verbraucher noch nicht allgemein verf\u00fcgbar.  <\/p>\t\t\t\t\t\t\t\t<\/div>\n\t\t\t\t<div class=\"elementor-element elementor-element-93b3d0b elementor-widget elementor-widget-heading\" data-id=\"93b3d0b\" data-element_type=\"widget\" data-e-type=\"widget\" data-widget_type=\"heading.default\">\n\t\t\t\t\t<h3 class=\"elementor-heading-title elementor-size-default\">Stabiles Wachstum<\/h3>\t\t\t\t<\/div>\n\t\t\t\t<div class=\"elementor-element elementor-element-76bae1e elementor-widget elementor-widget-text-editor\" data-id=\"76bae1e\" data-element_type=\"widget\" data-e-type=\"widget\" data-widget_type=\"text-editor.default\">\n\t\t\t\t\t\t\t\t\t<p>Die europ\u00e4ischen Vorschriften (AFIR) schreiben vor, dass neue \u00f6ffentliche Ladepunkte ab 2030 bidirektional sein m\u00fcssen. Die Niederlande sind in dieser Entwicklung f\u00fchrend, dank Living Labs wie Utrecht, offener Standards und der Zusammenarbeit zwischen Regierungen und Unternehmen. Das bidirektionale Laden wird sich in den kommenden Jahren langsam ausbreiten, zun\u00e4chst in professionellen Anwendungen und Pilotprojekten, dann m\u00f6glicherweise auch f\u00fcr Privatpersonen. Die gro\u00dffl\u00e4chige Verf\u00fcgbarkeit f\u00fcr Haushalte liegt jedoch noch einige Jahre in der Zukunft.   <\/p>\t\t\t\t\t\t\t\t<\/div>\n\t\t\t\t<\/div>\n\t\t\t\t\t<\/div>\n\t\t\t\t<\/div>\n\t\t<div class=\"elementor-element elementor-element-0a55a7e e-flex e-con-boxed e-con e-parent\" data-id=\"0a55a7e\" data-element_type=\"container\" data-e-type=\"container\" data-settings=\"{&quot;background_background&quot;:&quot;classic&quot;}\">\n\t\t\t\t\t<div class=\"e-con-inner\">\n\t\t<div class=\"elementor-element elementor-element-cea6c58 e-con-full e-flex e-con e-child\" data-id=\"cea6c58\" data-element_type=\"container\" data-e-type=\"container\">\n\t\t\t\t<div class=\"elementor-element elementor-element-3a0609f elementor-widget elementor-widget-heading\" data-id=\"3a0609f\" data-element_type=\"widget\" data-e-type=\"widget\" data-widget_type=\"heading.default\">\n\t\t\t\t\t<h2 class=\"elementor-heading-title elementor-size-default\">H\u00e4ufige Missverst\u00e4ndnisse\n<\/h2>\t\t\t\t<\/div>\n\t\t\t\t<div class=\"elementor-element elementor-element-984d36d elementor-widget elementor-widget-heading\" data-id=\"984d36d\" data-element_type=\"widget\" data-e-type=\"widget\" data-widget_type=\"heading.default\">\n\t\t\t\t\t<h3 class=\"elementor-heading-title elementor-size-default\">Jedes Elektroauto kann bidirektional laden<\/h3>\t\t\t\t<\/div>\n\t\t\t\t<div class=\"elementor-element elementor-element-b888483 elementor-widget elementor-widget-text-editor\" data-id=\"b888483\" data-element_type=\"widget\" data-e-type=\"widget\" data-widget_type=\"text-editor.default\">\n\t\t\t\t\t\t\t\t\tDas stimmt nicht. Nur eine begrenzte Anzahl von Modellen unterst\u00fctzt es vollst\u00e4ndig. Die Kompatibilit\u00e4t h\u00e4ngt von der Hardware, der Software, dem Anschluss und dem Kommunikationsprotokoll ab. Eine Liste der Fahrzeuge, die bidirektionales Laden unterst\u00fctzen, ist jetzt verf\u00fcgbar.   \t\t\t\t\t\t\t\t<\/div>\n\t\t\t\t<div class=\"elementor-element elementor-element-9cd4e97 elementor-widget elementor-widget-heading\" data-id=\"9cd4e97\" data-element_type=\"widget\" data-e-type=\"widget\" data-widget_type=\"heading.default\">\n\t\t\t\t\t<h3 class=\"elementor-heading-title elementor-size-default\">Ein handels\u00fcbliches AC-Heimladeger\u00e4t ist ausreichend<\/h3>\t\t\t\t<\/div>\n\t\t\t\t<div class=\"elementor-element elementor-element-6dfd1e9 elementor-widget elementor-widget-text-editor\" data-id=\"6dfd1e9\" data-element_type=\"widget\" data-e-type=\"widget\" data-widget_type=\"text-editor.default\">\n\t\t\t\t\t\t\t\t\tBidirektionales Laden erfordert eine spezielle Kommunikation zwischen Fahrzeug, Ladepunkt und Netz. Nur Ladeger\u00e4te, die diese Einspeisefunktion unterst\u00fctzen und das richtige Protokoll sprechen, sind geeignet. Standard-Ladeger\u00e4te f\u00fcr zu Hause k\u00f6nnen nur laden, nicht entladen. Selbst so genannte &#8220;V2G-ready&#8221;-Lades\u00e4ulen k\u00f6nnen derzeit in den meisten F\u00e4llen nicht bidirektional laden &#8211; sie sind nur besser auf eine Zukunft vorbereitet, in der dies m\u00f6glich sein wird, was bedeutet, dass Sie dann nicht die gesamte Lades\u00e4ule ersetzen m\u00fcssen.   \t\t\t\t\t\t\t\t<\/div>\n\t\t\t\t<div class=\"elementor-element elementor-element-36d51f8 elementor-widget elementor-widget-heading\" data-id=\"36d51f8\" data-element_type=\"widget\" data-e-type=\"widget\" data-widget_type=\"heading.default\">\n\t\t\t\t\t<h3 class=\"elementor-heading-title elementor-size-default\">Meine Batterie wird durch die zus\u00e4tzlichen Ladezyklen schneller verschlei\u00dfen<\/h3>\t\t\t\t<\/div>\n\t\t\t\t<div class=\"elementor-element elementor-element-dc21530 elementor-widget elementor-widget-text-editor\" data-id=\"dc21530\" data-element_type=\"widget\" data-e-type=\"widget\" data-widget_type=\"text-editor.default\">\n\t\t\t\t\t\t\t\t\tGrunds\u00e4tzlich gilt: Je mehr Lade- und Entladezyklen, desto schneller verschlechtert sich der Zustand einer Batterie. Aber moderne Batteriemanagementsysteme sorgen daf\u00fcr, dass die Auswirkungen sehr begrenzt sind. Die Software h\u00e4lt die Batterie innerhalb sicherer Grenzen und vermeidet belastende Lade- und Entladeraten. Au\u00dferdem wird oft nur ein Teil der Kapazit\u00e4t f\u00fcr V2G-Dienste genutzt. Dennoch ist der Batterieverschlei\u00df ein echter Faktor, der bei der Wirtschaftlichkeitsbetrachtung ber\u00fccksichtigt werden muss: Der Wertverlust der Batterie muss die Energievorteile und Einsparungen, die das bidirektionale Laden mit sich bringt, \u00fcberwiegen.    \t\t\t\t\t\t\t\t<\/div>\n\t\t\t\t<\/div>\n\t\t\t\t\t<\/div>\n\t\t\t\t<\/div>\n\t\t<div class=\"elementor-element elementor-element-a5cc296 e-flex e-con-boxed e-con e-parent\" data-id=\"a5cc296\" data-element_type=\"container\" data-e-type=\"container\">\n\t\t\t\t\t<div class=\"e-con-inner\">\n\t\t\t\t<div class=\"elementor-element elementor-element-3c60a69 elementor-widget elementor-widget-heading\" data-id=\"3c60a69\" data-element_type=\"widget\" data-e-type=\"widget\" data-widget_type=\"heading.default\">\n\t\t\t\t\t<h2 class=\"elementor-heading-title elementor-size-default\">FAQ<\/h2>\t\t\t\t<\/div>\n\t\t\t\t<div class=\"elementor-element elementor-element-cd1db8a elementor-widget elementor-widget-n-accordion\" data-id=\"cd1db8a\" data-element_type=\"widget\" data-e-type=\"widget\" data-settings=\"{&quot;max_items_expended&quot;:&quot;multiple&quot;,&quot;default_state&quot;:&quot;expanded&quot;,&quot;n_accordion_animation_duration&quot;:{&quot;unit&quot;:&quot;ms&quot;,&quot;size&quot;:400,&quot;sizes&quot;:[]}}\" data-widget_type=\"nested-accordion.default\">\n\t\t\t\t\t\t\t<div class=\"e-n-accordion\" aria-label=\"Accordion. Open links with Enter or Space, close with Escape, and navigate with Arrow Keys\">\n\t\t\t\t\t\t<details id=\"e-n-accordion-item-2150\" class=\"e-n-accordion-item\" open>\n\t\t\t\t<summary class=\"e-n-accordion-item-title\" data-accordion-index=\"1\" tabindex=\"0\" aria-expanded=\"true\" aria-controls=\"e-n-accordion-item-2150\" >\n\t\t\t\t\t<span class='e-n-accordion-item-title-header'><div class=\"e-n-accordion-item-title-text\"> Welche Autos unterst\u00fctzen das wechselseitige Aufladen? <\/div><\/span>\n\t\t\t\t\t\t\t<span class='e-n-accordion-item-title-icon'>\n\t\t\t<span class='e-opened' ><svg aria-hidden=\"true\" class=\"e-font-icon-svg e-fas-minus\" viewBox=\"0 0 448 512\" xmlns=\"http:\/\/www.w3.org\/2000\/svg\"><path d=\"M416 208H32c-17.67 0-32 14.33-32 32v32c0 17.67 14.33 32 32 32h384c17.67 0 32-14.33 32-32v-32c0-17.67-14.33-32-32-32z\"><\/path><\/svg><\/span>\n\t\t\t<span class='e-closed'><svg aria-hidden=\"true\" class=\"e-font-icon-svg e-fas-plus\" viewBox=\"0 0 448 512\" xmlns=\"http:\/\/www.w3.org\/2000\/svg\"><path d=\"M416 208H272V64c0-17.67-14.33-32-32-32h-32c-17.67 0-32 14.33-32 32v144H32c-17.67 0-32 14.33-32 32v32c0 17.67 14.33 32 32 32h144v144c0 17.67 14.33 32 32 32h32c17.67 0 32-14.33 32-32V304h144c17.67 0 32-14.33 32-32v-32c0-17.67-14.33-32-32-32z\"><\/path><\/svg><\/span>\n\t\t<\/span>\n\n\t\t\t\t\t\t<\/summary>\n\t\t\t\t<div role=\"region\" aria-labelledby=\"e-n-accordion-item-2150\" class=\"elementor-element elementor-element-5d9c7b5 e-con-full e-flex e-con e-child\" data-id=\"5d9c7b5\" data-element_type=\"container\" data-e-type=\"container\">\n\t\t\t\t<div class=\"elementor-element elementor-element-27b94b6 elementor-widget elementor-widget-text-editor\" data-id=\"27b94b6\" data-element_type=\"widget\" data-e-type=\"widget\" data-widget_type=\"text-editor.default\">\n\t\t\t\t\t\t\t\t\t<p>Immer mehr Modelle, insbesondere neuere Elektrofahrzeuge, unterst\u00fctzen die ISO 15118. Beispiele sind der Renault 5 und 4 E-Tech, Hyundai Ioniq 5 und 6, Nissan Leaf, Cupra Born und Volvo EX90. Eine aktuelle \u00dcbersicht finden Sie in der Liste der Fahrzeuge, die bidirektional laden k\u00f6nnen (2025).  <\/p><p>Wichtig zu wissen: Derzeit gibt es kein Auto, bei dem V2H oder V2G &#8220;out of the box&#8221; funktioniert. Diese Autos haben zwar die technischen M\u00f6glichkeiten und das Potenzial f\u00fcr bidirektionales Laden, aber nur in speziellen Pr\u00fcfst\u00e4nden &#8211; wie bei unserem Projekt in Utrecht &#8211; funktioniert V2G tats\u00e4chlich. V2L (Abgabe von Energie an Ger\u00e4te) ist bei vielen dieser Modelle bereits m\u00f6glich.  <\/p>\t\t\t\t\t\t\t\t<\/div>\n\t\t\t\t<\/div>\n\t\t\t\t\t<\/details>\n\t\t\t\t\t\t<details id=\"e-n-accordion-item-2151\" class=\"e-n-accordion-item\" >\n\t\t\t\t<summary class=\"e-n-accordion-item-title\" data-accordion-index=\"2\" tabindex=\"-1\" aria-expanded=\"false\" aria-controls=\"e-n-accordion-item-2151\" >\n\t\t\t\t\t<span class='e-n-accordion-item-title-header'><div class=\"e-n-accordion-item-title-text\"> Kann ich mein Auto als Hausbatterie verwenden? <\/div><\/span>\n\t\t\t\t\t\t\t<span class='e-n-accordion-item-title-icon'>\n\t\t\t<span class='e-opened' ><svg aria-hidden=\"true\" class=\"e-font-icon-svg e-fas-minus\" viewBox=\"0 0 448 512\" xmlns=\"http:\/\/www.w3.org\/2000\/svg\"><path d=\"M416 208H32c-17.67 0-32 14.33-32 32v32c0 17.67 14.33 32 32 32h384c17.67 0 32-14.33 32-32v-32c0-17.67-14.33-32-32-32z\"><\/path><\/svg><\/span>\n\t\t\t<span class='e-closed'><svg aria-hidden=\"true\" class=\"e-font-icon-svg e-fas-plus\" viewBox=\"0 0 448 512\" xmlns=\"http:\/\/www.w3.org\/2000\/svg\"><path d=\"M416 208H272V64c0-17.67-14.33-32-32-32h-32c-17.67 0-32 14.33-32 32v144H32c-17.67 0-32 14.33-32 32v32c0 17.67 14.33 32 32 32h144v144c0 17.67 14.33 32 32 32h32c17.67 0 32-14.33 32-32V304h144c17.67 0 32-14.33 32-32v-32c0-17.67-14.33-32-32-32z\"><\/path><\/svg><\/span>\n\t\t<\/span>\n\n\t\t\t\t\t\t<\/summary>\n\t\t\t\t<div role=\"region\" aria-labelledby=\"e-n-accordion-item-2151\" class=\"elementor-element elementor-element-556bb25 e-con-full e-flex e-con e-child\" data-id=\"556bb25\" data-element_type=\"container\" data-e-type=\"container\">\n\t\t\t\t<div class=\"elementor-element elementor-element-360c5a8 elementor-widget elementor-widget-text-editor\" data-id=\"360c5a8\" data-element_type=\"widget\" data-e-type=\"widget\" data-widget_type=\"text-editor.default\">\n\t\t\t\t\t\t\t\t\t<p>Im Moment noch nicht f\u00fcr Privatpersonen. Aber m\u00f6glicherweise k\u00f6nnte die V2H-Technologie in Zukunft ein Elektroauto als Energiespeicher f\u00fcr das Haus oder das B\u00fcro nutzen. Die Technologie wird derzeit entwickelt und d\u00fcrfte fr\u00fcher verf\u00fcgbar sein als V2G, da keine Einspeisung in das Netz erfolgt, was die Regulierung vereinfacht. Weitere Informationen dar\u00fcber, wie ein Auto als Hausbatterie funktioniert, finden Sie hier.   <\/p>\t\t\t\t\t\t\t\t<\/div>\n\t\t\t\t<\/div>\n\t\t\t\t\t<\/details>\n\t\t\t\t\t\t<details id=\"e-n-accordion-item-2152\" class=\"e-n-accordion-item\" >\n\t\t\t\t<summary class=\"e-n-accordion-item-title\" data-accordion-index=\"3\" tabindex=\"-1\" aria-expanded=\"false\" aria-controls=\"e-n-accordion-item-2152\" >\n\t\t\t\t\t<span class='e-n-accordion-item-title-header'><div class=\"e-n-accordion-item-title-text\"> Funktioniert das bidirektionale Laden mit Solarmodulen? <\/div><\/span>\n\t\t\t\t\t\t\t<span class='e-n-accordion-item-title-icon'>\n\t\t\t<span class='e-opened' ><svg aria-hidden=\"true\" class=\"e-font-icon-svg e-fas-minus\" viewBox=\"0 0 448 512\" xmlns=\"http:\/\/www.w3.org\/2000\/svg\"><path d=\"M416 208H32c-17.67 0-32 14.33-32 32v32c0 17.67 14.33 32 32 32h384c17.67 0 32-14.33 32-32v-32c0-17.67-14.33-32-32-32z\"><\/path><\/svg><\/span>\n\t\t\t<span class='e-closed'><svg aria-hidden=\"true\" class=\"e-font-icon-svg e-fas-plus\" viewBox=\"0 0 448 512\" xmlns=\"http:\/\/www.w3.org\/2000\/svg\"><path d=\"M416 208H272V64c0-17.67-14.33-32-32-32h-32c-17.67 0-32 14.33-32 32v144H32c-17.67 0-32 14.33-32 32v32c0 17.67 14.33 32 32 32h144v144c0 17.67 14.33 32 32 32h32c17.67 0 32-14.33 32-32V304h144c17.67 0 32-14.33 32-32v-32c0-17.67-14.33-32-32-32z\"><\/path><\/svg><\/span>\n\t\t<\/span>\n\n\t\t\t\t\t\t<\/summary>\n\t\t\t\t<div role=\"region\" aria-labelledby=\"e-n-accordion-item-2152\" class=\"elementor-element elementor-element-8d306dd e-con-full e-flex e-con e-child\" data-id=\"8d306dd\" data-element_type=\"container\" data-e-type=\"container\">\n\t\t\t\t<div class=\"elementor-element elementor-element-27e0b33 elementor-widget elementor-widget-text-editor\" data-id=\"27e0b33\" data-element_type=\"widget\" data-e-type=\"widget\" data-widget_type=\"text-editor.default\">\n\t\t\t\t\t\t\t\t\t<p>Ja, genau das ist einer der Hauptvorteile. Die Sonnenenergie kann tags\u00fcber im Auto gespeichert und sp\u00e4ter genutzt werden. Die Kombination aus wechselseitiger Aufladung und Solarzellen maximiert den Eigenverbrauch und minimiert die Abh\u00e4ngigkeit vom Stromnetz.  <\/p>\t\t\t\t\t\t\t\t<\/div>\n\t\t\t\t<\/div>\n\t\t\t\t\t<\/details>\n\t\t\t\t\t\t<details id=\"e-n-accordion-item-2153\" class=\"e-n-accordion-item\" >\n\t\t\t\t<summary class=\"e-n-accordion-item-title\" data-accordion-index=\"4\" tabindex=\"-1\" aria-expanded=\"false\" aria-controls=\"e-n-accordion-item-2153\" >\n\t\t\t\t\t<span class='e-n-accordion-item-title-header'><div class=\"e-n-accordion-item-title-text\"> Bleibt mein Auto voll genug f\u00fcr meine t\u00e4glichen Fahrten? <\/div><\/span>\n\t\t\t\t\t\t\t<span class='e-n-accordion-item-title-icon'>\n\t\t\t<span class='e-opened' ><svg aria-hidden=\"true\" class=\"e-font-icon-svg e-fas-minus\" viewBox=\"0 0 448 512\" xmlns=\"http:\/\/www.w3.org\/2000\/svg\"><path d=\"M416 208H32c-17.67 0-32 14.33-32 32v32c0 17.67 14.33 32 32 32h384c17.67 0 32-14.33 32-32v-32c0-17.67-14.33-32-32-32z\"><\/path><\/svg><\/span>\n\t\t\t<span class='e-closed'><svg aria-hidden=\"true\" class=\"e-font-icon-svg e-fas-plus\" viewBox=\"0 0 448 512\" xmlns=\"http:\/\/www.w3.org\/2000\/svg\"><path d=\"M416 208H272V64c0-17.67-14.33-32-32-32h-32c-17.67 0-32 14.33-32 32v144H32c-17.67 0-32 14.33-32 32v32c0 17.67 14.33 32 32 32h144v144c0 17.67 14.33 32 32 32h32c17.67 0 32-14.33 32-32V304h144c17.67 0 32-14.33 32-32v-32c0-17.67-14.33-32-32-32z\"><\/path><\/svg><\/span>\n\t\t<\/span>\n\n\t\t\t\t\t\t<\/summary>\n\t\t\t\t<div role=\"region\" aria-labelledby=\"e-n-accordion-item-2153\" class=\"elementor-element elementor-element-7c6111a e-con-full e-flex e-con e-child\" data-id=\"7c6111a\" data-element_type=\"container\" data-e-type=\"container\">\n\t\t\t\t<div class=\"elementor-element elementor-element-7874bc4 elementor-widget elementor-widget-text-editor\" data-id=\"7874bc4\" data-element_type=\"widget\" data-e-type=\"widget\" data-widget_type=\"text-editor.default\">\n\t\t\t\t\t\t\t\t\t<p>Wenn eine bidirektionale Aufladung verf\u00fcgbar ist, sorgt eine intelligente Software daf\u00fcr, dass immer gen\u00fcgend Energie f\u00fcr die geplanten Fahrten in der Batterie verbleibt. Die Nutzer k\u00f6nnen dann die Mindestreichweite einstellen, die sie ben\u00f6tigen. Der Rest der Kapazit\u00e4t steht f\u00fcr Energiedienstleistungen zur Verf\u00fcgung. So soll das System funktionieren &#8211; das Auto bleibt in erster Linie ein Transportmittel.   <\/p>\t\t\t\t\t\t\t\t<\/div>\n\t\t\t\t<\/div>\n\t\t\t\t\t<\/details>\n\t\t\t\t\t\t<details id=\"e-n-accordion-item-2154\" class=\"e-n-accordion-item\" >\n\t\t\t\t<summary class=\"e-n-accordion-item-title\" data-accordion-index=\"5\" tabindex=\"-1\" aria-expanded=\"false\" aria-controls=\"e-n-accordion-item-2154\" >\n\t\t\t\t\t<span class='e-n-accordion-item-title-header'><div class=\"e-n-accordion-item-title-text\"> Was kostet eine bidirektionale Ladestation? <\/div><\/span>\n\t\t\t\t\t\t\t<span class='e-n-accordion-item-title-icon'>\n\t\t\t<span class='e-opened' ><svg aria-hidden=\"true\" class=\"e-font-icon-svg e-fas-minus\" viewBox=\"0 0 448 512\" xmlns=\"http:\/\/www.w3.org\/2000\/svg\"><path d=\"M416 208H32c-17.67 0-32 14.33-32 32v32c0 17.67 14.33 32 32 32h384c17.67 0 32-14.33 32-32v-32c0-17.67-14.33-32-32-32z\"><\/path><\/svg><\/span>\n\t\t\t<span class='e-closed'><svg aria-hidden=\"true\" class=\"e-font-icon-svg e-fas-plus\" viewBox=\"0 0 448 512\" xmlns=\"http:\/\/www.w3.org\/2000\/svg\"><path d=\"M416 208H272V64c0-17.67-14.33-32-32-32h-32c-17.67 0-32 14.33-32 32v144H32c-17.67 0-32 14.33-32 32v32c0 17.67 14.33 32 32 32h144v144c0 17.67 14.33 32 32 32h32c17.67 0 32-14.33 32-32V304h144c17.67 0 32-14.33 32-32v-32c0-17.67-14.33-32-32-32z\"><\/path><\/svg><\/span>\n\t\t<\/span>\n\n\t\t\t\t\t\t<\/summary>\n\t\t\t\t<div role=\"region\" aria-labelledby=\"e-n-accordion-item-2154\" class=\"elementor-element elementor-element-65a92ec e-con-full e-flex e-con e-child\" data-id=\"65a92ec\" data-element_type=\"container\" data-e-type=\"container\">\n\t\t\t\t<div class=\"elementor-element elementor-element-b679975 elementor-widget elementor-widget-text-editor\" data-id=\"b679975\" data-element_type=\"widget\" data-e-type=\"widget\" data-widget_type=\"text-editor.default\">\n\t\t\t\t\t\t\t\t\t<p>Wenn bidirektionale Lades\u00e4ulen auf breiter Basis verf\u00fcgbar sind, wird dies wiederum je nach Anbieter und Art der Installation variieren. Bidirektionale Lades\u00e4ulen sind teurer als Standard-Ladeger\u00e4te, aber die Preise sinken mit der Verbreitung der Technologie. Subventionen und finanzielle Vorteile aus der Einspeisung k\u00f6nnen die Investition wieder hereinholen.    <\/p><p>Allerdings gibt es derzeit keine bidirektionale Ladestation, die f\u00fcr Privatkunden &#8220;out of the box&#8221; funktioniert. Viele Anbieter bieten zwar V2G-f\u00e4hige Lades\u00e4ulen an, aber sie k\u00f6nnen noch nicht wirklich bidirektional laden. <\/p>\t\t\t\t\t\t\t\t<\/div>\n\t\t\t\t<\/div>\n\t\t\t\t\t<\/details>\n\t\t\t\t\t\t<details id=\"e-n-accordion-item-2155\" class=\"e-n-accordion-item\" >\n\t\t\t\t<summary class=\"e-n-accordion-item-title\" data-accordion-index=\"6\" tabindex=\"-1\" aria-expanded=\"false\" aria-controls=\"e-n-accordion-item-2155\" >\n\t\t\t\t\t<span class='e-n-accordion-item-title-header'><div class=\"e-n-accordion-item-title-text\"> Verdiene ich Geld mit der R\u00fcckspeisung von Energie aus meinem Auto? <\/div><\/span>\n\t\t\t\t\t\t\t<span class='e-n-accordion-item-title-icon'>\n\t\t\t<span class='e-opened' ><svg aria-hidden=\"true\" class=\"e-font-icon-svg e-fas-minus\" viewBox=\"0 0 448 512\" xmlns=\"http:\/\/www.w3.org\/2000\/svg\"><path d=\"M416 208H32c-17.67 0-32 14.33-32 32v32c0 17.67 14.33 32 32 32h384c17.67 0 32-14.33 32-32v-32c0-17.67-14.33-32-32-32z\"><\/path><\/svg><\/span>\n\t\t\t<span class='e-closed'><svg aria-hidden=\"true\" class=\"e-font-icon-svg e-fas-plus\" viewBox=\"0 0 448 512\" xmlns=\"http:\/\/www.w3.org\/2000\/svg\"><path d=\"M416 208H272V64c0-17.67-14.33-32-32-32h-32c-17.67 0-32 14.33-32 32v144H32c-17.67 0-32 14.33-32 32v32c0 17.67 14.33 32 32 32h144v144c0 17.67 14.33 32 32 32h32c17.67 0 32-14.33 32-32V304h144c17.67 0 32-14.33 32-32v-32c0-17.67-14.33-32-32-32z\"><\/path><\/svg><\/span>\n\t\t<\/span>\n\n\t\t\t\t\t\t<\/summary>\n\t\t\t\t<div role=\"region\" aria-labelledby=\"e-n-accordion-item-2155\" class=\"elementor-element elementor-element-ba0e3cd e-con-full e-flex e-con e-child\" data-id=\"ba0e3cd\" data-element_type=\"container\" data-e-type=\"container\">\n\t\t\t\t<div class=\"elementor-element elementor-element-ee8fe9c elementor-widget elementor-widget-text-editor\" data-id=\"ee8fe9c\" data-element_type=\"widget\" data-e-type=\"widget\" data-widget_type=\"text-editor.default\">\n\t\t\t\t\t\t\t\t\t<p>F\u00fcr Privatkunden ist dies derzeit noch nicht m\u00f6glich, aber in Zukunft k\u00f6nnte es m\u00f6glich sein. Mit dynamischen Energietarifen k\u00f6nnten Sie dann Preisunterschiede ausnutzen: Sie laden, wenn der Strom billig ist, und speisen ihn in teuren Stunden zur\u00fcck. Es k\u00f6nnte auch Programme geben, bei denen die Netzbetreiber f\u00fcr Flexibilit\u00e4t bezahlen.  <\/p><p>Das einzige Projekt, bei dem sich dies bereits bew\u00e4hrt hat, ist unser Projekt in Utrecht. Dort wird Geld verdient, indem Energie zu Zeiten zur\u00fcckgespeist wird, in denen sie teuer ist. <\/p>\t\t\t\t\t\t\t\t<\/div>\n\t\t\t\t<\/div>\n\t\t\t\t\t<\/details>\n\t\t\t\t\t<\/div>\n\t\t\t\t\t\t<\/div>\n\t\t\t\t\t<\/div>\n\t\t\t\t<\/div>\n\t\t\t\t<\/div>\n\t\t","protected":false},"excerpt":{"rendered":"<p>Bidirektionales Laden Bidirektionales Laden: die Zukunft von Energie und Mobilit\u00e4t Mehr lesen Jedes Jahr wird in den Niederlanden mehr Solarenergie erzeugt. Tags\u00fcber, wenn die Sonne scheint, haben wir oft einen \u00dcberschuss an Strom. Aber am Abend, wenn alle nach Hause kommen und die Stromnachfrage ihren H\u00f6hepunkt erreicht, ist die Sonne verschwunden. Dieses Ph\u00e4nomen ist als [&hellip;]<\/p>\n","protected":false},"author":3,"featured_media":0,"parent":0,"menu_order":0,"comment_status":"closed","ping_status":"closed","template":"","meta":{"_acf_changed":false,"footnotes":""},"class_list":["post-5619","page","type-page","status-publish","hentry"],"acf":[],"yoast_head":"<!-- This site is optimized with the Yoast SEO plugin v27.2 - https:\/\/yoast.com\/product\/yoast-seo-wordpress\/ -->\n<title>Was ist bi-direktionales Laden? Ein vollst\u00e4ndiger Leitfaden | We Drive Solar<\/title>\n<meta name=\"description\" content=\"Erfahren Sie, wie bidirektionales Laden funktioniert und was heute schon m\u00f6glich ist. Von V2G zu V2H: Lesen Sie \u00fcber Europas gr\u00f6\u00dftes V2G-Projekt in Utrecht.\" \/>\n<meta name=\"robots\" content=\"index, follow, max-snippet:-1, max-image-preview:large, max-video-preview:-1\" \/>\n<link rel=\"canonical\" href=\"https:\/\/wedrivesolar.com\/de\/bidirektionales-laden-die-zukunft-von-energie-und-mobilitaet\/\" \/>\n<meta property=\"og:locale\" content=\"de_DE\" \/>\n<meta property=\"og:type\" content=\"article\" \/>\n<meta property=\"og:title\" content=\"Was ist bi-direktionales Laden? Ein vollst\u00e4ndiger Leitfaden | We Drive Solar\" \/>\n<meta property=\"og:description\" content=\"Erfahren Sie, wie bidirektionales Laden funktioniert und was heute schon m\u00f6glich ist. Von V2G zu V2H: Lesen Sie \u00fcber Europas gr\u00f6\u00dftes V2G-Projekt in Utrecht.\" \/>\n<meta property=\"og:url\" content=\"https:\/\/wedrivesolar.com\/de\/bidirektionales-laden-die-zukunft-von-energie-und-mobilitaet\/\" \/>\n<meta property=\"og:site_name\" content=\"We Drive Solar\" \/>\n<meta property=\"article:modified_time\" content=\"2025-12-11T12:29:13+00:00\" \/>\n<meta property=\"og:image\" content=\"https:\/\/wedrivesolar.com\/wp-content\/uploads\/2025\/12\/Solar-Duck-Drawing-1.jpg\" \/>\n\t<meta property=\"og:image:width\" content=\"2481\" \/>\n\t<meta property=\"og:image:height\" content=\"1754\" \/>\n\t<meta property=\"og:image:type\" content=\"image\/jpeg\" \/>\n<meta name=\"twitter:card\" content=\"summary_large_image\" \/>\n<meta name=\"twitter:label1\" content=\"Gesch\u00e4tzte Lesezeit\" \/>\n\t<meta name=\"twitter:data1\" content=\"17\u00a0Minute\" \/>\n<script type=\"application\/ld+json\" class=\"yoast-schema-graph\">{\"@context\":\"https:\/\/schema.org\",\"@graph\":[{\"@type\":\"WebPage\",\"@id\":\"https:\/\/wedrivesolar.com\/de\/bidirektionales-laden-die-zukunft-von-energie-und-mobilitaet\/\",\"url\":\"https:\/\/wedrivesolar.com\/de\/bidirektionales-laden-die-zukunft-von-energie-und-mobilitaet\/\",\"name\":\"Was ist bi-direktionales Laden? Ein vollst\u00e4ndiger Leitfaden | We Drive Solar\",\"isPartOf\":{\"@id\":\"https:\/\/wedrivesolar.com\/#website\"},\"primaryImageOfPage\":{\"@id\":\"https:\/\/wedrivesolar.com\/de\/bidirektionales-laden-die-zukunft-von-energie-und-mobilitaet\/#primaryimage\"},\"image\":{\"@id\":\"https:\/\/wedrivesolar.com\/de\/bidirektionales-laden-die-zukunft-von-energie-und-mobilitaet\/#primaryimage\"},\"thumbnailUrl\":\"https:\/\/wedrivesolar.com\/wp-content\/uploads\/2025\/12\/Solar-Duck-Drawing-1-1024x724.jpg\",\"datePublished\":\"2025-12-11T10:33:54+00:00\",\"dateModified\":\"2025-12-11T12:29:13+00:00\",\"description\":\"Erfahren Sie, wie bidirektionales Laden funktioniert und was heute schon m\u00f6glich ist. Von V2G zu V2H: Lesen Sie \u00fcber Europas gr\u00f6\u00dftes V2G-Projekt in Utrecht.\",\"breadcrumb\":{\"@id\":\"https:\/\/wedrivesolar.com\/de\/bidirektionales-laden-die-zukunft-von-energie-und-mobilitaet\/#breadcrumb\"},\"inLanguage\":\"de\",\"potentialAction\":[{\"@type\":\"ReadAction\",\"target\":[\"https:\/\/wedrivesolar.com\/de\/bidirektionales-laden-die-zukunft-von-energie-und-mobilitaet\/\"]}]},{\"@type\":\"ImageObject\",\"inLanguage\":\"de\",\"@id\":\"https:\/\/wedrivesolar.com\/de\/bidirektionales-laden-die-zukunft-von-energie-und-mobilitaet\/#primaryimage\",\"url\":\"https:\/\/wedrivesolar.com\/wp-content\/uploads\/2025\/12\/Solar-Duck-Drawing-1-1024x724.jpg\",\"contentUrl\":\"https:\/\/wedrivesolar.com\/wp-content\/uploads\/2025\/12\/Solar-Duck-Drawing-1-1024x724.jpg\"},{\"@type\":\"BreadcrumbList\",\"@id\":\"https:\/\/wedrivesolar.com\/de\/bidirektionales-laden-die-zukunft-von-energie-und-mobilitaet\/#breadcrumb\",\"itemListElement\":[{\"@type\":\"ListItem\",\"position\":1,\"name\":\"Startseite\",\"item\":\"https:\/\/wedrivesolar.com\/\"},{\"@type\":\"ListItem\",\"position\":2,\"name\":\"Bidirektionales Laden: die Zukunft von Energie und Mobilit\u00e4t\"}]},{\"@type\":\"WebSite\",\"@id\":\"https:\/\/wedrivesolar.com\/#website\",\"url\":\"https:\/\/wedrivesolar.com\/\",\"name\":\"We Drive Solar\",\"description\":\"Shaping the electricity grid of the future\",\"publisher\":{\"@id\":\"https:\/\/wedrivesolar.com\/#organization\"},\"potentialAction\":[{\"@type\":\"SearchAction\",\"target\":{\"@type\":\"EntryPoint\",\"urlTemplate\":\"https:\/\/wedrivesolar.com\/?s={search_term_string}\"},\"query-input\":{\"@type\":\"PropertyValueSpecification\",\"valueRequired\":true,\"valueName\":\"search_term_string\"}}],\"inLanguage\":\"de\"},{\"@type\":\"Organization\",\"@id\":\"https:\/\/wedrivesolar.com\/#organization\",\"name\":\"We Drive Solar\",\"url\":\"https:\/\/wedrivesolar.com\/\",\"logo\":{\"@type\":\"ImageObject\",\"inLanguage\":\"de\",\"@id\":\"https:\/\/wedrivesolar.com\/#\/schema\/logo\/image\/\",\"url\":\"https:\/\/wedrivesolar.com\/wp-content\/uploads\/2025\/04\/cropped-wedrivesolar_transparant.png\",\"contentUrl\":\"https:\/\/wedrivesolar.com\/wp-content\/uploads\/2025\/04\/cropped-wedrivesolar_transparant.png\",\"width\":1280,\"height\":201,\"caption\":\"We Drive Solar\"},\"image\":{\"@id\":\"https:\/\/wedrivesolar.com\/#\/schema\/logo\/image\/\"}}]}<\/script>\n<!-- \/ Yoast SEO plugin. -->","yoast_head_json":{"title":"Was ist bi-direktionales Laden? Ein vollst\u00e4ndiger Leitfaden | We Drive Solar","description":"Erfahren Sie, wie bidirektionales Laden funktioniert und was heute schon m\u00f6glich ist. Von V2G zu V2H: Lesen Sie \u00fcber Europas gr\u00f6\u00dftes V2G-Projekt in Utrecht.","robots":{"index":"index","follow":"follow","max-snippet":"max-snippet:-1","max-image-preview":"max-image-preview:large","max-video-preview":"max-video-preview:-1"},"canonical":"https:\/\/wedrivesolar.com\/de\/bidirektionales-laden-die-zukunft-von-energie-und-mobilitaet\/","og_locale":"de_DE","og_type":"article","og_title":"Was ist bi-direktionales Laden? Ein vollst\u00e4ndiger Leitfaden | We Drive Solar","og_description":"Erfahren Sie, wie bidirektionales Laden funktioniert und was heute schon m\u00f6glich ist. Von V2G zu V2H: Lesen Sie \u00fcber Europas gr\u00f6\u00dftes V2G-Projekt in Utrecht.","og_url":"https:\/\/wedrivesolar.com\/de\/bidirektionales-laden-die-zukunft-von-energie-und-mobilitaet\/","og_site_name":"We Drive Solar","article_modified_time":"2025-12-11T12:29:13+00:00","og_image":[{"width":2481,"height":1754,"url":"https:\/\/wedrivesolar.com\/wp-content\/uploads\/2025\/12\/Solar-Duck-Drawing-1.jpg","type":"image\/jpeg"}],"twitter_card":"summary_large_image","twitter_misc":{"Gesch\u00e4tzte Lesezeit":"17\u00a0Minute"},"schema":{"@context":"https:\/\/schema.org","@graph":[{"@type":"WebPage","@id":"https:\/\/wedrivesolar.com\/de\/bidirektionales-laden-die-zukunft-von-energie-und-mobilitaet\/","url":"https:\/\/wedrivesolar.com\/de\/bidirektionales-laden-die-zukunft-von-energie-und-mobilitaet\/","name":"Was ist bi-direktionales Laden? Ein vollst\u00e4ndiger Leitfaden | We Drive Solar","isPartOf":{"@id":"https:\/\/wedrivesolar.com\/#website"},"primaryImageOfPage":{"@id":"https:\/\/wedrivesolar.com\/de\/bidirektionales-laden-die-zukunft-von-energie-und-mobilitaet\/#primaryimage"},"image":{"@id":"https:\/\/wedrivesolar.com\/de\/bidirektionales-laden-die-zukunft-von-energie-und-mobilitaet\/#primaryimage"},"thumbnailUrl":"https:\/\/wedrivesolar.com\/wp-content\/uploads\/2025\/12\/Solar-Duck-Drawing-1-1024x724.jpg","datePublished":"2025-12-11T10:33:54+00:00","dateModified":"2025-12-11T12:29:13+00:00","description":"Erfahren Sie, wie bidirektionales Laden funktioniert und was heute schon m\u00f6glich ist. Von V2G zu V2H: Lesen Sie \u00fcber Europas gr\u00f6\u00dftes V2G-Projekt in Utrecht.","breadcrumb":{"@id":"https:\/\/wedrivesolar.com\/de\/bidirektionales-laden-die-zukunft-von-energie-und-mobilitaet\/#breadcrumb"},"inLanguage":"de","potentialAction":[{"@type":"ReadAction","target":["https:\/\/wedrivesolar.com\/de\/bidirektionales-laden-die-zukunft-von-energie-und-mobilitaet\/"]}]},{"@type":"ImageObject","inLanguage":"de","@id":"https:\/\/wedrivesolar.com\/de\/bidirektionales-laden-die-zukunft-von-energie-und-mobilitaet\/#primaryimage","url":"https:\/\/wedrivesolar.com\/wp-content\/uploads\/2025\/12\/Solar-Duck-Drawing-1-1024x724.jpg","contentUrl":"https:\/\/wedrivesolar.com\/wp-content\/uploads\/2025\/12\/Solar-Duck-Drawing-1-1024x724.jpg"},{"@type":"BreadcrumbList","@id":"https:\/\/wedrivesolar.com\/de\/bidirektionales-laden-die-zukunft-von-energie-und-mobilitaet\/#breadcrumb","itemListElement":[{"@type":"ListItem","position":1,"name":"Startseite","item":"https:\/\/wedrivesolar.com\/"},{"@type":"ListItem","position":2,"name":"Bidirektionales Laden: die Zukunft von Energie und Mobilit\u00e4t"}]},{"@type":"WebSite","@id":"https:\/\/wedrivesolar.com\/#website","url":"https:\/\/wedrivesolar.com\/","name":"We Drive Solar","description":"Shaping the electricity grid of the future","publisher":{"@id":"https:\/\/wedrivesolar.com\/#organization"},"potentialAction":[{"@type":"SearchAction","target":{"@type":"EntryPoint","urlTemplate":"https:\/\/wedrivesolar.com\/?s={search_term_string}"},"query-input":{"@type":"PropertyValueSpecification","valueRequired":true,"valueName":"search_term_string"}}],"inLanguage":"de"},{"@type":"Organization","@id":"https:\/\/wedrivesolar.com\/#organization","name":"We Drive Solar","url":"https:\/\/wedrivesolar.com\/","logo":{"@type":"ImageObject","inLanguage":"de","@id":"https:\/\/wedrivesolar.com\/#\/schema\/logo\/image\/","url":"https:\/\/wedrivesolar.com\/wp-content\/uploads\/2025\/04\/cropped-wedrivesolar_transparant.png","contentUrl":"https:\/\/wedrivesolar.com\/wp-content\/uploads\/2025\/04\/cropped-wedrivesolar_transparant.png","width":1280,"height":201,"caption":"We Drive Solar"},"image":{"@id":"https:\/\/wedrivesolar.com\/#\/schema\/logo\/image\/"}}]}},"_links":{"self":[{"href":"https:\/\/wedrivesolar.com\/de\/wp-json\/wp\/v2\/pages\/5619","targetHints":{"allow":["GET"]}}],"collection":[{"href":"https:\/\/wedrivesolar.com\/de\/wp-json\/wp\/v2\/pages"}],"about":[{"href":"https:\/\/wedrivesolar.com\/de\/wp-json\/wp\/v2\/types\/page"}],"author":[{"embeddable":true,"href":"https:\/\/wedrivesolar.com\/de\/wp-json\/wp\/v2\/users\/3"}],"replies":[{"embeddable":true,"href":"https:\/\/wedrivesolar.com\/de\/wp-json\/wp\/v2\/comments?post=5619"}],"version-history":[{"count":1,"href":"https:\/\/wedrivesolar.com\/de\/wp-json\/wp\/v2\/pages\/5619\/revisions"}],"predecessor-version":[{"id":5623,"href":"https:\/\/wedrivesolar.com\/de\/wp-json\/wp\/v2\/pages\/5619\/revisions\/5623"}],"wp:attachment":[{"href":"https:\/\/wedrivesolar.com\/de\/wp-json\/wp\/v2\/media?parent=5619"}],"curies":[{"name":"wp","href":"https:\/\/api.w.org\/{rel}","templated":true}]}}