{"id":5614,"date":"2025-12-11T10:33:54","date_gmt":"2025-12-11T10:33:54","guid":{"rendered":"https:\/\/wedrivesolar.com\/carga-bidireccional-el-futuro-de-la-energia-y-la-movilidad\/"},"modified":"2025-12-11T12:29:12","modified_gmt":"2025-12-11T12:29:12","slug":"carga-bidireccional-el-futuro-de-la-energia-y-la-movilidad","status":"publish","type":"page","link":"https:\/\/wedrivesolar.com\/es\/carga-bidireccional-el-futuro-de-la-energia-y-la-movilidad\/","title":{"rendered":"Carga bidireccional: el futuro de la energ\u00eda y la movilidad"},"content":{"rendered":"\t\t<div data-elementor-type=\"wp-page\" data-elementor-id=\"5614\" class=\"elementor elementor-5614 elementor-5585\" data-elementor-post-type=\"page\">\n\t\t\t\t<div class=\"elementor-element elementor-element-016da90 e-con-full e-flex e-con e-parent\" data-id=\"016da90\" data-element_type=\"container\" data-e-type=\"container\">\n\t\t<div class=\"elementor-element elementor-element-b02939d e-con-full e-flex e-con e-child\" data-id=\"b02939d\" data-element_type=\"container\" data-e-type=\"container\" data-settings=\"{&quot;background_background&quot;:&quot;classic&quot;}\">\n\t\t<div class=\"elementor-element elementor-element-c2e19b4 e-con-full e-flex e-con e-child\" data-id=\"c2e19b4\" data-element_type=\"container\" data-e-type=\"container\">\n\t\t\t\t<div class=\"elementor-element elementor-element-6270589 elementor-widget elementor-widget-heading\" data-id=\"6270589\" data-element_type=\"widget\" data-e-type=\"widget\" data-widget_type=\"heading.default\">\n\t\t\t\t\t<h3 class=\"elementor-heading-title elementor-size-default\">Carga bidireccional<\/h3>\t\t\t\t<\/div>\n\t\t\t\t<div class=\"elementor-element elementor-element-a38b2a0 elementor-widget elementor-widget-heading\" data-id=\"a38b2a0\" data-element_type=\"widget\" data-e-type=\"widget\" data-widget_type=\"heading.default\">\n\t\t\t\t\t<h1 class=\"elementor-heading-title elementor-size-default\">Carga bidireccional: el futuro de la energ\u00eda y la movilidad\n<\/h1>\t\t\t\t<\/div>\n\t\t<div class=\"elementor-element elementor-element-ca8da21 e-con-full e-flex e-con e-child\" data-id=\"ca8da21\" data-element_type=\"container\" data-e-type=\"container\">\n\t\t\t\t<div class=\"elementor-element elementor-element-d2ca297 elementor-widget elementor-widget-button\" data-id=\"d2ca297\" data-element_type=\"widget\" data-e-type=\"widget\" data-widget_type=\"button.default\">\n\t\t\t\t\t\t\t\t\t\t<a class=\"elementor-button elementor-button-link elementor-size-sm\" href=\"https:\/\/wedrivesolar.com\/es\/ponte-en-contacto-con\/\">\n\t\t\t\t\t\t<span class=\"elementor-button-content-wrapper\">\n\t\t\t\t\t\t\t\t\t<span class=\"elementor-button-text\">Leer m\u00e1s<\/span>\n\t\t\t\t\t<\/span>\n\t\t\t\t\t<\/a>\n\t\t\t\t\t\t\t\t<\/div>\n\t\t\t\t<\/div>\n\t\t\t\t<\/div>\n\t\t\t\t<\/div>\n\t\t\t\t<\/div>\n\t\t<div class=\"elementor-element elementor-element-499c0e3 e-flex e-con-boxed e-con e-parent\" data-id=\"499c0e3\" data-element_type=\"container\" data-e-type=\"container\" data-settings=\"{&quot;background_background&quot;:&quot;classic&quot;}\">\n\t\t\t\t\t<div class=\"e-con-inner\">\n\t\t<div class=\"elementor-element elementor-element-0b2b213 e-con-full e-flex e-con e-child\" data-id=\"0b2b213\" data-element_type=\"container\" data-e-type=\"container\">\n\t\t<div class=\"elementor-element elementor-element-c173654 e-con-full e-flex e-con e-child\" data-id=\"c173654\" data-element_type=\"container\" data-e-type=\"container\">\n\t\t\t\t<div class=\"elementor-element elementor-element-8db8b3b elementor-widget elementor-widget-text-editor\" data-id=\"8db8b3b\" data-element_type=\"widget\" data-e-type=\"widget\" data-widget_type=\"text-editor.default\">\n\t\t\t\t\t\t\t\t\t<p>Cada a\u00f1o se a\u00f1ade m\u00e1s energ\u00eda solar en Holanda. Durante el d\u00eda, cuando brilla el sol, a menudo tenemos un excedente de electricidad. Pero por la tarde, cuando todo el mundo llega a casa y la demanda de electricidad alcanza su punto m\u00e1ximo, el sol ha desaparecido. Este fen\u00f3meno se conoce como la &#8220;curva del pato&#8221;, un gr\u00e1fico que muestra la demanda neta de electricidad, con la forma de un pato creada por la ca\u00edda durante el d\u00eda y el pico pronunciado por la tarde.  <\/p><p>Este problema crea grandes retos en nuestro sistema energ\u00e9tico. La red el\u00e9ctrica tiene que pasar de una demanda m\u00ednima a picos extremos en cuesti\u00f3n de horas, lo que provoca la congesti\u00f3n de la red en m\u00e1s de 250 puntos. Los operadores de la red est\u00e1n invirtiendo 8.000 millones de euros al a\u00f1o en la ampliaci\u00f3n de la red, pero hasta 2030 el problema no har\u00e1 m\u00e1s que aumentar.  <\/p><p>\u00bfLa soluci\u00f3n? El almacenamiento de energ\u00eda. Y la mayor fuente de capacidad de almacenamiento que tenemos ya est\u00e1 sobre ruedas.  <\/p>\t\t\t\t\t\t\t\t<\/div>\n\t\t\t\t<\/div>\n\t\t\t\t<div class=\"elementor-element elementor-element-9b735a8 elementor-widget elementor-widget-image\" data-id=\"9b735a8\" data-element_type=\"widget\" data-e-type=\"widget\" data-widget_type=\"image.default\">\n\t\t\t\t\t\t\t\t\t\t\t\t\t\t\t<img fetchpriority=\"high\" decoding=\"async\" width=\"800\" height=\"566\" src=\"https:\/\/wedrivesolar.com\/wp-content\/uploads\/2025\/12\/Solar-Duck-Drawing-1-1024x724.jpg\" class=\"attachment-large size-large wp-image-5615\" alt=\"\" srcset=\"https:\/\/wedrivesolar.com\/wp-content\/uploads\/2025\/12\/Solar-Duck-Drawing-1-1024x724.jpg 1024w, https:\/\/wedrivesolar.com\/wp-content\/uploads\/2025\/12\/Solar-Duck-Drawing-1-300x212.jpg 300w, https:\/\/wedrivesolar.com\/wp-content\/uploads\/2025\/12\/Solar-Duck-Drawing-1-768x543.jpg 768w, https:\/\/wedrivesolar.com\/wp-content\/uploads\/2025\/12\/Solar-Duck-Drawing-1-1536x1086.jpg 1536w, https:\/\/wedrivesolar.com\/wp-content\/uploads\/2025\/12\/Solar-Duck-Drawing-1-2048x1448.jpg 2048w\" sizes=\"(max-width: 800px) 100vw, 800px\" \/>\t\t\t\t\t\t\t\t\t\t\t\t\t\t\t<\/div>\n\t\t\t\t<\/div>\n\t\t\t\t\t<\/div>\n\t\t\t\t<\/div>\n\t\t<div class=\"elementor-element elementor-element-85f6585 e-flex e-con-boxed e-con e-parent\" data-id=\"85f6585\" data-element_type=\"container\" data-e-type=\"container\" data-settings=\"{&quot;background_background&quot;:&quot;classic&quot;}\">\n\t\t\t\t\t<div class=\"e-con-inner\">\n\t\t<div class=\"elementor-element elementor-element-866af6f e-con-full e-flex e-con e-child\" data-id=\"866af6f\" data-element_type=\"container\" data-e-type=\"container\" data-settings=\"{&quot;background_background&quot;:&quot;classic&quot;}\">\n\t\t\t\t<div class=\"elementor-element elementor-element-5aca113 elementor-widget elementor-widget-heading\" data-id=\"5aca113\" data-element_type=\"widget\" data-e-type=\"widget\" data-widget_type=\"heading.default\">\n\t\t\t\t\t<h2 class=\"elementor-heading-title elementor-size-default\">Del problema a la soluci\u00f3n: el coche el\u00e9ctrico como amortiguador energ\u00e9tico<\/h2>\t\t\t\t<\/div>\n\t\t\t\t<div class=\"elementor-element elementor-element-eebbefc elementor-widget elementor-widget-text-editor\" data-id=\"eebbefc\" data-element_type=\"widget\" data-e-type=\"widget\" data-widget_type=\"text-editor.default\">\n\t\t\t\t\t\t\t\t\t<p>El 85% del mercado mundial de bater\u00edas es para veh\u00edculos el\u00e9ctricos. Estas bater\u00edas son mucho m\u00e1s baratas por kilovatio-hora que las bater\u00edas dom\u00e9sticas individuales, debido a las econom\u00edas de escala. Un coche el\u00e9ctrico medio tiene una bater\u00eda de 40 a 80 kWh, suficiente para alimentar un hogar medio durante varios d\u00edas.  <\/p><p>Pero los coches el\u00e9ctricos est\u00e1n parados una media del 95% del tiempo. Ese tiempo de inactividad es exactamente donde reside la oportunidad. Con la carga bidireccional, un coche el\u00e9ctrico se convierte en algo m\u00e1s que un medio de transporte. Se convierte en un dispositivo m\u00f3vil de almacenamiento de energ\u00eda que no s\u00f3lo carga, sino que tambi\u00e9n devuelve energ\u00eda al hogar, al edificio o a la red el\u00e9ctrica. La conducci\u00f3n y la gesti\u00f3n de la energ\u00eda se unen en un solo sistema.    <\/p><p>We Drive Solar es pionera mundial en esta tecnolog\u00eda. La primera prueba de V2G se realiz\u00f3 en 2014, en 2016 sigui\u00f3 una colaboraci\u00f3n con Renault, y en 2019 lleg\u00f3 la primicia mundial: la primera estaci\u00f3n de carga Vehicle-to-Grid alimentada por energ\u00eda solar con est\u00e1ndar abierto. Mientras tanto, We Drive Solar tiene 10 a\u00f1os de experiencia y est\u00e1 demostrando en Utrecht que la carga bidireccional funciona a gran escala.  <\/p>\t\t\t\t\t\t\t\t<\/div>\n\t\t\t\t<\/div>\n\t\t\t\t\t<\/div>\n\t\t\t\t<\/div>\n\t\t<div class=\"elementor-element elementor-element-7482335 e-flex e-con-boxed e-con e-parent\" data-id=\"7482335\" data-element_type=\"container\" data-e-type=\"container\" data-settings=\"{&quot;background_background&quot;:&quot;classic&quot;}\">\n\t\t\t\t\t<div class=\"e-con-inner\">\n\t\t\t\t\t<\/div>\n\t\t\t\t<\/div>\n\t\t<div class=\"elementor-element elementor-element-de8858d e-flex e-con-boxed e-con e-parent\" data-id=\"de8858d\" data-element_type=\"container\" data-e-type=\"container\" data-settings=\"{&quot;background_background&quot;:&quot;classic&quot;}\">\n\t\t\t\t\t<div class=\"e-con-inner\">\n\t\t<div class=\"elementor-element elementor-element-7cf1ff2 e-con-full e-flex e-con e-child\" data-id=\"7cf1ff2\" data-element_type=\"container\" data-e-type=\"container\">\n\t\t\t\t<div class=\"elementor-element elementor-element-d64077f elementor-widget elementor-widget-heading\" data-id=\"d64077f\" data-element_type=\"widget\" data-e-type=\"widget\" data-widget_type=\"heading.default\">\n\t\t\t\t\t<h2 class=\"elementor-heading-title elementor-size-default\">\u00bfQu\u00e9 es la carga bidireccional?\n<\/h2>\t\t\t\t<\/div>\n\t\t\t\t<div class=\"elementor-element elementor-element-e78b0f9 elementor-widget elementor-widget-text-editor\" data-id=\"e78b0f9\" data-element_type=\"widget\" data-e-type=\"widget\" data-widget_type=\"text-editor.default\">\n\t\t\t\t\t\t\t\t\tEn la carga tradicional, la electricidad fluye en una direcci\u00f3n: de la red al coche. Con la carga bidireccional, es bidireccional. La electricidad puede entrar y salir del coche. Esta tecnolog\u00eda se conoce como Vehicle-to-Everything (V2X) y tiene tres formas principales:   \n<ul><br> \t<li style=\"font-weight: 400;\" aria-level=\"1\">Veh\u00edculo a red (V2G): devolver energ\u00eda a la red<\/li>\n \t<li style=\"font-weight: 400;\" aria-level=\"1\">Del veh\u00edculo a casa (V2H): utilizar la energ\u00eda en el hogar o el edificio<\/li>\n \t<li style=\"font-weight: 400;\" aria-level=\"1\">Vehicle-to-Load (V2L): suministrar energ\u00eda directamente a aparatos o instalaciones<\/li>\n<\/ul><br>Las tres variantes difieren en su aplicaci\u00f3n, pero funcionan seg\u00fan el mismo principio: la bater\u00eda de un coche el\u00e9ctrico act\u00faa como dispositivo de almacenamiento temporal de energ\u00eda. En efecto, el coche se convierte en una bater\u00eda dom\u00e9stica, con la ventaja de que tambi\u00e9n puedes conducirlo. \t\t\t\t\t\t\t\t<\/div>\n\t\t\t\t<\/div>\n\t\t\t\t\t<\/div>\n\t\t\t\t<\/div>\n\t\t<div class=\"elementor-element elementor-element-bd3c3f7 e-flex e-con-boxed e-con e-parent\" data-id=\"bd3c3f7\" data-element_type=\"container\" data-e-type=\"container\">\n\t\t\t\t\t<div class=\"e-con-inner\">\n\t\t<div class=\"elementor-element elementor-element-e4f19f6 e-con-full e-flex e-con e-child\" data-id=\"e4f19f6\" data-element_type=\"container\" data-e-type=\"container\" data-settings=\"{&quot;background_background&quot;:&quot;classic&quot;}\">\n\t\t\t\t<div class=\"elementor-element elementor-element-225e14f elementor-widget elementor-widget-heading\" data-id=\"225e14f\" data-element_type=\"widget\" data-e-type=\"widget\" data-widget_type=\"heading.default\">\n\t\t\t\t\t<h2 class=\"elementor-heading-title elementor-size-default\">\u00bfC\u00f3mo funciona t\u00e9cnicamente?\n<\/h2>\t\t\t\t<\/div>\n\t\t\t\t<div class=\"elementor-element elementor-element-ebda645 elementor-widget elementor-widget-text-editor\" data-id=\"ebda645\" data-element_type=\"widget\" data-e-type=\"widget\" data-widget_type=\"text-editor.default\">\n\t\t\t\t\t\t\t\t\t<p>En la carga bidireccional, la estaci\u00f3n de carga y el veh\u00edculo se comunican continuamente mediante protocolos inteligentes. Intercambian informaci\u00f3n sobre la velocidad de carga, la carga de la bater\u00eda y el momento \u00f3ptimo para cargar o descargar. En funci\u00f3n de las tarifas, la capacidad de la red y las necesidades del usuario, el software determina cu\u00e1ndo se almacena la energ\u00eda y cu\u00e1ndo se devuelve.  <\/p>\t\t\t\t\t\t\t\t<\/div>\n\t\t\t\t<div class=\"elementor-element elementor-element-4ba605f elementor-widget elementor-widget-heading\" data-id=\"4ba605f\" data-element_type=\"widget\" data-e-type=\"widget\" data-widget_type=\"heading.default\">\n\t\t\t\t\t<h3 class=\"elementor-heading-title elementor-size-default\">Condiciones importantes\n<\/h3>\t\t\t\t<\/div>\n\t\t\t\t<div class=\"elementor-element elementor-element-cad0033 elementor-widget elementor-widget-text-editor\" data-id=\"cad0033\" data-element_type=\"widget\" data-e-type=\"widget\" data-widget_type=\"text-editor.default\">\n\t\t\t\t\t\t\t\t\t<p>No todos los coches el\u00e9ctricos pueden cargarse bidireccionalmente. Actualmente, s\u00f3lo unos pocos modelos en todo el mundo son compatibles en absoluto, entre ellos el Renault 5 y 4 E-Tech, el Hyundai Ioniq 5 y 6, el Nissan Leaf y el Cupra Born. El n\u00famero de coches que pueden cargar bidireccionalmente est\u00e1 creciendo, pero la compatibilidad sigue siendo limitada por ahora.  <\/p><p>La infraestructura de carga tambi\u00e9n debe ser adecuada. Un cargador dom\u00e9stico est\u00e1ndar de CA no ser\u00e1 suficiente. Se necesita una estaci\u00f3n de carga bidireccional que pueda comunicarse tanto con el veh\u00edculo como con la red energ\u00e9tica. Adem\u00e1s, el software debe ser adecuado para la gesti\u00f3n de la energ\u00eda: \u00bfcu\u00e1ndo es beneficiosa la carga, cu\u00e1ndo es \u00fatil la alimentaci\u00f3n?   <\/p><p>Para quienes quieran implantar la carga bidireccional, son importantes unos requisitos t\u00e9cnicos espec\u00edficos. El coche, la estaci\u00f3n de carga y el software deben estar perfectamente adaptados. Los sistemas de seguridad garantizan que la energ\u00eda s\u00f3lo fluya de vuelta cuando la red lo permita y se mantenga dentro de la capacidad de red disponible.  <\/p>\t\t\t\t\t\t\t\t<\/div>\n\t\t\t\t<\/div>\n\t\t\t\t\t<\/div>\n\t\t\t\t<\/div>\n\t\t<div class=\"elementor-element elementor-element-d09a70b e-flex e-con-boxed e-con e-parent\" data-id=\"d09a70b\" data-element_type=\"container\" data-e-type=\"container\" data-settings=\"{&quot;background_background&quot;:&quot;classic&quot;}\">\n\t\t\t\t\t<div class=\"e-con-inner\">\n\t\t<div class=\"elementor-element elementor-element-039bb1e e-con-full e-flex e-con e-child\" data-id=\"039bb1e\" data-element_type=\"container\" data-e-type=\"container\">\n\t\t\t\t<div class=\"elementor-element elementor-element-7858815 elementor-widget elementor-widget-heading\" data-id=\"7858815\" data-element_type=\"widget\" data-e-type=\"widget\" data-widget_type=\"heading.default\">\n\t\t\t\t\t<h2 class=\"elementor-heading-title elementor-size-default\">\u00bfQu\u00e9 se puede hacer ya?\n<\/h2>\t\t\t\t<\/div>\n\t\t\t\t<div class=\"elementor-element elementor-element-4c8d2e6 elementor-widget elementor-widget-text-editor\" data-id=\"4c8d2e6\" data-element_type=\"widget\" data-e-type=\"widget\" data-widget_type=\"text-editor.default\">\n\t\t\t\t\t\t\t\t\t<p>La tecnolog\u00eda existe, los coches est\u00e1n ah\u00ed, se han desarrollado las estaciones de carga. Pero, como particular o empresa, \u00bfpuedes empezar ahora mismo con la carga bidireccional? La respuesta corta: no, todav\u00eda no. Con una excepci\u00f3n importante.   <\/p>\t\t\t\t\t\t\t\t<\/div>\n\t\t\t\t<div class=\"elementor-element elementor-element-935f2b6 elementor-widget elementor-widget-heading\" data-id=\"935f2b6\" data-element_type=\"widget\" data-e-type=\"widget\" data-widget_type=\"heading.default\">\n\t\t\t\t\t<h3 class=\"elementor-heading-title elementor-size-default\">V2L<\/h3>\t\t\t\t<\/div>\n\t\t\t\t<div class=\"elementor-element elementor-element-283e4fb elementor-widget elementor-widget-text-editor\" data-id=\"283e4fb\" data-element_type=\"widget\" data-e-type=\"widget\" data-widget_type=\"text-editor.default\">\n\t\t\t\t\t\t\t\t\t<p>Es la \u00fanica forma de carga bidireccional que est\u00e1 ampliamente disponible en la actualidad. Coches como el Hyundai Ioniq 5, el Kia EV6 y el MG4 pueden alimentar dispositivos mediante un simple adaptador. Puede que ya hayas visto im\u00e1genes de una freidora conectada a un Ioniq 5, o de un cortac\u00e9sped el\u00e9ctrico recibiendo energ\u00eda del coche. La V2L no requiere ninguna infraestructura de carga especial, s\u00f3lo el propio coche y un adaptador. La potencia es limitada (normalmente 3,6 kW), pero suficiente para acampadas, herramientas in situ o energ\u00eda de emergencia.    <\/p>\t\t\t\t\t\t\t\t<\/div>\n\t\t\t\t<div class=\"elementor-element elementor-element-f43b531 elementor-widget elementor-widget-heading\" data-id=\"f43b531\" data-element_type=\"widget\" data-e-type=\"widget\" data-widget_type=\"heading.default\">\n\t\t\t\t\t<h3 class=\"elementor-heading-title elementor-size-default\">V2G y V2H<\/h3>\t\t\t\t<\/div>\n\t\t\t\t<div class=\"elementor-element elementor-element-bbe5455 elementor-widget elementor-widget-text-editor\" data-id=\"bbe5455\" data-element_type=\"widget\" data-e-type=\"widget\" data-widget_type=\"text-editor.default\">\n\t\t\t\t\t\t\t\t\t<p>Estas aplicaciones -devolver energ\u00eda a la red o a tu casa- a\u00fan no est\u00e1n disponibles para particulares o empresas normales. El \u00fanico lugar donde V2G funciona ahora a gran escala es en Utrecht, dentro del proyecto piloto de We Drive Solar con MyWheels. All\u00ed, 500 coches compartidos Renault 5 y 4 E-Tech est\u00e1n equipados con tecnolog\u00eda de carga bidireccional, desarrollada espec\u00edficamente para este fin. Pero se trata de un entorno de pruebas controlado, con infraestructura profesional, cooperaci\u00f3n directa con los operadores de la red y acuerdos especiales.   <\/p><p>El proyecto de Utrecht demuestra que se puede hacer t\u00e9cnicamente y que tiene sentido desde el punto de vista econ\u00f3mico, pero su ampliaci\u00f3n al resto de Holanda a\u00fan requiere a\u00f1os de desarrollo.<\/p>\t\t\t\t\t\t\t\t<\/div>\n\t\t\t\t<\/div>\n\t\t\t\t\t<\/div>\n\t\t\t\t<\/div>\n\t\t<div class=\"elementor-element elementor-element-7a9aad6 e-flex e-con-boxed e-con e-parent\" data-id=\"7a9aad6\" data-element_type=\"container\" data-e-type=\"container\" data-settings=\"{&quot;background_background&quot;:&quot;classic&quot;}\">\n\t\t\t\t\t<div class=\"e-con-inner\">\n\t\t<div class=\"elementor-element elementor-element-560e13d e-con-full e-flex e-con e-child\" data-id=\"560e13d\" data-element_type=\"container\" data-e-type=\"container\">\n\t\t\t\t<div class=\"elementor-element elementor-element-cdeaf3c elementor-widget elementor-widget-heading\" data-id=\"cdeaf3c\" data-element_type=\"widget\" data-e-type=\"widget\" data-widget_type=\"heading.default\">\n\t\t\t\t\t<h2 class=\"elementor-heading-title elementor-size-default\">\u00bfPor qu\u00e9 es tan compleja la aplicaci\u00f3n?\n<\/h2>\t\t\t\t<\/div>\n\t\t\t\t<div class=\"elementor-element elementor-element-b9ceae4 elementor-widget elementor-widget-heading\" data-id=\"b9ceae4\" data-element_type=\"widget\" data-e-type=\"widget\" data-widget_type=\"heading.default\">\n\t\t\t\t\t<h3 class=\"elementor-heading-title elementor-size-default\">Colaboraciones<\/h3>\t\t\t\t<\/div>\n\t\t\t\t<div class=\"elementor-element elementor-element-ff7c202 elementor-widget elementor-widget-text-editor\" data-id=\"ff7c202\" data-element_type=\"widget\" data-e-type=\"widget\" data-widget_type=\"text-editor.default\">\n\t\t\t\t\t\t\t\t\t<p>La tecnolog\u00eda V2G no es nueva, pero su implantaci\u00f3n a gran escala sigue pendiente. Esto se debe a que hay muchas partes implicadas que tienen que trabajar juntas: fabricantes de coches, fabricantes de estaciones de carga, operadores de red, municipios, proveedores de energ\u00eda y desarrolladores de software. Cada una de estas partes tiene sus propios sistemas, normas e intereses.  <\/p><p>Los fabricantes de autom\u00f3viles deben equipar sus veh\u00edculos con hardware y software bidireccionales. Los fabricantes de cargadores deben desarrollar equipos compatibles con la alimentaci\u00f3n. Los operadores de red tienen que adecuar la infraestructura y abrir sus sistemas. Los ayuntamientos tienen que proporcionar espacio en los espacios p\u00fablicos. Y los proveedores de energ\u00eda deben ofrecer contratos que hagan que la inyecci\u00f3n resulte atractiva econ\u00f3micamente, por ejemplo mediante tarifas din\u00e1micas.    <\/p>\t\t\t\t\t\t\t\t<\/div>\n\t\t\t\t<div class=\"elementor-element elementor-element-53ae002 elementor-widget elementor-widget-heading\" data-id=\"53ae002\" data-element_type=\"widget\" data-e-type=\"widget\" data-widget_type=\"heading.default\">\n\t\t\t\t\t<h3 class=\"elementor-heading-title elementor-size-default\">Protocolos<\/h3>\t\t\t\t<\/div>\n\t\t\t\t<div class=\"elementor-element elementor-element-cb8604c elementor-widget elementor-widget-text-editor\" data-id=\"cb8604c\" data-element_type=\"widget\" data-e-type=\"widget\" data-widget_type=\"text-editor.default\">\n\t\t\t\t\t\t\t\t\t<p>El protocolo ISO 15118 necesario para la comunicaci\u00f3n entre el veh\u00edculo y la estaci\u00f3n de recarga est\u00e1 a\u00fan en fase de desarrollo, especialmente la versi\u00f3n de CA. La normativa tambi\u00e9n va con retraso. S\u00f3lo a partir de 2030, la legislaci\u00f3n europea (AFIR) exige que los nuevos puntos de recarga p\u00fablicos sean bidireccionales.  <\/p><p>We Drive Solar es l\u00edder en reunir a todas estas partes. Gracias a a\u00f1os de experiencia, a la estrecha colaboraci\u00f3n con Renault y a la creaci\u00f3n de un est\u00e1ndar abierto, We Drive Solar triunfa donde otros se atascan en la complejidad. <\/p>\t\t\t\t\t\t\t\t<\/div>\n\t\t\t\t<\/div>\n\t\t\t\t\t<\/div>\n\t\t\t\t<\/div>\n\t\t<div class=\"elementor-element elementor-element-e6d838c e-flex e-con-boxed e-con e-parent\" data-id=\"e6d838c\" data-element_type=\"container\" data-e-type=\"container\" data-settings=\"{&quot;background_background&quot;:&quot;classic&quot;}\">\n\t\t\t\t\t<div class=\"e-con-inner\">\n\t\t\t\t\t<\/div>\n\t\t\t\t<\/div>\n\t\t<div class=\"elementor-element elementor-element-f17abd2 e-flex e-con-boxed e-con e-parent\" data-id=\"f17abd2\" data-element_type=\"container\" data-e-type=\"container\" data-settings=\"{&quot;background_background&quot;:&quot;classic&quot;}\">\n\t\t\t\t\t<div class=\"e-con-inner\">\n\t\t<div class=\"elementor-element elementor-element-871798b e-con-full e-flex e-con e-child\" data-id=\"871798b\" data-element_type=\"container\" data-e-type=\"container\">\n\t\t\t\t<div class=\"elementor-element elementor-element-b040378 elementor-widget elementor-widget-heading\" data-id=\"b040378\" data-element_type=\"widget\" data-e-type=\"widget\" data-widget_type=\"heading.default\">\n\t\t\t\t\t<h2 class=\"elementor-heading-title elementor-size-default\">\u00bfQu\u00e9 aporta potencialmente la carga bidireccional?\n<\/h2>\t\t\t\t<\/div>\n\t\t\t\t<div class=\"elementor-element elementor-element-8639496 elementor-widget elementor-widget-heading\" data-id=\"8639496\" data-element_type=\"widget\" data-e-type=\"widget\" data-widget_type=\"heading.default\">\n\t\t\t\t\t<h3 class=\"elementor-heading-title elementor-size-default\">Para la red el\u00e9ctrica\n<\/h3>\t\t\t\t<\/div>\n\t\t\t\t<div class=\"elementor-element elementor-element-45b324e elementor-widget elementor-widget-text-editor\" data-id=\"45b324e\" data-element_type=\"widget\" data-e-type=\"widget\" data-widget_type=\"text-editor.default\">\n\t\t\t\t\t\t\t\t\t<p>La carga bidireccional podr\u00eda aumentar significativamente la estabilidad de la red. Cuando muchos coches el\u00e9ctricos se conectan simult\u00e1neamente, podr\u00edan absorber los picos devolviendo energ\u00eda temporalmente. Esto reducir\u00eda la congesti\u00f3n de la red y la har\u00eda m\u00e1s resistente. En lugar de ampliar m\u00e1s la red -con todos los costes y requisitos de espacio que ello conlleva-, la capacidad existente podr\u00eda utilizarse de forma m\u00e1s inteligente.   <\/p><p>Esto ser\u00eda especialmente valioso durante los picos nocturnos. En el momento en que todo el mundo llega a casa, empieza a cocinar, enciende la calefacci\u00f3n y utiliza aparatos el\u00e9ctricos, la demanda alcanza su punto m\u00e1ximo. Al mismo tiempo, la energ\u00eda solar no produce nada m\u00e1s. Los coches totalmente cargados con energ\u00eda solar barata o autogenerada durante el d\u00eda podr\u00edan devolver parte de esa energ\u00eda por la tarde, amortiguando as\u00ed el pico.   <\/p>\t\t\t\t\t\t\t\t<\/div>\n\t\t\t\t<div class=\"elementor-element elementor-element-e79c004 elementor-widget elementor-widget-heading\" data-id=\"e79c004\" data-element_type=\"widget\" data-e-type=\"widget\" data-widget_type=\"heading.default\">\n\t\t\t\t\t<h3 class=\"elementor-heading-title elementor-size-default\">Para los hogares\n<\/h3>\t\t\t\t<\/div>\n\t\t\t\t<div class=\"elementor-element elementor-element-dc6458f elementor-widget elementor-widget-text-editor\" data-id=\"dc6458f\" data-element_type=\"widget\" data-e-type=\"widget\" data-widget_type=\"text-editor.default\">\n\t\t\t\t\t\t\t\t\t<p>En los hogares con paneles solares, el coche podr\u00eda almacenar la energ\u00eda generada durante el d\u00eda y devolverla al hogar por la noche. Esto aumentar\u00eda dr\u00e1sticamente la proporci\u00f3n de autoconsumo de energ\u00eda renovable y reducir\u00eda la dependencia de la red. En lugar de devolver energ\u00eda solar barata a la red durante el d\u00eda y comprar energ\u00eda cara por la noche, podr\u00edas utilizar tu propia energ\u00eda generada cuando la necesitaras.  <\/p><p>Un coche el\u00e9ctrico con una bater\u00eda de 50 a 70 kWh ofrece potencialmente capacidad m\u00e1s que suficiente para la punta de la tarde. Aunque el coche no est\u00e9 completamente lleno, podr\u00eda alimentar el hogar durante horas. Y cuando necesites conducir al d\u00eda siguiente, un software inteligente podr\u00eda garantizar que la bater\u00eda se recargue suficientemente a tiempo.  <\/p>\t\t\t\t\t\t\t\t<\/div>\n\t\t\t\t<div class=\"elementor-element elementor-element-39969b5 elementor-widget elementor-widget-heading\" data-id=\"39969b5\" data-element_type=\"widget\" data-e-type=\"widget\" data-widget_type=\"heading.default\">\n\t\t\t\t\t<h3 class=\"elementor-heading-title elementor-size-default\">Para las empresas\n<\/h3>\t\t\t\t<\/div>\n\t\t\t\t<div class=\"elementor-element elementor-element-91f6b4a elementor-widget elementor-widget-text-editor\" data-id=\"91f6b4a\" data-element_type=\"widget\" data-e-type=\"widget\" data-widget_type=\"text-editor.default\">\n\t\t\t\t\t\t\t\t\t<p>Las empresas con flotas de veh\u00edculos o locales de oficinas con instalaciones de carga podr\u00edan desplegar la carga bidireccional para reducir los picos de carga. Cuando varios veh\u00edculos el\u00e9ctricos se conectan al mismo tiempo, juntos podr\u00edan formar un importante colch\u00f3n energ\u00e9tico. En momentos de gran demanda, como cuando el aire acondicionado o los procesos de fabricaci\u00f3n exigen mucha energ\u00eda, los coches podr\u00edan intervenir para ayudar. As\u00ed se evitar\u00eda la sobrecarga de la conexi\u00f3n a la red y se evitar\u00edan las penalizaciones por superaci\u00f3n de picos.   <\/p><p>Las empresas con grandes instalaciones de paneles solares tambi\u00e9n podr\u00edan beneficiarse. El exceso de energ\u00eda solar podr\u00eda almacenarse en los coches y utilizarse m\u00e1s tarde, en lugar de retroalimentarse a tarifas bajas o incluso desconectarse durante los periodos de congesti\u00f3n de la red. <\/p>\t\t\t\t\t\t\t\t<\/div>\n\t\t\t\t<\/div>\n\t\t\t\t\t<\/div>\n\t\t\t\t<\/div>\n\t\t<div class=\"elementor-element elementor-element-4da54a5 e-flex e-con-boxed e-con e-parent\" data-id=\"4da54a5\" data-element_type=\"container\" data-e-type=\"container\">\n\t\t\t\t\t<div class=\"e-con-inner\">\n\t\t<div class=\"elementor-element elementor-element-c6ed91e e-con-full e-flex e-con e-child\" data-id=\"c6ed91e\" data-element_type=\"container\" data-e-type=\"container\">\n\t\t\t\t<div class=\"elementor-element elementor-element-18d9059 elementor-widget elementor-widget-heading\" data-id=\"18d9059\" data-element_type=\"widget\" data-e-type=\"widget\" data-widget_type=\"heading.default\">\n\t\t\t\t\t<h2 class=\"elementor-heading-title elementor-size-default\">Utrecht: la primera regi\u00f3n bidireccional de Europa\n<\/h2>\t\t\t\t<\/div>\n\t\t\t\t<div class=\"elementor-element elementor-element-29361ac elementor-widget elementor-widget-text-editor\" data-id=\"29361ac\" data-element_type=\"widget\" data-e-type=\"widget\" data-widget_type=\"text-editor.default\">\n\t\t\t\t\t\t\t\t\tWe Drive Solar ha estado a la vanguardia del despliegue de la carga bidireccional desde 2019. Pero el verdadero avance se produjo con el proyecto de Utrecht: el primer servicio de coche compartido V2G a gran escala de Europa. \t\t\t\t\t\t\t\t<\/div>\n\t\t\t\t<div class=\"elementor-element elementor-element-547a7b1 elementor-widget elementor-widget-heading\" data-id=\"547a7b1\" data-element_type=\"widget\" data-e-type=\"widget\" data-widget_type=\"heading.default\">\n\t\t\t\t\t<h3 class=\"elementor-heading-title elementor-size-default\">500 coches el\u00e9ctricos compartidos como amortiguador energ\u00e9tico\n<\/h3>\t\t\t\t<\/div>\n\t\t\t\t<div class=\"elementor-element elementor-element-d9143cd elementor-widget elementor-widget-text-editor\" data-id=\"d9143cd\" data-element_type=\"widget\" data-e-type=\"widget\" data-widget_type=\"text-editor.default\">\n\t\t\t\t\t\t\t\t\tEn colaboraci\u00f3n con la plataforma de coches compartidos MyWheels, We Drive Solar est\u00e1 desplegando 500 coches el\u00e9ctricos compartidos Renault 5 y 4 E-Tech en la regi\u00f3n de Utrecht. El 4 de junio de 2025, los primeros 50 coches entraron en funcionamiento durante el lanzamiento de &#8220;Utrecht Energised&#8221;. En noviembre de 2025, el n\u00famero aumentar\u00e1 a 170, y en 2026 se alcanzar\u00e1n los 500, lo que lo convierte en el mayor proyecto V2G de Europa.  \n<br><br>El impacto es mensurable. Juntos, estos 500 coches pueden proporcionar el 10% de la flexibilidad necesaria en la regi\u00f3n de Utrecht. Pueden aliviar la congesti\u00f3n de la red con una capacidad de 5 megavatios. Parece impresionante, pero tambi\u00e9n muestra la magnitud del reto: Utrecht tiene un d\u00e9ficit de 250 megavatios durante los picos. As\u00ed que, para resolver completamente el problema, la regi\u00f3n necesitar\u00eda 50 veces m\u00e1s coches bidireccionales.    \n<br><br>Sin embargo, es un primer paso crucial. Utrecht tiene el 35% de sus tejados cubiertos con paneles solares, uno de los porcentajes m\u00e1s altos de Holanda. Hay un gran excedente de energ\u00eda solar durante el d\u00eda, pero un enorme d\u00e9ficit por la noche. La combinaci\u00f3n de coches compartidos y tecnolog\u00eda de carga bidireccional permite almacenar esta energ\u00eda y utilizarla m\u00e1s tarde, exactamente cuando se necesita.   \t\t\t\t\t\t\t\t<\/div>\n\t\t\t\t<div class=\"elementor-element elementor-element-bced641 elementor-widget elementor-widget-image\" data-id=\"bced641\" data-element_type=\"widget\" data-e-type=\"widget\" data-widget_type=\"image.default\">\n\t\t\t\t\t\t\t\t\t\t\t\t\t\t\t<img decoding=\"async\" src=\"https:\/\/wedrivesolar.com\/wp-content\/uploads\/2025\/12\/eindhovenstad-jvdv_orig.webp\" title=\"\" alt=\"\" loading=\"lazy\" \/>\t\t\t\t\t\t\t\t\t\t\t\t\t\t\t<\/div>\n\t\t\t\t<div class=\"elementor-element elementor-element-5665996 elementor-widget elementor-widget-heading\" data-id=\"5665996\" data-element_type=\"widget\" data-e-type=\"widget\" data-widget_type=\"heading.default\">\n\t\t\t\t\t<h3 class=\"elementor-heading-title elementor-size-default\">\u00bfPor qu\u00e9 MyWheels?\n<\/h3>\t\t\t\t<\/div>\n\t\t\t\t<div class=\"elementor-element elementor-element-5fc9958 elementor-widget elementor-widget-text-editor\" data-id=\"5fc9958\" data-element_type=\"widget\" data-e-type=\"widget\" data-widget_type=\"text-editor.default\">\n\t\t\t\t\t\t\t\t\t<p>La asociaci\u00f3n con MyWheels no es casual. Los coches compartidos est\u00e1n incluso m\u00e1s a menudo parados que los coches privados y adem\u00e1s est\u00e1n conectados a una infraestructura de recarga profesional. Esto los hace ideales para las aplicaciones V2G. Adem\u00e1s, MyWheels tiene una gran flota y el alcance necesario para ampliarla r\u00e1pidamente. La colaboraci\u00f3n permiti\u00f3 a We Drive Solar no s\u00f3lo demostrar la tecnolog\u00eda, sino tambi\u00e9n el argumento comercial: la carga bidireccional funciona, aporta valor y es econ\u00f3micamente viable.    <\/p>\t\t\t\t\t\t\t\t<\/div>\n\t\t\t\t<div class=\"elementor-element elementor-element-0ef4300 elementor-widget elementor-widget-heading\" data-id=\"0ef4300\" data-element_type=\"widget\" data-e-type=\"widget\" data-widget_type=\"heading.default\">\n\t\t\t\t\t<h3 class=\"elementor-heading-title elementor-size-default\">Y funciona: resultados medibles al cabo de cinco meses\n<\/h3>\t\t\t\t<\/div>\n\t\t\t\t<div class=\"elementor-element elementor-element-9117d86 elementor-widget elementor-widget-text-editor\" data-id=\"9117d86\" data-element_type=\"widget\" data-e-type=\"widget\" data-widget_type=\"text-editor.default\">\n\t\t\t\t\t\t\t\t\t<p>Tras cinco meses de funcionamiento con los primeros 50 coches, el operador de red Stedin comparti\u00f3 los primeros resultados concretos en noviembre. Y son prometedores. <\/p><p>En varias ocasiones, los coches han reducido 300 kW de congesti\u00f3n de la red durante los picos nocturnos. Al cargar inteligentemente cuando hay mucha energ\u00eda solar y e\u00f3lica disponible y descargar durante las horas punta, se evita el pico de carga por la noche. Los coches se cargan con energ\u00eda solar y e\u00f3lica holandesa barata y se descargan justo cuando, de otro modo, tendr\u00edan que intervenir las centrales el\u00e9ctricas f\u00f3siles.  <\/p><p>En total, los 50 coches devolvieron a la red m\u00e1s de 65.000 kWh en cinco meses. Eso equivale a una media de 1.300 kWh por coche: cada veh\u00edculo ha devuelto energ\u00eda durante una media de 118 horas. Con los 170 coches que circulan ahora por Utrecht, el objetivo es reducir la congesti\u00f3n de la red en varias veces 1 megavatio este invierno. Esa energ\u00eda es suficiente para abastecer a 1.000 hogares durante la hora punta de la tarde.   <\/p>\t\t\t\t\t\t\t\t<\/div>\n\t\t\t\t<\/div>\n\t\t\t\t\t<\/div>\n\t\t\t\t<\/div>\n\t\t<div class=\"elementor-element elementor-element-8a52b25 e-flex e-con-boxed e-con e-parent\" data-id=\"8a52b25\" data-element_type=\"container\" data-e-type=\"container\" data-settings=\"{&quot;background_background&quot;:&quot;classic&quot;}\">\n\t\t\t\t\t<div class=\"e-con-inner\">\n\t\t<div class=\"elementor-element elementor-element-d1ad01c e-con-full e-flex e-con e-child\" data-id=\"d1ad01c\" data-element_type=\"container\" data-e-type=\"container\" data-settings=\"{&quot;background_background&quot;:&quot;classic&quot;}\">\n\t\t\t\t<div class=\"elementor-element elementor-element-00d6547 elementor-widget elementor-widget-heading\" data-id=\"00d6547\" data-element_type=\"widget\" data-e-type=\"widget\" data-widget_type=\"heading.default\">\n\t\t\t\t\t<h2 class=\"elementor-heading-title elementor-size-default\">Estado de la cuesti\u00f3n: \u00bfCu\u00e1ndo estar\u00e1 disponible la carga bidireccional?\n<\/h2>\t\t\t\t<\/div>\n\t\t\t\t<div class=\"elementor-element elementor-element-b3d1b1e elementor-widget elementor-widget-heading\" data-id=\"b3d1b1e\" data-element_type=\"widget\" data-e-type=\"widget\" data-widget_type=\"heading.default\">\n\t\t\t\t\t<h3 class=\"elementor-heading-title elementor-size-default\">V2G<\/h3>\t\t\t\t<\/div>\n\t\t\t\t<div class=\"elementor-element elementor-element-92533ec elementor-widget elementor-widget-text-editor\" data-id=\"92533ec\" data-element_type=\"widget\" data-e-type=\"widget\" data-widget_type=\"text-editor.default\">\n\t\t\t\t\t\t\t\t\t<p>La carga bidireccional est\u00e1 a\u00fan en sus primeras fases. La V2G -devolver energ\u00eda a la red- s\u00f3lo se aplica actualmente en proyectos piloto controlados como el de Utrecht. Para los hogares o las empresas corrientes, la V2G no es posible actualmente.  <\/p><p>Esto se debe a la enorme complejidad de la implantaci\u00f3n. Los fabricantes de coches, los fabricantes de estaciones de carga, los operadores de red, los municipios, los proveedores de energ\u00eda y los desarrolladores de software tienen que trabajar juntos, y cada uno tiene sus propios sistemas, normas e intereses. We Drive Solar lidera el camino para conseguir esta cooperaci\u00f3n, pero incluso para nosotros, la ampliaci\u00f3n a clientes residenciales es cuesti\u00f3n de a\u00f1os de desarrollo.  <\/p>\t\t\t\t\t\t\t\t<\/div>\n\t\t\t\t<div class=\"elementor-element elementor-element-b454fb2 elementor-widget elementor-widget-heading\" data-id=\"b454fb2\" data-element_type=\"widget\" data-e-type=\"widget\" data-widget_type=\"heading.default\">\n\t\t\t\t\t<h3 class=\"elementor-heading-title elementor-size-default\">V2H<\/h3>\t\t\t\t<\/div>\n\t\t\t\t<div class=\"elementor-element elementor-element-a9319b1 elementor-widget elementor-widget-text-editor\" data-id=\"a9319b1\" data-element_type=\"widget\" data-e-type=\"widget\" data-widget_type=\"text-editor.default\">\n\t\t\t\t\t\t\t\t\t<p>V2H -suministrar energ\u00eda a tu propia casa- parece m\u00e1s f\u00e1cil en teor\u00eda porque no hay inyecci\u00f3n a la red, lo que simplifica la regulaci\u00f3n. Varios proveedores est\u00e1n trabajando en sistemas en los que el coche puede suministrar energ\u00eda a la casa durante los cortes de electricidad o las horas punta. Pero ni siquiera la V2H est\u00e1 a\u00fan ampliamente disponible para los consumidores.  <\/p>\t\t\t\t\t\t\t\t<\/div>\n\t\t\t\t<div class=\"elementor-element elementor-element-93b3d0b elementor-widget elementor-widget-heading\" data-id=\"93b3d0b\" data-element_type=\"widget\" data-e-type=\"widget\" data-widget_type=\"heading.default\">\n\t\t\t\t\t<h3 class=\"elementor-heading-title elementor-size-default\">Crecimiento estable<\/h3>\t\t\t\t<\/div>\n\t\t\t\t<div class=\"elementor-element elementor-element-76bae1e elementor-widget elementor-widget-text-editor\" data-id=\"76bae1e\" data-element_type=\"widget\" data-e-type=\"widget\" data-widget_type=\"text-editor.default\">\n\t\t\t\t\t\t\t\t\t<p>La normativa europea (AFIR) exige que los nuevos puntos de recarga p\u00fablicos sean bidireccionales a partir de 2030. Holanda lidera este desarrollo gracias a laboratorios vivientes como el de Utrecht, normas abiertas y cooperaci\u00f3n entre gobiernos y empresas. La carga bidireccional crecer\u00e1 lentamente en los pr\u00f3ximos a\u00f1os, primero en aplicaciones profesionales y pilotos, y luego posiblemente para particulares. Pero la disponibilidad a gran escala para los hogares a\u00fan est\u00e1 a varios a\u00f1os vista.   <\/p>\t\t\t\t\t\t\t\t<\/div>\n\t\t\t\t<\/div>\n\t\t\t\t\t<\/div>\n\t\t\t\t<\/div>\n\t\t<div class=\"elementor-element elementor-element-0a55a7e e-flex e-con-boxed e-con e-parent\" data-id=\"0a55a7e\" data-element_type=\"container\" data-e-type=\"container\" data-settings=\"{&quot;background_background&quot;:&quot;classic&quot;}\">\n\t\t\t\t\t<div class=\"e-con-inner\">\n\t\t<div class=\"elementor-element elementor-element-cea6c58 e-con-full e-flex e-con e-child\" data-id=\"cea6c58\" data-element_type=\"container\" data-e-type=\"container\">\n\t\t\t\t<div class=\"elementor-element elementor-element-3a0609f elementor-widget elementor-widget-heading\" data-id=\"3a0609f\" data-element_type=\"widget\" data-e-type=\"widget\" data-widget_type=\"heading.default\">\n\t\t\t\t\t<h2 class=\"elementor-heading-title elementor-size-default\">Malentendidos comunes\n<\/h2>\t\t\t\t<\/div>\n\t\t\t\t<div class=\"elementor-element elementor-element-984d36d elementor-widget elementor-widget-heading\" data-id=\"984d36d\" data-element_type=\"widget\" data-e-type=\"widget\" data-widget_type=\"heading.default\">\n\t\t\t\t\t<h3 class=\"elementor-heading-title elementor-size-default\">Cualquier coche el\u00e9ctrico puede cargarse bidireccionalmente<\/h3>\t\t\t\t<\/div>\n\t\t\t\t<div class=\"elementor-element elementor-element-b888483 elementor-widget elementor-widget-text-editor\" data-id=\"b888483\" data-element_type=\"widget\" data-e-type=\"widget\" data-widget_type=\"text-editor.default\">\n\t\t\t\t\t\t\t\t\tNo es cierto. S\u00f3lo un n\u00famero limitado de modelos son totalmente compatibles. La compatibilidad depende del hardware, el software, el conector y el protocolo de comunicaci\u00f3n. Para obtener una lista de los coches capaces de realizar la carga bidireccional, ya est\u00e1n disponibles las listas de los modelos m\u00e1s recientes.   \t\t\t\t\t\t\t\t<\/div>\n\t\t\t\t<div class=\"elementor-element elementor-element-9cd4e97 elementor-widget elementor-widget-heading\" data-id=\"9cd4e97\" data-element_type=\"widget\" data-e-type=\"widget\" data-widget_type=\"heading.default\">\n\t\t\t\t\t<h3 class=\"elementor-heading-title elementor-size-default\">Basta con un cargador dom\u00e9stico est\u00e1ndar de CA<\/h3>\t\t\t\t<\/div>\n\t\t\t\t<div class=\"elementor-element elementor-element-6dfd1e9 elementor-widget elementor-widget-text-editor\" data-id=\"6dfd1e9\" data-element_type=\"widget\" data-e-type=\"widget\" data-widget_type=\"text-editor.default\">\n\t\t\t\t\t\t\t\t\tLa carga bidireccional requiere una comunicaci\u00f3n espec\u00edfica entre el veh\u00edculo, el punto de carga y la red. S\u00f3lo son adecuados los cargadores que admiten esta funcionalidad de alimentaci\u00f3n y hablan el protocolo adecuado. Los cargadores dom\u00e9sticos est\u00e1ndar s\u00f3lo pueden cargar, no descargar. Incluso los llamados puntos de carga &#8220;preparados para V2G&#8221; no pueden en realidad cargar bidireccionalmente en la mayor\u00eda de los casos por el momento; s\u00f3lo est\u00e1n mejor preparados para un futuro en el que esto sea posible, lo que significa que entonces no tendr\u00e1s que sustituir todo el punto de carga.   \t\t\t\t\t\t\t\t<\/div>\n\t\t\t\t<div class=\"elementor-element elementor-element-36d51f8 elementor-widget elementor-widget-heading\" data-id=\"36d51f8\" data-element_type=\"widget\" data-e-type=\"widget\" data-widget_type=\"heading.default\">\n\t\t\t\t\t<h3 class=\"elementor-heading-title elementor-size-default\">Mi bater\u00eda se gastar\u00e1 m\u00e1s r\u00e1pido debido a los ciclos de carga adicionales<\/h3>\t\t\t\t<\/div>\n\t\t\t\t<div class=\"elementor-element elementor-element-dc21530 elementor-widget elementor-widget-text-editor\" data-id=\"dc21530\" data-element_type=\"widget\" data-e-type=\"widget\" data-widget_type=\"text-editor.default\">\n\t\t\t\t\t\t\t\t\tEsto es b\u00e1sicamente cierto: cuantos m\u00e1s ciclos de carga y descarga, m\u00e1s r\u00e1pido se deteriora una bater\u00eda. Pero los modernos sistemas de gesti\u00f3n de bater\u00edas garantizan que el impacto sea muy limitado. El software mantiene la bater\u00eda dentro de l\u00edmites seguros y evita tasas de carga y descarga estresantes. Adem\u00e1s, a menudo s\u00f3lo se utiliza una parte de la capacidad para los servicios V2G. Aun as\u00ed, el desgaste de la bater\u00eda es un factor real que hay que tener en cuenta en el estudio de viabilidad: la depreciaci\u00f3n de la bater\u00eda tiene que compensar los beneficios energ\u00e9ticos y el ahorro que supone la carga bidireccional.    \t\t\t\t\t\t\t\t<\/div>\n\t\t\t\t<\/div>\n\t\t\t\t\t<\/div>\n\t\t\t\t<\/div>\n\t\t<div class=\"elementor-element elementor-element-a5cc296 e-flex e-con-boxed e-con e-parent\" data-id=\"a5cc296\" data-element_type=\"container\" data-e-type=\"container\">\n\t\t\t\t\t<div class=\"e-con-inner\">\n\t\t\t\t<div class=\"elementor-element elementor-element-3c60a69 elementor-widget elementor-widget-heading\" data-id=\"3c60a69\" data-element_type=\"widget\" data-e-type=\"widget\" data-widget_type=\"heading.default\">\n\t\t\t\t\t<h2 class=\"elementor-heading-title elementor-size-default\">PREGUNTAS FRECUENTES<\/h2>\t\t\t\t<\/div>\n\t\t\t\t<div class=\"elementor-element elementor-element-cd1db8a elementor-widget elementor-widget-n-accordion\" data-id=\"cd1db8a\" data-element_type=\"widget\" data-e-type=\"widget\" data-settings=\"{&quot;max_items_expended&quot;:&quot;multiple&quot;,&quot;default_state&quot;:&quot;expanded&quot;,&quot;n_accordion_animation_duration&quot;:{&quot;unit&quot;:&quot;ms&quot;,&quot;size&quot;:400,&quot;sizes&quot;:[]}}\" data-widget_type=\"nested-accordion.default\">\n\t\t\t\t\t\t\t<div class=\"e-n-accordion\" aria-label=\"Accordion. Open links with Enter or Space, close with Escape, and navigate with Arrow Keys\">\n\t\t\t\t\t\t<details id=\"e-n-accordion-item-2150\" class=\"e-n-accordion-item\" open>\n\t\t\t\t<summary class=\"e-n-accordion-item-title\" data-accordion-index=\"1\" tabindex=\"0\" aria-expanded=\"true\" aria-controls=\"e-n-accordion-item-2150\" >\n\t\t\t\t\t<span class='e-n-accordion-item-title-header'><div class=\"e-n-accordion-item-title-text\"> \u00bfQu\u00e9 coches admiten carga bidireccional? <\/div><\/span>\n\t\t\t\t\t\t\t<span class='e-n-accordion-item-title-icon'>\n\t\t\t<span class='e-opened' ><svg aria-hidden=\"true\" class=\"e-font-icon-svg e-fas-minus\" viewBox=\"0 0 448 512\" xmlns=\"http:\/\/www.w3.org\/2000\/svg\"><path d=\"M416 208H32c-17.67 0-32 14.33-32 32v32c0 17.67 14.33 32 32 32h384c17.67 0 32-14.33 32-32v-32c0-17.67-14.33-32-32-32z\"><\/path><\/svg><\/span>\n\t\t\t<span class='e-closed'><svg aria-hidden=\"true\" class=\"e-font-icon-svg e-fas-plus\" viewBox=\"0 0 448 512\" xmlns=\"http:\/\/www.w3.org\/2000\/svg\"><path d=\"M416 208H272V64c0-17.67-14.33-32-32-32h-32c-17.67 0-32 14.33-32 32v144H32c-17.67 0-32 14.33-32 32v32c0 17.67 14.33 32 32 32h144v144c0 17.67 14.33 32 32 32h32c17.67 0 32-14.33 32-32V304h144c17.67 0 32-14.33 32-32v-32c0-17.67-14.33-32-32-32z\"><\/path><\/svg><\/span>\n\t\t<\/span>\n\n\t\t\t\t\t\t<\/summary>\n\t\t\t\t<div role=\"region\" aria-labelledby=\"e-n-accordion-item-2150\" class=\"elementor-element elementor-element-5d9c7b5 e-con-full e-flex e-con e-child\" data-id=\"5d9c7b5\" data-element_type=\"container\" data-e-type=\"container\">\n\t\t\t\t<div class=\"elementor-element elementor-element-27b94b6 elementor-widget elementor-widget-text-editor\" data-id=\"27b94b6\" data-element_type=\"widget\" data-e-type=\"widget\" data-widget_type=\"text-editor.default\">\n\t\t\t\t\t\t\t\t\t<p>Un n\u00famero cada vez mayor de modelos, especialmente los VE m\u00e1s nuevos, con soporte ISO 15118. Algunos ejemplos son el Renault 5 y 4 E-Tech, el Hyundai Ioniq 5 y 6, el Nissan Leaf, el Cupra Born y el Volvo EX90. Para una visi\u00f3n general actualizada, consulta la lista de coches con capacidad de carga bidireccional (2025).  <\/p><p>Es importante saberlo: en la actualidad, no hay ning\u00fan coche que tenga V2H o V2G funcionando &#8220;nada m\u00e1s sacarlo de la caja&#8221;. Estos coches tienen la capacidad t\u00e9cnica y el potencial para la carga bidireccional, pero s\u00f3lo en bancos de pruebas espec\u00edficos -como nuestro proyecto de Utrecht- funciona realmente la V2G. V2L (suministro de energ\u00eda a dispositivos) ya es posible en muchos de estos modelos.  <\/p>\t\t\t\t\t\t\t\t<\/div>\n\t\t\t\t<\/div>\n\t\t\t\t\t<\/details>\n\t\t\t\t\t\t<details id=\"e-n-accordion-item-2151\" class=\"e-n-accordion-item\" >\n\t\t\t\t<summary class=\"e-n-accordion-item-title\" data-accordion-index=\"2\" tabindex=\"-1\" aria-expanded=\"false\" aria-controls=\"e-n-accordion-item-2151\" >\n\t\t\t\t\t<span class='e-n-accordion-item-title-header'><div class=\"e-n-accordion-item-title-text\"> \u00bfPuedo utilizar mi coche como bater\u00eda dom\u00e9stica? <\/div><\/span>\n\t\t\t\t\t\t\t<span class='e-n-accordion-item-title-icon'>\n\t\t\t<span class='e-opened' ><svg aria-hidden=\"true\" class=\"e-font-icon-svg e-fas-minus\" viewBox=\"0 0 448 512\" xmlns=\"http:\/\/www.w3.org\/2000\/svg\"><path d=\"M416 208H32c-17.67 0-32 14.33-32 32v32c0 17.67 14.33 32 32 32h384c17.67 0 32-14.33 32-32v-32c0-17.67-14.33-32-32-32z\"><\/path><\/svg><\/span>\n\t\t\t<span class='e-closed'><svg aria-hidden=\"true\" class=\"e-font-icon-svg e-fas-plus\" viewBox=\"0 0 448 512\" xmlns=\"http:\/\/www.w3.org\/2000\/svg\"><path d=\"M416 208H272V64c0-17.67-14.33-32-32-32h-32c-17.67 0-32 14.33-32 32v144H32c-17.67 0-32 14.33-32 32v32c0 17.67 14.33 32 32 32h144v144c0 17.67 14.33 32 32 32h32c17.67 0 32-14.33 32-32V304h144c17.67 0 32-14.33 32-32v-32c0-17.67-14.33-32-32-32z\"><\/path><\/svg><\/span>\n\t\t<\/span>\n\n\t\t\t\t\t\t<\/summary>\n\t\t\t\t<div role=\"region\" aria-labelledby=\"e-n-accordion-item-2151\" class=\"elementor-element elementor-element-556bb25 e-con-full e-flex e-con e-child\" data-id=\"556bb25\" data-element_type=\"container\" data-e-type=\"container\">\n\t\t\t\t<div class=\"elementor-element elementor-element-360c5a8 elementor-widget elementor-widget-text-editor\" data-id=\"360c5a8\" data-element_type=\"widget\" data-e-type=\"widget\" data-widget_type=\"text-editor.default\">\n\t\t\t\t\t\t\t\t\t<p>De momento, todav\u00eda no para particulares. Pero potencialmente en el futuro, la tecnolog\u00eda V2H podr\u00eda utilizar un coche el\u00e9ctrico como almacenamiento de energ\u00eda para el hogar o la oficina. La tecnolog\u00eda se est\u00e1 desarrollando y se espera que est\u00e9 disponible antes que la V2G, ya que no hay inyecci\u00f3n a la red, lo que simplifica la regulaci\u00f3n. Hay m\u00e1s informaci\u00f3n disponible sobre c\u00f3mo funciona un coche como bater\u00eda dom\u00e9stica.   <\/p>\t\t\t\t\t\t\t\t<\/div>\n\t\t\t\t<\/div>\n\t\t\t\t\t<\/details>\n\t\t\t\t\t\t<details id=\"e-n-accordion-item-2152\" class=\"e-n-accordion-item\" >\n\t\t\t\t<summary class=\"e-n-accordion-item-title\" data-accordion-index=\"3\" tabindex=\"-1\" aria-expanded=\"false\" aria-controls=\"e-n-accordion-item-2152\" >\n\t\t\t\t\t<span class='e-n-accordion-item-title-header'><div class=\"e-n-accordion-item-title-text\"> \u00bfFunciona la carga bidireccional con paneles solares? <\/div><\/span>\n\t\t\t\t\t\t\t<span class='e-n-accordion-item-title-icon'>\n\t\t\t<span class='e-opened' ><svg aria-hidden=\"true\" class=\"e-font-icon-svg e-fas-minus\" viewBox=\"0 0 448 512\" xmlns=\"http:\/\/www.w3.org\/2000\/svg\"><path d=\"M416 208H32c-17.67 0-32 14.33-32 32v32c0 17.67 14.33 32 32 32h384c17.67 0 32-14.33 32-32v-32c0-17.67-14.33-32-32-32z\"><\/path><\/svg><\/span>\n\t\t\t<span class='e-closed'><svg aria-hidden=\"true\" class=\"e-font-icon-svg e-fas-plus\" viewBox=\"0 0 448 512\" xmlns=\"http:\/\/www.w3.org\/2000\/svg\"><path d=\"M416 208H272V64c0-17.67-14.33-32-32-32h-32c-17.67 0-32 14.33-32 32v144H32c-17.67 0-32 14.33-32 32v32c0 17.67 14.33 32 32 32h144v144c0 17.67 14.33 32 32 32h32c17.67 0 32-14.33 32-32V304h144c17.67 0 32-14.33 32-32v-32c0-17.67-14.33-32-32-32z\"><\/path><\/svg><\/span>\n\t\t<\/span>\n\n\t\t\t\t\t\t<\/summary>\n\t\t\t\t<div role=\"region\" aria-labelledby=\"e-n-accordion-item-2152\" class=\"elementor-element elementor-element-8d306dd e-con-full e-flex e-con e-child\" data-id=\"8d306dd\" data-element_type=\"container\" data-e-type=\"container\">\n\t\t\t\t<div class=\"elementor-element elementor-element-27e0b33 elementor-widget elementor-widget-text-editor\" data-id=\"27e0b33\" data-element_type=\"widget\" data-e-type=\"widget\" data-widget_type=\"text-editor.default\">\n\t\t\t\t\t\t\t\t\t<p>S\u00ed, \u00e9sta es precisamente una de las principales ventajas. La energ\u00eda solar puede almacenarse en el coche durante el d\u00eda y utilizarse m\u00e1s tarde. La combinaci\u00f3n de carga bidireccional y paneles solares maximiza el autoconsumo y minimiza la dependencia de la red.  <\/p>\t\t\t\t\t\t\t\t<\/div>\n\t\t\t\t<\/div>\n\t\t\t\t\t<\/details>\n\t\t\t\t\t\t<details id=\"e-n-accordion-item-2153\" class=\"e-n-accordion-item\" >\n\t\t\t\t<summary class=\"e-n-accordion-item-title\" data-accordion-index=\"4\" tabindex=\"-1\" aria-expanded=\"false\" aria-controls=\"e-n-accordion-item-2153\" >\n\t\t\t\t\t<span class='e-n-accordion-item-title-header'><div class=\"e-n-accordion-item-title-text\"> \u00bfEstar\u00e1 mi coche lo suficientemente lleno para mis desplazamientos diarios? <\/div><\/span>\n\t\t\t\t\t\t\t<span class='e-n-accordion-item-title-icon'>\n\t\t\t<span class='e-opened' ><svg aria-hidden=\"true\" class=\"e-font-icon-svg e-fas-minus\" viewBox=\"0 0 448 512\" xmlns=\"http:\/\/www.w3.org\/2000\/svg\"><path d=\"M416 208H32c-17.67 0-32 14.33-32 32v32c0 17.67 14.33 32 32 32h384c17.67 0 32-14.33 32-32v-32c0-17.67-14.33-32-32-32z\"><\/path><\/svg><\/span>\n\t\t\t<span class='e-closed'><svg aria-hidden=\"true\" class=\"e-font-icon-svg e-fas-plus\" viewBox=\"0 0 448 512\" xmlns=\"http:\/\/www.w3.org\/2000\/svg\"><path d=\"M416 208H272V64c0-17.67-14.33-32-32-32h-32c-17.67 0-32 14.33-32 32v144H32c-17.67 0-32 14.33-32 32v32c0 17.67 14.33 32 32 32h144v144c0 17.67 14.33 32 32 32h32c17.67 0 32-14.33 32-32V304h144c17.67 0 32-14.33 32-32v-32c0-17.67-14.33-32-32-32z\"><\/path><\/svg><\/span>\n\t\t<\/span>\n\n\t\t\t\t\t\t<\/summary>\n\t\t\t\t<div role=\"region\" aria-labelledby=\"e-n-accordion-item-2153\" class=\"elementor-element elementor-element-7c6111a e-con-full e-flex e-con e-child\" data-id=\"7c6111a\" data-element_type=\"container\" data-e-type=\"container\">\n\t\t\t\t<div class=\"elementor-element elementor-element-7874bc4 elementor-widget elementor-widget-text-editor\" data-id=\"7874bc4\" data-element_type=\"widget\" data-e-type=\"widget\" data-widget_type=\"text-editor.default\">\n\t\t\t\t\t\t\t\t\t<p>Cuando est\u00e9 disponible la carga bidireccional, el software inteligente se asegurar\u00e1 de que siempre quede energ\u00eda suficiente en la bater\u00eda para los viajes planificados. Los usuarios pueden establecer la autonom\u00eda m\u00ednima que necesitan. El resto de la capacidad queda disponible para los servicios energ\u00e9ticos. As\u00ed es como el sistema est\u00e1 dise\u00f1ado para funcionar: el coche sigue siendo principalmente un medio de transporte.   <\/p>\t\t\t\t\t\t\t\t<\/div>\n\t\t\t\t<\/div>\n\t\t\t\t\t<\/details>\n\t\t\t\t\t\t<details id=\"e-n-accordion-item-2154\" class=\"e-n-accordion-item\" >\n\t\t\t\t<summary class=\"e-n-accordion-item-title\" data-accordion-index=\"5\" tabindex=\"-1\" aria-expanded=\"false\" aria-controls=\"e-n-accordion-item-2154\" >\n\t\t\t\t\t<span class='e-n-accordion-item-title-header'><div class=\"e-n-accordion-item-title-text\"> \u00bfCu\u00e1nto cuesta una estaci\u00f3n de recarga bidireccional? <\/div><\/span>\n\t\t\t\t\t\t\t<span class='e-n-accordion-item-title-icon'>\n\t\t\t<span class='e-opened' ><svg aria-hidden=\"true\" class=\"e-font-icon-svg e-fas-minus\" viewBox=\"0 0 448 512\" xmlns=\"http:\/\/www.w3.org\/2000\/svg\"><path d=\"M416 208H32c-17.67 0-32 14.33-32 32v32c0 17.67 14.33 32 32 32h384c17.67 0 32-14.33 32-32v-32c0-17.67-14.33-32-32-32z\"><\/path><\/svg><\/span>\n\t\t\t<span class='e-closed'><svg aria-hidden=\"true\" class=\"e-font-icon-svg e-fas-plus\" viewBox=\"0 0 448 512\" xmlns=\"http:\/\/www.w3.org\/2000\/svg\"><path d=\"M416 208H272V64c0-17.67-14.33-32-32-32h-32c-17.67 0-32 14.33-32 32v144H32c-17.67 0-32 14.33-32 32v32c0 17.67 14.33 32 32 32h144v144c0 17.67 14.33 32 32 32h32c17.67 0 32-14.33 32-32V304h144c17.67 0 32-14.33 32-32v-32c0-17.67-14.33-32-32-32z\"><\/path><\/svg><\/span>\n\t\t<\/span>\n\n\t\t\t\t\t\t<\/summary>\n\t\t\t\t<div role=\"region\" aria-labelledby=\"e-n-accordion-item-2154\" class=\"elementor-element elementor-element-65a92ec e-con-full e-flex e-con e-child\" data-id=\"65a92ec\" data-element_type=\"container\" data-e-type=\"container\">\n\t\t\t\t<div class=\"elementor-element elementor-element-b679975 elementor-widget elementor-widget-text-editor\" data-id=\"b679975\" data-element_type=\"widget\" data-e-type=\"widget\" data-widget_type=\"text-editor.default\">\n\t\t\t\t\t\t\t\t\t<p>Cuando los postes de carga bidireccionales est\u00e9n ampliamente disponibles, de nuevo variar\u00e1 seg\u00fan el proveedor y el tipo de instalaci\u00f3n. Los postes de carga bidireccionales son m\u00e1s caros que los cargadores est\u00e1ndar, pero los precios bajan a medida que se ampl\u00eda la tecnolog\u00eda. Las subvenciones y los beneficios econ\u00f3micos de la alimentaci\u00f3n pueden recuperar la inversi\u00f3n.    <\/p><p>Sin embargo, actualmente no existe ninguna estaci\u00f3n de carga bidireccional que funcione &#8220;lista para usar&#8221; para clientes residenciales. Muchos proveedores ofrecen postes de carga preparados para V2G, pero todav\u00eda no pueden cargar bidireccionalmente. <\/p>\t\t\t\t\t\t\t\t<\/div>\n\t\t\t\t<\/div>\n\t\t\t\t\t<\/details>\n\t\t\t\t\t\t<details id=\"e-n-accordion-item-2155\" class=\"e-n-accordion-item\" >\n\t\t\t\t<summary class=\"e-n-accordion-item-title\" data-accordion-index=\"6\" tabindex=\"-1\" aria-expanded=\"false\" aria-controls=\"e-n-accordion-item-2155\" >\n\t\t\t\t\t<span class='e-n-accordion-item-title-header'><div class=\"e-n-accordion-item-title-text\"> \u00bfGano dinero retroalimentando la energ\u00eda de mi coche? <\/div><\/span>\n\t\t\t\t\t\t\t<span class='e-n-accordion-item-title-icon'>\n\t\t\t<span class='e-opened' ><svg aria-hidden=\"true\" class=\"e-font-icon-svg e-fas-minus\" viewBox=\"0 0 448 512\" xmlns=\"http:\/\/www.w3.org\/2000\/svg\"><path d=\"M416 208H32c-17.67 0-32 14.33-32 32v32c0 17.67 14.33 32 32 32h384c17.67 0 32-14.33 32-32v-32c0-17.67-14.33-32-32-32z\"><\/path><\/svg><\/span>\n\t\t\t<span class='e-closed'><svg aria-hidden=\"true\" class=\"e-font-icon-svg e-fas-plus\" viewBox=\"0 0 448 512\" xmlns=\"http:\/\/www.w3.org\/2000\/svg\"><path d=\"M416 208H272V64c0-17.67-14.33-32-32-32h-32c-17.67 0-32 14.33-32 32v144H32c-17.67 0-32 14.33-32 32v32c0 17.67 14.33 32 32 32h144v144c0 17.67 14.33 32 32 32h32c17.67 0 32-14.33 32-32V304h144c17.67 0 32-14.33 32-32v-32c0-17.67-14.33-32-32-32z\"><\/path><\/svg><\/span>\n\t\t<\/span>\n\n\t\t\t\t\t\t<\/summary>\n\t\t\t\t<div role=\"region\" aria-labelledby=\"e-n-accordion-item-2155\" class=\"elementor-element elementor-element-ba0e3cd e-con-full e-flex e-con e-child\" data-id=\"ba0e3cd\" data-element_type=\"container\" data-e-type=\"container\">\n\t\t\t\t<div class=\"elementor-element elementor-element-ee8fe9c elementor-widget elementor-widget-text-editor\" data-id=\"ee8fe9c\" data-element_type=\"widget\" data-e-type=\"widget\" data-widget_type=\"text-editor.default\">\n\t\t\t\t\t\t\t\t\t<p>Para los clientes residenciales, esto no es posible actualmente, pero en el futuro podr\u00eda serlo. Con tarifas energ\u00e9ticas din\u00e1micas, podr\u00edas aprovechar las diferencias de precios: cargar cuando la energ\u00eda es barata y devolverla durante las horas caras. Tambi\u00e9n podr\u00eda haber programas en los que los operadores de red pagaran por la flexibilidad.  <\/p><p>El \u00fanico proyecto en el que ya se ha demostrado que esto funciona es nuestro proyecto de Utrecht. All\u00ed s\u00ed que se gana dinero devolviendo energ\u00eda en los momentos en que es cara. <\/p>\t\t\t\t\t\t\t\t<\/div>\n\t\t\t\t<\/div>\n\t\t\t\t\t<\/details>\n\t\t\t\t\t<\/div>\n\t\t\t\t\t\t<\/div>\n\t\t\t\t\t<\/div>\n\t\t\t\t<\/div>\n\t\t\t\t<\/div>\n\t\t","protected":false},"excerpt":{"rendered":"<p>Carga bidireccional Carga bidireccional: el futuro de la energ\u00eda y la movilidad Leer m\u00e1s Cada a\u00f1o se a\u00f1ade m\u00e1s energ\u00eda solar en Holanda. Durante el d\u00eda, cuando brilla el sol, a menudo tenemos un excedente de electricidad. Pero por la tarde, cuando todo el mundo llega a casa y la demanda de electricidad alcanza su [&hellip;]<\/p>\n","protected":false},"author":3,"featured_media":0,"parent":0,"menu_order":0,"comment_status":"closed","ping_status":"closed","template":"","meta":{"_acf_changed":false,"footnotes":""},"class_list":["post-5614","page","type-page","status-publish","hentry"],"acf":[],"yoast_head":"<!-- This site is optimized with the Yoast SEO plugin v27.2 - https:\/\/yoast.com\/product\/yoast-seo-wordpress\/ -->\n<title>\u00bfQu\u00e9 es la carga bidireccional? Una gu\u00eda completa | We Drive Solar<\/title>\n<meta name=\"description\" content=\"Descubre c\u00f3mo funciona la carga bidireccional y lo que ya es posible hoy en d\u00eda. De V2G a V2H: lee sobre el mayor proyecto V2G de Europa en Utrecht.\" \/>\n<meta name=\"robots\" content=\"index, follow, max-snippet:-1, max-image-preview:large, max-video-preview:-1\" \/>\n<link rel=\"canonical\" href=\"https:\/\/wedrivesolar.com\/es\/carga-bidireccional-el-futuro-de-la-energia-y-la-movilidad\/\" \/>\n<meta property=\"og:locale\" content=\"es_ES\" \/>\n<meta property=\"og:type\" content=\"article\" \/>\n<meta property=\"og:title\" content=\"\u00bfQu\u00e9 es la carga bidireccional? Una gu\u00eda completa | We Drive Solar\" \/>\n<meta property=\"og:description\" content=\"Descubre c\u00f3mo funciona la carga bidireccional y lo que ya es posible hoy en d\u00eda. De V2G a V2H: lee sobre el mayor proyecto V2G de Europa en Utrecht.\" \/>\n<meta property=\"og:url\" content=\"https:\/\/wedrivesolar.com\/es\/carga-bidireccional-el-futuro-de-la-energia-y-la-movilidad\/\" \/>\n<meta property=\"og:site_name\" content=\"We Drive Solar\" \/>\n<meta property=\"article:modified_time\" content=\"2025-12-11T12:29:12+00:00\" \/>\n<meta property=\"og:image\" content=\"https:\/\/wedrivesolar.com\/wp-content\/uploads\/2025\/12\/Solar-Duck-Drawing-1.jpg\" \/>\n\t<meta property=\"og:image:width\" content=\"2481\" \/>\n\t<meta property=\"og:image:height\" content=\"1754\" \/>\n\t<meta property=\"og:image:type\" content=\"image\/jpeg\" \/>\n<meta name=\"twitter:card\" content=\"summary_large_image\" \/>\n<meta name=\"twitter:label1\" content=\"Tiempo de lectura\" \/>\n\t<meta name=\"twitter:data1\" content=\"21 minuto\" \/>\n<script type=\"application\/ld+json\" class=\"yoast-schema-graph\">{\"@context\":\"https:\/\/schema.org\",\"@graph\":[{\"@type\":\"WebPage\",\"@id\":\"https:\/\/wedrivesolar.com\/es\/carga-bidireccional-el-futuro-de-la-energia-y-la-movilidad\/\",\"url\":\"https:\/\/wedrivesolar.com\/es\/carga-bidireccional-el-futuro-de-la-energia-y-la-movilidad\/\",\"name\":\"\u00bfQu\u00e9 es la carga bidireccional? Una gu\u00eda completa | We Drive Solar\",\"isPartOf\":{\"@id\":\"https:\/\/wedrivesolar.com\/#website\"},\"primaryImageOfPage\":{\"@id\":\"https:\/\/wedrivesolar.com\/es\/carga-bidireccional-el-futuro-de-la-energia-y-la-movilidad\/#primaryimage\"},\"image\":{\"@id\":\"https:\/\/wedrivesolar.com\/es\/carga-bidireccional-el-futuro-de-la-energia-y-la-movilidad\/#primaryimage\"},\"thumbnailUrl\":\"https:\/\/wedrivesolar.com\/wp-content\/uploads\/2025\/12\/Solar-Duck-Drawing-1-1024x724.jpg\",\"datePublished\":\"2025-12-11T10:33:54+00:00\",\"dateModified\":\"2025-12-11T12:29:12+00:00\",\"description\":\"Descubre c\u00f3mo funciona la carga bidireccional y lo que ya es posible hoy en d\u00eda. De V2G a V2H: lee sobre el mayor proyecto V2G de Europa en Utrecht.\",\"breadcrumb\":{\"@id\":\"https:\/\/wedrivesolar.com\/es\/carga-bidireccional-el-futuro-de-la-energia-y-la-movilidad\/#breadcrumb\"},\"inLanguage\":\"es\",\"potentialAction\":[{\"@type\":\"ReadAction\",\"target\":[\"https:\/\/wedrivesolar.com\/es\/carga-bidireccional-el-futuro-de-la-energia-y-la-movilidad\/\"]}]},{\"@type\":\"ImageObject\",\"inLanguage\":\"es\",\"@id\":\"https:\/\/wedrivesolar.com\/es\/carga-bidireccional-el-futuro-de-la-energia-y-la-movilidad\/#primaryimage\",\"url\":\"https:\/\/wedrivesolar.com\/wp-content\/uploads\/2025\/12\/Solar-Duck-Drawing-1-1024x724.jpg\",\"contentUrl\":\"https:\/\/wedrivesolar.com\/wp-content\/uploads\/2025\/12\/Solar-Duck-Drawing-1-1024x724.jpg\"},{\"@type\":\"BreadcrumbList\",\"@id\":\"https:\/\/wedrivesolar.com\/es\/carga-bidireccional-el-futuro-de-la-energia-y-la-movilidad\/#breadcrumb\",\"itemListElement\":[{\"@type\":\"ListItem\",\"position\":1,\"name\":\"Inicio\",\"item\":\"https:\/\/wedrivesolar.com\/es\/inicio\/\"},{\"@type\":\"ListItem\",\"position\":2,\"name\":\"Carga bidireccional: el futuro de la energ\u00eda y la movilidad\"}]},{\"@type\":\"WebSite\",\"@id\":\"https:\/\/wedrivesolar.com\/#website\",\"url\":\"https:\/\/wedrivesolar.com\/\",\"name\":\"We Drive Solar\",\"description\":\"Shaping the electricity grid of the future\",\"publisher\":{\"@id\":\"https:\/\/wedrivesolar.com\/#organization\"},\"potentialAction\":[{\"@type\":\"SearchAction\",\"target\":{\"@type\":\"EntryPoint\",\"urlTemplate\":\"https:\/\/wedrivesolar.com\/?s={search_term_string}\"},\"query-input\":{\"@type\":\"PropertyValueSpecification\",\"valueRequired\":true,\"valueName\":\"search_term_string\"}}],\"inLanguage\":\"es\"},{\"@type\":\"Organization\",\"@id\":\"https:\/\/wedrivesolar.com\/#organization\",\"name\":\"We Drive Solar\",\"url\":\"https:\/\/wedrivesolar.com\/\",\"logo\":{\"@type\":\"ImageObject\",\"inLanguage\":\"es\",\"@id\":\"https:\/\/wedrivesolar.com\/#\/schema\/logo\/image\/\",\"url\":\"https:\/\/wedrivesolar.com\/wp-content\/uploads\/2025\/04\/cropped-wedrivesolar_transparant.png\",\"contentUrl\":\"https:\/\/wedrivesolar.com\/wp-content\/uploads\/2025\/04\/cropped-wedrivesolar_transparant.png\",\"width\":1280,\"height\":201,\"caption\":\"We Drive Solar\"},\"image\":{\"@id\":\"https:\/\/wedrivesolar.com\/#\/schema\/logo\/image\/\"}}]}<\/script>\n<!-- \/ Yoast SEO plugin. -->","yoast_head_json":{"title":"\u00bfQu\u00e9 es la carga bidireccional? Una gu\u00eda completa | We Drive Solar","description":"Descubre c\u00f3mo funciona la carga bidireccional y lo que ya es posible hoy en d\u00eda. De V2G a V2H: lee sobre el mayor proyecto V2G de Europa en Utrecht.","robots":{"index":"index","follow":"follow","max-snippet":"max-snippet:-1","max-image-preview":"max-image-preview:large","max-video-preview":"max-video-preview:-1"},"canonical":"https:\/\/wedrivesolar.com\/es\/carga-bidireccional-el-futuro-de-la-energia-y-la-movilidad\/","og_locale":"es_ES","og_type":"article","og_title":"\u00bfQu\u00e9 es la carga bidireccional? Una gu\u00eda completa | We Drive Solar","og_description":"Descubre c\u00f3mo funciona la carga bidireccional y lo que ya es posible hoy en d\u00eda. De V2G a V2H: lee sobre el mayor proyecto V2G de Europa en Utrecht.","og_url":"https:\/\/wedrivesolar.com\/es\/carga-bidireccional-el-futuro-de-la-energia-y-la-movilidad\/","og_site_name":"We Drive Solar","article_modified_time":"2025-12-11T12:29:12+00:00","og_image":[{"width":2481,"height":1754,"url":"https:\/\/wedrivesolar.com\/wp-content\/uploads\/2025\/12\/Solar-Duck-Drawing-1.jpg","type":"image\/jpeg"}],"twitter_card":"summary_large_image","twitter_misc":{"Tiempo de lectura":"21 minuto"},"schema":{"@context":"https:\/\/schema.org","@graph":[{"@type":"WebPage","@id":"https:\/\/wedrivesolar.com\/es\/carga-bidireccional-el-futuro-de-la-energia-y-la-movilidad\/","url":"https:\/\/wedrivesolar.com\/es\/carga-bidireccional-el-futuro-de-la-energia-y-la-movilidad\/","name":"\u00bfQu\u00e9 es la carga bidireccional? Una gu\u00eda completa | We Drive Solar","isPartOf":{"@id":"https:\/\/wedrivesolar.com\/#website"},"primaryImageOfPage":{"@id":"https:\/\/wedrivesolar.com\/es\/carga-bidireccional-el-futuro-de-la-energia-y-la-movilidad\/#primaryimage"},"image":{"@id":"https:\/\/wedrivesolar.com\/es\/carga-bidireccional-el-futuro-de-la-energia-y-la-movilidad\/#primaryimage"},"thumbnailUrl":"https:\/\/wedrivesolar.com\/wp-content\/uploads\/2025\/12\/Solar-Duck-Drawing-1-1024x724.jpg","datePublished":"2025-12-11T10:33:54+00:00","dateModified":"2025-12-11T12:29:12+00:00","description":"Descubre c\u00f3mo funciona la carga bidireccional y lo que ya es posible hoy en d\u00eda. De V2G a V2H: lee sobre el mayor proyecto V2G de Europa en Utrecht.","breadcrumb":{"@id":"https:\/\/wedrivesolar.com\/es\/carga-bidireccional-el-futuro-de-la-energia-y-la-movilidad\/#breadcrumb"},"inLanguage":"es","potentialAction":[{"@type":"ReadAction","target":["https:\/\/wedrivesolar.com\/es\/carga-bidireccional-el-futuro-de-la-energia-y-la-movilidad\/"]}]},{"@type":"ImageObject","inLanguage":"es","@id":"https:\/\/wedrivesolar.com\/es\/carga-bidireccional-el-futuro-de-la-energia-y-la-movilidad\/#primaryimage","url":"https:\/\/wedrivesolar.com\/wp-content\/uploads\/2025\/12\/Solar-Duck-Drawing-1-1024x724.jpg","contentUrl":"https:\/\/wedrivesolar.com\/wp-content\/uploads\/2025\/12\/Solar-Duck-Drawing-1-1024x724.jpg"},{"@type":"BreadcrumbList","@id":"https:\/\/wedrivesolar.com\/es\/carga-bidireccional-el-futuro-de-la-energia-y-la-movilidad\/#breadcrumb","itemListElement":[{"@type":"ListItem","position":1,"name":"Inicio","item":"https:\/\/wedrivesolar.com\/es\/inicio\/"},{"@type":"ListItem","position":2,"name":"Carga bidireccional: el futuro de la energ\u00eda y la movilidad"}]},{"@type":"WebSite","@id":"https:\/\/wedrivesolar.com\/#website","url":"https:\/\/wedrivesolar.com\/","name":"We Drive Solar","description":"Shaping the electricity grid of the future","publisher":{"@id":"https:\/\/wedrivesolar.com\/#organization"},"potentialAction":[{"@type":"SearchAction","target":{"@type":"EntryPoint","urlTemplate":"https:\/\/wedrivesolar.com\/?s={search_term_string}"},"query-input":{"@type":"PropertyValueSpecification","valueRequired":true,"valueName":"search_term_string"}}],"inLanguage":"es"},{"@type":"Organization","@id":"https:\/\/wedrivesolar.com\/#organization","name":"We Drive Solar","url":"https:\/\/wedrivesolar.com\/","logo":{"@type":"ImageObject","inLanguage":"es","@id":"https:\/\/wedrivesolar.com\/#\/schema\/logo\/image\/","url":"https:\/\/wedrivesolar.com\/wp-content\/uploads\/2025\/04\/cropped-wedrivesolar_transparant.png","contentUrl":"https:\/\/wedrivesolar.com\/wp-content\/uploads\/2025\/04\/cropped-wedrivesolar_transparant.png","width":1280,"height":201,"caption":"We Drive Solar"},"image":{"@id":"https:\/\/wedrivesolar.com\/#\/schema\/logo\/image\/"}}]}},"_links":{"self":[{"href":"https:\/\/wedrivesolar.com\/es\/wp-json\/wp\/v2\/pages\/5614","targetHints":{"allow":["GET"]}}],"collection":[{"href":"https:\/\/wedrivesolar.com\/es\/wp-json\/wp\/v2\/pages"}],"about":[{"href":"https:\/\/wedrivesolar.com\/es\/wp-json\/wp\/v2\/types\/page"}],"author":[{"embeddable":true,"href":"https:\/\/wedrivesolar.com\/es\/wp-json\/wp\/v2\/users\/3"}],"replies":[{"embeddable":true,"href":"https:\/\/wedrivesolar.com\/es\/wp-json\/wp\/v2\/comments?post=5614"}],"version-history":[{"count":1,"href":"https:\/\/wedrivesolar.com\/es\/wp-json\/wp\/v2\/pages\/5614\/revisions"}],"predecessor-version":[{"id":5618,"href":"https:\/\/wedrivesolar.com\/es\/wp-json\/wp\/v2\/pages\/5614\/revisions\/5618"}],"wp:attachment":[{"href":"https:\/\/wedrivesolar.com\/es\/wp-json\/wp\/v2\/media?parent=5614"}],"curies":[{"name":"wp","href":"https:\/\/api.w.org\/{rel}","templated":true}]}}