{"id":5624,"date":"2025-12-11T10:33:54","date_gmt":"2025-12-11T10:33:54","guid":{"rendered":"https:\/\/wedrivesolar.com\/chargement-bidirectionnel-lavenir-de-lenergie-et-de-la-mobilite\/"},"modified":"2025-12-11T12:29:13","modified_gmt":"2025-12-11T12:29:13","slug":"chargement-bidirectionnel-lavenir-de-lenergie-et-de-la-mobilite","status":"publish","type":"page","link":"https:\/\/wedrivesolar.com\/fr\/chargement-bidirectionnel-lavenir-de-lenergie-et-de-la-mobilite\/","title":{"rendered":"Chargement bidirectionnel : l&#8217;avenir de l&#8217;\u00e9nergie et de la mobilit\u00e9"},"content":{"rendered":"\t\t<div data-elementor-type=\"wp-page\" data-elementor-id=\"5624\" class=\"elementor elementor-5624 elementor-5585\" data-elementor-post-type=\"page\">\n\t\t\t\t<div class=\"elementor-element elementor-element-016da90 e-con-full e-flex e-con e-parent\" data-id=\"016da90\" data-element_type=\"container\" data-e-type=\"container\">\n\t\t<div class=\"elementor-element elementor-element-b02939d e-con-full e-flex e-con e-child\" data-id=\"b02939d\" data-element_type=\"container\" data-e-type=\"container\" data-settings=\"{&quot;background_background&quot;:&quot;classic&quot;}\">\n\t\t<div class=\"elementor-element elementor-element-c2e19b4 e-con-full e-flex e-con e-child\" data-id=\"c2e19b4\" data-element_type=\"container\" data-e-type=\"container\">\n\t\t\t\t<div class=\"elementor-element elementor-element-6270589 elementor-widget elementor-widget-heading\" data-id=\"6270589\" data-element_type=\"widget\" data-e-type=\"widget\" data-widget_type=\"heading.default\">\n\t\t\t\t\t<h3 class=\"elementor-heading-title elementor-size-default\">Chargement bidirectionnel<\/h3>\t\t\t\t<\/div>\n\t\t\t\t<div class=\"elementor-element elementor-element-a38b2a0 elementor-widget elementor-widget-heading\" data-id=\"a38b2a0\" data-element_type=\"widget\" data-e-type=\"widget\" data-widget_type=\"heading.default\">\n\t\t\t\t\t<h1 class=\"elementor-heading-title elementor-size-default\">Chargement bidirectionnel : l'avenir de l'\u00e9nergie et de la mobilit\u00e9\n<\/h1>\t\t\t\t<\/div>\n\t\t<div class=\"elementor-element elementor-element-ca8da21 e-con-full e-flex e-con e-child\" data-id=\"ca8da21\" data-element_type=\"container\" data-e-type=\"container\">\n\t\t\t\t<div class=\"elementor-element elementor-element-d2ca297 elementor-widget elementor-widget-button\" data-id=\"d2ca297\" data-element_type=\"widget\" data-e-type=\"widget\" data-widget_type=\"button.default\">\n\t\t\t\t\t\t\t\t\t\t<a class=\"elementor-button elementor-button-link elementor-size-sm\" href=\"https:\/\/wedrivesolar.com\/fr\/contact\/\">\n\t\t\t\t\t\t<span class=\"elementor-button-content-wrapper\">\n\t\t\t\t\t\t\t\t\t<span class=\"elementor-button-text\">En savoir plus<\/span>\n\t\t\t\t\t<\/span>\n\t\t\t\t\t<\/a>\n\t\t\t\t\t\t\t\t<\/div>\n\t\t\t\t<\/div>\n\t\t\t\t<\/div>\n\t\t\t\t<\/div>\n\t\t\t\t<\/div>\n\t\t<div class=\"elementor-element elementor-element-499c0e3 e-flex e-con-boxed e-con e-parent\" data-id=\"499c0e3\" data-element_type=\"container\" data-e-type=\"container\" data-settings=\"{&quot;background_background&quot;:&quot;classic&quot;}\">\n\t\t\t\t\t<div class=\"e-con-inner\">\n\t\t<div class=\"elementor-element elementor-element-0b2b213 e-con-full e-flex e-con e-child\" data-id=\"0b2b213\" data-element_type=\"container\" data-e-type=\"container\">\n\t\t<div class=\"elementor-element elementor-element-c173654 e-con-full e-flex e-con e-child\" data-id=\"c173654\" data-element_type=\"container\" data-e-type=\"container\">\n\t\t\t\t<div class=\"elementor-element elementor-element-8db8b3b elementor-widget elementor-widget-text-editor\" data-id=\"8db8b3b\" data-element_type=\"widget\" data-e-type=\"widget\" data-widget_type=\"text-editor.default\">\n\t\t\t\t\t\t\t\t\t<p>Chaque ann\u00e9e, les Pays-Bas augmentent leur production d&#8217;\u00e9nergie solaire. Pendant la journ\u00e9e, lorsque le soleil brille, nous avons souvent un surplus d&#8217;\u00e9lectricit\u00e9. Mais le soir, lorsque tout le monde rentre chez soi et que la demande d&#8217;\u00e9lectricit\u00e9 atteint son maximum, le soleil a disparu. Ce ph\u00e9nom\u00e8ne est connu sous le nom de &#8220;courbe en canard&#8221;, un graphique qui montre la demande nette d&#8217;\u00e9lectricit\u00e9, avec la forme d&#8217;un canard cr\u00e9\u00e9e par le creux de la journ\u00e9e et le pic abrupt du soir.  <\/p><p>Ce probl\u00e8me pose des d\u00e9fis majeurs \u00e0 notre syst\u00e8me \u00e9nerg\u00e9tique. Le r\u00e9seau \u00e9lectrique doit passer d&#8217;une demande minimale \u00e0 des pics extr\u00eames en quelques heures, ce qui entra\u00eene une congestion du r\u00e9seau \u00e0 plus de 250 endroits. Les gestionnaires de r\u00e9seau investissent 8 milliards d&#8217;euros par an dans l&#8217;expansion du r\u00e9seau, mais jusqu&#8217;en 2030, le probl\u00e8me ne fera que s&#8217;aggraver.  <\/p><p>La solution ? Le stockage de l&#8217;\u00e9nergie. Et la plus grande source de capacit\u00e9 de batterie dont nous disposons est d\u00e9j\u00e0 sur roues.  <\/p>\t\t\t\t\t\t\t\t<\/div>\n\t\t\t\t<\/div>\n\t\t\t\t<div class=\"elementor-element elementor-element-9b735a8 elementor-widget elementor-widget-image\" data-id=\"9b735a8\" data-element_type=\"widget\" data-e-type=\"widget\" data-widget_type=\"image.default\">\n\t\t\t\t\t\t\t\t\t\t\t\t\t\t\t<img fetchpriority=\"high\" decoding=\"async\" width=\"800\" height=\"566\" src=\"https:\/\/wedrivesolar.com\/wp-content\/uploads\/2025\/12\/Solar-Duck-Drawing-1-1024x724.jpg\" class=\"attachment-large size-large wp-image-5625\" alt=\"\" srcset=\"https:\/\/wedrivesolar.com\/wp-content\/uploads\/2025\/12\/Solar-Duck-Drawing-1-1024x724.jpg 1024w, https:\/\/wedrivesolar.com\/wp-content\/uploads\/2025\/12\/Solar-Duck-Drawing-1-300x212.jpg 300w, https:\/\/wedrivesolar.com\/wp-content\/uploads\/2025\/12\/Solar-Duck-Drawing-1-768x543.jpg 768w, https:\/\/wedrivesolar.com\/wp-content\/uploads\/2025\/12\/Solar-Duck-Drawing-1-1536x1086.jpg 1536w, https:\/\/wedrivesolar.com\/wp-content\/uploads\/2025\/12\/Solar-Duck-Drawing-1-2048x1448.jpg 2048w\" sizes=\"(max-width: 800px) 100vw, 800px\" \/>\t\t\t\t\t\t\t\t\t\t\t\t\t\t\t<\/div>\n\t\t\t\t<\/div>\n\t\t\t\t\t<\/div>\n\t\t\t\t<\/div>\n\t\t<div class=\"elementor-element elementor-element-85f6585 e-flex e-con-boxed e-con e-parent\" data-id=\"85f6585\" data-element_type=\"container\" data-e-type=\"container\" data-settings=\"{&quot;background_background&quot;:&quot;classic&quot;}\">\n\t\t\t\t\t<div class=\"e-con-inner\">\n\t\t<div class=\"elementor-element elementor-element-866af6f e-con-full e-flex e-con e-child\" data-id=\"866af6f\" data-element_type=\"container\" data-e-type=\"container\" data-settings=\"{&quot;background_background&quot;:&quot;classic&quot;}\">\n\t\t\t\t<div class=\"elementor-element elementor-element-5aca113 elementor-widget elementor-widget-heading\" data-id=\"5aca113\" data-element_type=\"widget\" data-e-type=\"widget\" data-widget_type=\"heading.default\">\n\t\t\t\t\t<h2 class=\"elementor-heading-title elementor-size-default\">Du probl\u00e8me \u00e0 la solution : la voiture \u00e9lectrique comme tampon \u00e9nerg\u00e9tique<\/h2>\t\t\t\t<\/div>\n\t\t\t\t<div class=\"elementor-element elementor-element-eebbefc elementor-widget elementor-widget-text-editor\" data-id=\"eebbefc\" data-element_type=\"widget\" data-e-type=\"widget\" data-widget_type=\"text-editor.default\">\n\t\t\t\t\t\t\t\t\t<p>85 % du march\u00e9 mondial des batteries est destin\u00e9 aux v\u00e9hicules \u00e9lectriques. Ces batteries sont beaucoup moins ch\u00e8res par kilowattheure que les batteries domestiques individuelles en raison des \u00e9conomies d&#8217;\u00e9chelle. Une voiture \u00e9lectrique moyenne dispose d&#8217;une batterie de 40 \u00e0 80 kWh, ce qui est suffisant pour alimenter un m\u00e9nage moyen pendant plusieurs jours.  <\/p><p>Or, les voitures \u00e9lectriques tournent au ralenti en moyenne 95 % du temps. C&#8217;est justement dans ce temps mort que r\u00e9side l&#8217;opportunit\u00e9. Avec la recharge bidirectionnelle, une voiture \u00e9lectrique devient plus qu&#8217;un moyen de transport. Elle devient un dispositif de stockage d&#8217;\u00e9nergie mobile qui ne se contente pas de charger, mais qui restitue \u00e9galement de l&#8217;\u00e9nergie \u00e0 la maison, au b\u00e2timent ou au r\u00e9seau \u00e9lectrique. La conduite et la gestion de l&#8217;\u00e9nergie sont r\u00e9unies en un seul syst\u00e8me.    <\/p><p>We Drive Solar est un pionnier mondial de cette technologie. Le premier test V2G a \u00e9t\u00e9 r\u00e9alis\u00e9 en 2014, une collaboration avec Renault a suivi en 2016, et en 2019 est venue la premi\u00e8re mondiale : la premi\u00e8re station de recharge solaire Vehicle-to-Grid avec un standard ouvert. Entre-temps, We Drive Solar a 10 ans d&#8217;exp\u00e9rience et prouve \u00e0 Utrecht que la recharge bidirectionnelle fonctionne \u00e0 grande \u00e9chelle.  <\/p>\t\t\t\t\t\t\t\t<\/div>\n\t\t\t\t<\/div>\n\t\t\t\t\t<\/div>\n\t\t\t\t<\/div>\n\t\t<div class=\"elementor-element elementor-element-7482335 e-flex e-con-boxed e-con e-parent\" data-id=\"7482335\" data-element_type=\"container\" data-e-type=\"container\" data-settings=\"{&quot;background_background&quot;:&quot;classic&quot;}\">\n\t\t\t\t\t<div class=\"e-con-inner\">\n\t\t\t\t\t<\/div>\n\t\t\t\t<\/div>\n\t\t<div class=\"elementor-element elementor-element-de8858d e-flex e-con-boxed e-con e-parent\" data-id=\"de8858d\" data-element_type=\"container\" data-e-type=\"container\" data-settings=\"{&quot;background_background&quot;:&quot;classic&quot;}\">\n\t\t\t\t\t<div class=\"e-con-inner\">\n\t\t<div class=\"elementor-element elementor-element-7cf1ff2 e-con-full e-flex e-con e-child\" data-id=\"7cf1ff2\" data-element_type=\"container\" data-e-type=\"container\">\n\t\t\t\t<div class=\"elementor-element elementor-element-d64077f elementor-widget elementor-widget-heading\" data-id=\"d64077f\" data-element_type=\"widget\" data-e-type=\"widget\" data-widget_type=\"heading.default\">\n\t\t\t\t\t<h2 class=\"elementor-heading-title elementor-size-default\">Qu'est-ce que la charge bidirectionnelle ?\n<\/h2>\t\t\t\t<\/div>\n\t\t\t\t<div class=\"elementor-element elementor-element-e78b0f9 elementor-widget elementor-widget-text-editor\" data-id=\"e78b0f9\" data-element_type=\"widget\" data-e-type=\"widget\" data-widget_type=\"text-editor.default\">\n\t\t\t\t\t\t\t\t\tDans le cas de la recharge traditionnelle, l&#8217;\u00e9lectricit\u00e9 circule dans un seul sens : du r\u00e9seau \u00e0 la voiture. Avec la recharge bidirectionnelle, le flux est bidirectionnel. L&#8217;\u00e9lectricit\u00e9 peut entrer dans la voiture et en sortir. Cette technologie est connue sous le nom de Vehicle-to-Everything (V2X) et se pr\u00e9sente sous trois formes principales :   \n<ul><br> \t<li style=\"font-weight: 400;\" aria-level=\"1\">Vehicle-to-Grid (V2G) : r\u00e9injection de l&#8217;\u00e9nergie dans le r\u00e9seau<\/li>\n \t<li style=\"font-weight: 400;\" aria-level=\"1\">Vehicle-to-Home (V2H) : utilisation de l&#8217;\u00e9nergie dans la maison ou le b\u00e2timent<\/li>\n \t<li style=\"font-weight: 400;\" aria-level=\"1\">Vehicle-to-Load (V2L) : fourniture d&#8217;\u00e9nergie directement \u00e0 des appareils ou \u00e0 des installations.<\/li>\n<\/ul><br>Les trois variantes diff\u00e8rent dans leur application, mais fonctionnent selon le m\u00eame principe : la batterie d&#8217;une voiture \u00e9lectrique sert de dispositif de stockage temporaire de l&#8217;\u00e9nergie. En fait, la voiture devient une batterie pour la maison, avec l&#8217;avantage que vous pouvez \u00e9galement la conduire. \t\t\t\t\t\t\t\t<\/div>\n\t\t\t\t<\/div>\n\t\t\t\t\t<\/div>\n\t\t\t\t<\/div>\n\t\t<div class=\"elementor-element elementor-element-bd3c3f7 e-flex e-con-boxed e-con e-parent\" data-id=\"bd3c3f7\" data-element_type=\"container\" data-e-type=\"container\">\n\t\t\t\t\t<div class=\"e-con-inner\">\n\t\t<div class=\"elementor-element elementor-element-e4f19f6 e-con-full e-flex e-con e-child\" data-id=\"e4f19f6\" data-element_type=\"container\" data-e-type=\"container\" data-settings=\"{&quot;background_background&quot;:&quot;classic&quot;}\">\n\t\t\t\t<div class=\"elementor-element elementor-element-225e14f elementor-widget elementor-widget-heading\" data-id=\"225e14f\" data-element_type=\"widget\" data-e-type=\"widget\" data-widget_type=\"heading.default\">\n\t\t\t\t\t<h2 class=\"elementor-heading-title elementor-size-default\">Comment cela fonctionne-t-il techniquement ?\n<\/h2>\t\t\t\t<\/div>\n\t\t\t\t<div class=\"elementor-element elementor-element-ebda645 elementor-widget elementor-widget-text-editor\" data-id=\"ebda645\" data-element_type=\"widget\" data-e-type=\"widget\" data-widget_type=\"text-editor.default\">\n\t\t\t\t\t\t\t\t\t<p>Dans le cas de la recharge bidirectionnelle, la station de recharge et le v\u00e9hicule communiquent en permanence par le biais de protocoles intelligents. Ils \u00e9changent des informations sur la vitesse de charge, la charge de la batterie et le moment optimal pour charger ou d\u00e9charger. En fonction des tarifs, de la capacit\u00e9 du r\u00e9seau et des besoins de l&#8217;utilisateur, le logiciel d\u00e9termine quand l&#8217;\u00e9nergie est stock\u00e9e et quand elle est restitu\u00e9e.  <\/p>\t\t\t\t\t\t\t\t<\/div>\n\t\t\t\t<div class=\"elementor-element elementor-element-4ba605f elementor-widget elementor-widget-heading\" data-id=\"4ba605f\" data-element_type=\"widget\" data-e-type=\"widget\" data-widget_type=\"heading.default\">\n\t\t\t\t\t<h3 class=\"elementor-heading-title elementor-size-default\">Conditions importantes\n<\/h3>\t\t\t\t<\/div>\n\t\t\t\t<div class=\"elementor-element elementor-element-cad0033 elementor-widget elementor-widget-text-editor\" data-id=\"cad0033\" data-element_type=\"widget\" data-e-type=\"widget\" data-widget_type=\"text-editor.default\">\n\t\t\t\t\t\t\t\t\t<p>Toutes les voitures \u00e9lectriques ne peuvent pas se recharger de mani\u00e8re bidirectionnelle. Actuellement, seuls quelques mod\u00e8les dans le monde sont compatibles, notamment les Renault 5 et 4 E-Tech, les Hyundai Ioniq 5 et 6, la Nissan Leaf et la Cupra Born. Le nombre de voitures pouvant \u00eatre recharg\u00e9es de mani\u00e8re bidirectionnelle augmente, mais la compatibilit\u00e9 reste limit\u00e9e pour l&#8217;instant.  <\/p><p>L&#8217;infrastructure de recharge doit \u00e9galement \u00eatre adapt\u00e9e. Un chargeur domestique standard \u00e0 courant alternatif ne suffira pas. Il faut une station de recharge bidirectionnelle capable de communiquer \u00e0 la fois avec le v\u00e9hicule et le r\u00e9seau d&#8217;\u00e9nergie. En outre, le logiciel doit \u00eatre adapt\u00e9 \u00e0 la gestion de l&#8217;\u00e9nergie : quand la recharge est-elle b\u00e9n\u00e9fique, quand l&#8217;alimentation est-elle utile ?   <\/p><p>Pour ceux qui souhaitent mettre en \u0153uvre la recharge bidirectionnelle, des exigences techniques sp\u00e9cifiques sont importantes. La voiture, la station de recharge et le logiciel doivent \u00eatre parfaitement adapt\u00e9s. Des syst\u00e8mes de s\u00e9curit\u00e9 garantissent que l&#8217;\u00e9lectricit\u00e9 ne repart que lorsque le r\u00e9seau le permet et qu&#8217;elle reste dans les limites de la capacit\u00e9 disponible du r\u00e9seau.  <\/p>\t\t\t\t\t\t\t\t<\/div>\n\t\t\t\t<\/div>\n\t\t\t\t\t<\/div>\n\t\t\t\t<\/div>\n\t\t<div class=\"elementor-element elementor-element-d09a70b e-flex e-con-boxed e-con e-parent\" data-id=\"d09a70b\" data-element_type=\"container\" data-e-type=\"container\" data-settings=\"{&quot;background_background&quot;:&quot;classic&quot;}\">\n\t\t\t\t\t<div class=\"e-con-inner\">\n\t\t<div class=\"elementor-element elementor-element-039bb1e e-con-full e-flex e-con e-child\" data-id=\"039bb1e\" data-element_type=\"container\" data-e-type=\"container\">\n\t\t\t\t<div class=\"elementor-element elementor-element-7858815 elementor-widget elementor-widget-heading\" data-id=\"7858815\" data-element_type=\"widget\" data-e-type=\"widget\" data-widget_type=\"heading.default\">\n\t\t\t\t\t<h2 class=\"elementor-heading-title elementor-size-default\">Qu'est-ce qui peut d\u00e9j\u00e0 \u00eatre fait ?\n<\/h2>\t\t\t\t<\/div>\n\t\t\t\t<div class=\"elementor-element elementor-element-4c8d2e6 elementor-widget elementor-widget-text-editor\" data-id=\"4c8d2e6\" data-element_type=\"widget\" data-e-type=\"widget\" data-widget_type=\"text-editor.default\">\n\t\t\t\t\t\t\t\t\t<p>La technologie existe, les voitures sont l\u00e0, les stations de recharge ont \u00e9t\u00e9 d\u00e9velopp\u00e9es. Mais en tant que particulier ou entreprise, pouvez-vous vous lancer d\u00e8s maintenant dans la recharge bidirectionnelle ? La r\u00e9ponse courte est : non, pas encore. \u00c0 une exception pr\u00e8s.   <\/p>\t\t\t\t\t\t\t\t<\/div>\n\t\t\t\t<div class=\"elementor-element elementor-element-935f2b6 elementor-widget elementor-widget-heading\" data-id=\"935f2b6\" data-element_type=\"widget\" data-e-type=\"widget\" data-widget_type=\"heading.default\">\n\t\t\t\t\t<h3 class=\"elementor-heading-title elementor-size-default\">V2L<\/h3>\t\t\t\t<\/div>\n\t\t\t\t<div class=\"elementor-element elementor-element-283e4fb elementor-widget elementor-widget-text-editor\" data-id=\"283e4fb\" data-element_type=\"widget\" data-e-type=\"widget\" data-widget_type=\"text-editor.default\">\n\t\t\t\t\t\t\t\t\t<p>Il s&#8217;agit de la seule forme de recharge bidirectionnelle aujourd&#8217;hui largement disponible. Des voitures telles que la Hyundai Ioniq 5, la Kia EV6 et la MG4 peuvent alimenter des appareils au moyen d&#8217;un simple adaptateur. Vous avez peut-\u00eatre d\u00e9j\u00e0 vu des images d&#8217;une friteuse connect\u00e9e \u00e0 une Ioniq 5, ou d&#8217;une tondeuse \u00e0 gazon \u00e9lectrique aliment\u00e9e par la voiture. Le V2L ne n\u00e9cessite pas d&#8217;infrastructure de recharge particuli\u00e8re : il suffit d&#8217;utiliser la voiture elle-m\u00eame et un adaptateur. La puissance est limit\u00e9e (g\u00e9n\u00e9ralement 3,6 kW), mais suffisante pour le camping, les outils sur site ou l&#8217;alimentation de secours.    <\/p>\t\t\t\t\t\t\t\t<\/div>\n\t\t\t\t<div class=\"elementor-element elementor-element-f43b531 elementor-widget elementor-widget-heading\" data-id=\"f43b531\" data-element_type=\"widget\" data-e-type=\"widget\" data-widget_type=\"heading.default\">\n\t\t\t\t\t<h3 class=\"elementor-heading-title elementor-size-default\">V2G et V2H<\/h3>\t\t\t\t<\/div>\n\t\t\t\t<div class=\"elementor-element elementor-element-bbe5455 elementor-widget elementor-widget-text-editor\" data-id=\"bbe5455\" data-element_type=\"widget\" data-e-type=\"widget\" data-widget_type=\"text-editor.default\">\n\t\t\t\t\t\t\t\t\t<p>Ces applications &#8211; fournir de l&#8217;\u00e9nergie au r\u00e9seau ou \u00e0 votre domicile &#8211; ne sont pas encore accessibles aux particuliers ou aux entreprises. Le seul endroit o\u00f9 le V2G fonctionne actuellement \u00e0 grande \u00e9chelle est \u00e0 Utrecht, dans le cadre du projet pilote de We Drive Solar avec MyWheels. L\u00e0, 500 voitures partag\u00e9es Renault 5 et 4 E-Tech sont \u00e9quip\u00e9es d&#8217;une technologie de recharge bidirectionnelle, d\u00e9velopp\u00e9e sp\u00e9cifiquement \u00e0 cette fin. Mais il s&#8217;agit d&#8217;un environnement d&#8217;essai contr\u00f4l\u00e9 avec une infrastructure professionnelle, une coop\u00e9ration directe avec les op\u00e9rateurs de r\u00e9seau et des dispositions sp\u00e9ciales.   <\/p><p>Le projet d&#8217;Utrecht prouve qu&#8217;il est techniquement r\u00e9alisable et \u00e9conomiquement viable, mais son extension au reste des Pays-Bas n\u00e9cessite encore des ann\u00e9es de d\u00e9veloppement.<\/p>\t\t\t\t\t\t\t\t<\/div>\n\t\t\t\t<\/div>\n\t\t\t\t\t<\/div>\n\t\t\t\t<\/div>\n\t\t<div class=\"elementor-element elementor-element-7a9aad6 e-flex e-con-boxed e-con e-parent\" data-id=\"7a9aad6\" data-element_type=\"container\" data-e-type=\"container\" data-settings=\"{&quot;background_background&quot;:&quot;classic&quot;}\">\n\t\t\t\t\t<div class=\"e-con-inner\">\n\t\t<div class=\"elementor-element elementor-element-560e13d e-con-full e-flex e-con e-child\" data-id=\"560e13d\" data-element_type=\"container\" data-e-type=\"container\">\n\t\t\t\t<div class=\"elementor-element elementor-element-cdeaf3c elementor-widget elementor-widget-heading\" data-id=\"cdeaf3c\" data-element_type=\"widget\" data-e-type=\"widget\" data-widget_type=\"heading.default\">\n\t\t\t\t\t<h2 class=\"elementor-heading-title elementor-size-default\">Pourquoi la mise en \u0153uvre est-elle si complexe ?\n<\/h2>\t\t\t\t<\/div>\n\t\t\t\t<div class=\"elementor-element elementor-element-b9ceae4 elementor-widget elementor-widget-heading\" data-id=\"b9ceae4\" data-element_type=\"widget\" data-e-type=\"widget\" data-widget_type=\"heading.default\">\n\t\t\t\t\t<h3 class=\"elementor-heading-title elementor-size-default\">Collaborations<\/h3>\t\t\t\t<\/div>\n\t\t\t\t<div class=\"elementor-element elementor-element-ff7c202 elementor-widget elementor-widget-text-editor\" data-id=\"ff7c202\" data-element_type=\"widget\" data-e-type=\"widget\" data-widget_type=\"text-editor.default\">\n\t\t\t\t\t\t\t\t\t<p>La technologie V2G n&#8217;est pas nouvelle, mais son d\u00e9ploiement \u00e0 grande \u00e9chelle se fait toujours attendre. En effet, de nombreuses parties sont impliqu\u00e9es et doivent travailler ensemble : les constructeurs automobiles, les fabricants de bornes de recharge, les op\u00e9rateurs de r\u00e9seaux, les municipalit\u00e9s, les fournisseurs d&#8217;\u00e9nergie et les d\u00e9veloppeurs de logiciels. Chacune de ces parties a ses propres syst\u00e8mes, normes et int\u00e9r\u00eats.  <\/p><p>Les constructeurs automobiles devraient \u00e9quiper leurs v\u00e9hicules de mat\u00e9riel et de logiciels bidirectionnels. Les fabricants de bornes de recharge doivent mettre au point des \u00e9quipements qui prennent en charge l&#8217;alimentation en \u00e9lectricit\u00e9. Les gestionnaires de r\u00e9seau doivent adapter l&#8217;infrastructure et ouvrir leurs syst\u00e8mes. Les municipalit\u00e9s doivent fournir de l&#8217;espace dans les lieux publics. Enfin, les fournisseurs d&#8217;\u00e9nergie doivent proposer des contrats qui rendent la recharge financi\u00e8rement attrayante, par exemple gr\u00e2ce \u00e0 des tarifs dynamiques.    <\/p>\t\t\t\t\t\t\t\t<\/div>\n\t\t\t\t<div class=\"elementor-element elementor-element-53ae002 elementor-widget elementor-widget-heading\" data-id=\"53ae002\" data-element_type=\"widget\" data-e-type=\"widget\" data-widget_type=\"heading.default\">\n\t\t\t\t\t<h3 class=\"elementor-heading-title elementor-size-default\">Protocoles<\/h3>\t\t\t\t<\/div>\n\t\t\t\t<div class=\"elementor-element elementor-element-cb8604c elementor-widget elementor-widget-text-editor\" data-id=\"cb8604c\" data-element_type=\"widget\" data-e-type=\"widget\" data-widget_type=\"text-editor.default\">\n\t\t\t\t\t\t\t\t\t<p>Le protocole ISO 15118 requis pour la communication entre le v\u00e9hicule et la station de recharge est encore en cours de d\u00e9veloppement, en particulier la version CA. Les r\u00e9glementations sont \u00e9galement \u00e0 la tra\u00eene. Ce n&#8217;est qu&#8217;\u00e0 partir de 2030 que la l\u00e9gislation europ\u00e9enne (AFIR) exige que les nouvelles bornes de recharge publiques soient bidirectionnelles.  <\/p><p>We Drive Solar est un leader dans le rapprochement de toutes ces parties. Gr\u00e2ce \u00e0 des ann\u00e9es d&#8217;exp\u00e9rience, \u00e0 une coop\u00e9ration \u00e9troite avec Renault et \u00e0 la construction d&#8217;une norme ouverte, We Drive Solar r\u00e9ussit l\u00e0 o\u00f9 d&#8217;autres s&#8217;enlisent dans la complexit\u00e9. <\/p>\t\t\t\t\t\t\t\t<\/div>\n\t\t\t\t<\/div>\n\t\t\t\t\t<\/div>\n\t\t\t\t<\/div>\n\t\t<div class=\"elementor-element elementor-element-e6d838c e-flex e-con-boxed e-con e-parent\" data-id=\"e6d838c\" data-element_type=\"container\" data-e-type=\"container\" data-settings=\"{&quot;background_background&quot;:&quot;classic&quot;}\">\n\t\t\t\t\t<div class=\"e-con-inner\">\n\t\t\t\t\t<\/div>\n\t\t\t\t<\/div>\n\t\t<div class=\"elementor-element elementor-element-f17abd2 e-flex e-con-boxed e-con e-parent\" data-id=\"f17abd2\" data-element_type=\"container\" data-e-type=\"container\" data-settings=\"{&quot;background_background&quot;:&quot;classic&quot;}\">\n\t\t\t\t\t<div class=\"e-con-inner\">\n\t\t<div class=\"elementor-element elementor-element-871798b e-con-full e-flex e-con e-child\" data-id=\"871798b\" data-element_type=\"container\" data-e-type=\"container\">\n\t\t\t\t<div class=\"elementor-element elementor-element-b040378 elementor-widget elementor-widget-heading\" data-id=\"b040378\" data-element_type=\"widget\" data-e-type=\"widget\" data-widget_type=\"heading.default\">\n\t\t\t\t\t<h2 class=\"elementor-heading-title elementor-size-default\">Quels sont les avantages potentiels de la recharge bidirectionnelle ?\n<\/h2>\t\t\t\t<\/div>\n\t\t\t\t<div class=\"elementor-element elementor-element-8639496 elementor-widget elementor-widget-heading\" data-id=\"8639496\" data-element_type=\"widget\" data-e-type=\"widget\" data-widget_type=\"heading.default\">\n\t\t\t\t\t<h3 class=\"elementor-heading-title elementor-size-default\">Pour le r\u00e9seau \u00e9lectrique\n<\/h3>\t\t\t\t<\/div>\n\t\t\t\t<div class=\"elementor-element elementor-element-45b324e elementor-widget elementor-widget-text-editor\" data-id=\"45b324e\" data-element_type=\"widget\" data-e-type=\"widget\" data-widget_type=\"text-editor.default\">\n\t\t\t\t\t\t\t\t\t<p>La recharge bidirectionnelle pourrait accro\u00eetre consid\u00e9rablement la stabilit\u00e9 du r\u00e9seau. Lorsque de nombreuses voitures \u00e9lectriques sont connect\u00e9es simultan\u00e9ment, elles peuvent absorber les pics en restituant temporairement de l&#8217;\u00e9nergie. Cela r\u00e9duirait la congestion du r\u00e9seau et le rendrait plus r\u00e9sistant. Au lieu d&#8217;\u00e9tendre encore le r\u00e9seau &#8211; avec tous les co\u00fbts et les besoins en espace que cela implique &#8211; la capacit\u00e9 existante pourrait \u00eatre utilis\u00e9e plus intelligemment.   <\/p><p>Cela serait particuli\u00e8rement utile lors des pics de consommation du soir. Au moment o\u00f9 tout le monde rentre \u00e0 la maison, commence \u00e0 cuisiner, allume le chauffage et utilise les appareils \u00e9lectriques, la demande atteint son maximum. Dans le m\u00eame temps, l&#8217;\u00e9nergie solaire ne produit rien de plus. Les voitures enti\u00e8rement charg\u00e9es avec de l&#8217;\u00e9nergie solaire bon march\u00e9 ou autoproduite pendant la journ\u00e9e pourraient restituer une partie de cette \u00e9nergie le soir, ce qui att\u00e9nuerait le pic.   <\/p>\t\t\t\t\t\t\t\t<\/div>\n\t\t\t\t<div class=\"elementor-element elementor-element-e79c004 elementor-widget elementor-widget-heading\" data-id=\"e79c004\" data-element_type=\"widget\" data-e-type=\"widget\" data-widget_type=\"heading.default\">\n\t\t\t\t\t<h3 class=\"elementor-heading-title elementor-size-default\">Pour les m\u00e9nages\n<\/h3>\t\t\t\t<\/div>\n\t\t\t\t<div class=\"elementor-element elementor-element-dc6458f elementor-widget elementor-widget-text-editor\" data-id=\"dc6458f\" data-element_type=\"widget\" data-e-type=\"widget\" data-widget_type=\"text-editor.default\">\n\t\t\t\t\t\t\t\t\t<p>Dans les maisons \u00e9quip\u00e9es de panneaux solaires, la voiture pourrait stocker l&#8217;\u00e9nergie produite pendant la journ\u00e9e et la restituer \u00e0 la maison le soir. Cela permettrait d&#8217;augmenter consid\u00e9rablement la proportion d&#8217;autoconsommation d&#8217;\u00e9nergie renouvelable et de r\u00e9duire la d\u00e9pendance \u00e0 l&#8217;\u00e9gard du r\u00e9seau. Au lieu de renvoyer de l&#8217;\u00e9nergie solaire bon march\u00e9 au r\u00e9seau pendant la journ\u00e9e et d&#8217;acheter de l&#8217;\u00e9lectricit\u00e9 co\u00fbteuse le soir, vous pourriez utiliser votre propre \u00e9nergie produite lorsque vous en avez besoin.  <\/p><p>Une voiture \u00e9lectrique dot\u00e9e d&#8217;une batterie de 50 \u00e0 70 kWh offre potentiellement une capacit\u00e9 plus que suffisante pour la pointe du soir. M\u00eame si la voiture n&#8217;est pas compl\u00e8tement remplie, elle peut alimenter la maison pendant des heures. Et lorsque vous devez conduire le lendemain, un logiciel intelligent peut s&#8217;assurer que la batterie est suffisamment recharg\u00e9e \u00e0 temps.  <\/p>\t\t\t\t\t\t\t\t<\/div>\n\t\t\t\t<div class=\"elementor-element elementor-element-39969b5 elementor-widget elementor-widget-heading\" data-id=\"39969b5\" data-element_type=\"widget\" data-e-type=\"widget\" data-widget_type=\"heading.default\">\n\t\t\t\t\t<h3 class=\"elementor-heading-title elementor-size-default\">Pour les entreprises\n<\/h3>\t\t\t\t<\/div>\n\t\t\t\t<div class=\"elementor-element elementor-element-91f6b4a elementor-widget elementor-widget-text-editor\" data-id=\"91f6b4a\" data-element_type=\"widget\" data-e-type=\"widget\" data-widget_type=\"text-editor.default\">\n\t\t\t\t\t\t\t\t\t<p>Les entreprises disposant d&#8217;un parc de v\u00e9hicules ou de bureaux \u00e9quip\u00e9s d&#8217;installations de recharge pourraient d\u00e9ployer la recharge bidirectionnelle afin de r\u00e9duire les pics de charge. Lorsque plusieurs v\u00e9hicules \u00e9lectriques sont connect\u00e9s en m\u00eame temps, ils peuvent constituer ensemble une r\u00e9serve d&#8217;\u00e9nergie importante. Pendant les p\u00e9riodes de forte demande, par exemple lorsque la climatisation ou les processus de fabrication exigent beaucoup d&#8217;\u00e9nergie, les voitures pourraient intervenir pour aider. Cela permettrait d&#8217;\u00e9viter de surcharger la connexion au r\u00e9seau et d&#8217;\u00e9viter les p\u00e9nalit\u00e9s en cas de d\u00e9passement des pics de consommation.   <\/p><p>Les entreprises disposant de grandes installations de panneaux solaires pourraient \u00e9galement en b\u00e9n\u00e9ficier. L&#8217;\u00e9nergie solaire exc\u00e9dentaire pourrait \u00eatre stock\u00e9e dans les voitures et utilis\u00e9e ult\u00e9rieurement, au lieu d&#8217;\u00eatre renvoy\u00e9e \u00e0 des tarifs bas ou m\u00eame d\u00e9connect\u00e9e pendant les p\u00e9riodes de congestion du r\u00e9seau. <\/p>\t\t\t\t\t\t\t\t<\/div>\n\t\t\t\t<\/div>\n\t\t\t\t\t<\/div>\n\t\t\t\t<\/div>\n\t\t<div class=\"elementor-element elementor-element-4da54a5 e-flex e-con-boxed e-con e-parent\" data-id=\"4da54a5\" data-element_type=\"container\" data-e-type=\"container\">\n\t\t\t\t\t<div class=\"e-con-inner\">\n\t\t<div class=\"elementor-element elementor-element-c6ed91e e-con-full e-flex e-con e-child\" data-id=\"c6ed91e\" data-element_type=\"container\" data-e-type=\"container\">\n\t\t\t\t<div class=\"elementor-element elementor-element-18d9059 elementor-widget elementor-widget-heading\" data-id=\"18d9059\" data-element_type=\"widget\" data-e-type=\"widget\" data-widget_type=\"heading.default\">\n\t\t\t\t\t<h2 class=\"elementor-heading-title elementor-size-default\">Utrecht : la premi\u00e8re r\u00e9gion bidirectionnelle d'Europe\n<\/h2>\t\t\t\t<\/div>\n\t\t\t\t<div class=\"elementor-element elementor-element-29361ac elementor-widget elementor-widget-text-editor\" data-id=\"29361ac\" data-element_type=\"widget\" data-e-type=\"widget\" data-widget_type=\"text-editor.default\">\n\t\t\t\t\t\t\t\t\tWe Drive Solar est \u00e0 l&#8217;avant-garde du d\u00e9ploiement de la recharge bidirectionnelle depuis 2019. Mais la v\u00e9ritable perc\u00e9e a eu lieu avec le projet d&#8217;Utrecht : le premier service d&#8217;autopartage V2G \u00e0 grande \u00e9chelle en Europe. \t\t\t\t\t\t\t\t<\/div>\n\t\t\t\t<div class=\"elementor-element elementor-element-547a7b1 elementor-widget elementor-widget-heading\" data-id=\"547a7b1\" data-element_type=\"widget\" data-e-type=\"widget\" data-widget_type=\"heading.default\">\n\t\t\t\t\t<h3 class=\"elementor-heading-title elementor-size-default\">500 voitures \u00e9lectriques partag\u00e9es comme tampon \u00e9nerg\u00e9tique\n<\/h3>\t\t\t\t<\/div>\n\t\t\t\t<div class=\"elementor-element elementor-element-d9143cd elementor-widget elementor-widget-text-editor\" data-id=\"d9143cd\" data-element_type=\"widget\" data-e-type=\"widget\" data-widget_type=\"text-editor.default\">\n\t\t\t\t\t\t\t\t\tEn collaboration avec la plateforme de voitures partag\u00e9es MyWheels, We Drive Solar d\u00e9ploie 500 voitures \u00e9lectriques partag\u00e9es Renault 5 et 4 E-Tech dans la r\u00e9gion d&#8217;Utrecht. Le 4 juin 2025, les 50 premi\u00e8res voitures ont \u00e9t\u00e9 mises en service lors du lancement d'&#8221;Utrecht Energised&#8221;. En novembre 2025, le nombre de voitures passera \u00e0 170, et les 500 voitures seront mises en service en 2026, ce qui en fait le plus grand projet V2G d&#8217;Europe.  \n<br><br>L&#8217;impact est mesurable. Ensemble, ces 500 voitures peuvent fournir 10 % de la flexibilit\u00e9 n\u00e9cessaire \u00e0 la r\u00e9gion d&#8217;Utrecht. Elles peuvent att\u00e9nuer la congestion du r\u00e9seau avec une capacit\u00e9 de 5 m\u00e9gawatts. Cela semble impressionnant, mais cela montre aussi l&#8217;ampleur du d\u00e9fi : Utrecht accuse un d\u00e9ficit de 250 m\u00e9gawatts pendant les p\u00e9riodes de pointe. Pour r\u00e9soudre compl\u00e8tement le probl\u00e8me, la r\u00e9gion aurait donc besoin de 50 fois plus de voitures bidirectionnelles.    \n<br><br>Il s&#8217;agit pourtant d&#8217;une premi\u00e8re \u00e9tape cruciale. \u00c0 Utrecht, 35 % des toits sont couverts de panneaux solaires, soit l&#8217;un des pourcentages les plus \u00e9lev\u00e9s des Pays-Bas. Il y a un \u00e9norme surplus d&#8217;\u00e9nergie solaire pendant la journ\u00e9e, mais un \u00e9norme d\u00e9ficit pendant la nuit. La combinaison des voitures partag\u00e9es et de la technologie de recharge bidirectionnelle permet de stocker cette \u00e9nergie et de l&#8217;utiliser plus tard, exactement quand on en a besoin.   \t\t\t\t\t\t\t\t<\/div>\n\t\t\t\t<div class=\"elementor-element elementor-element-bced641 elementor-widget elementor-widget-image\" data-id=\"bced641\" data-element_type=\"widget\" data-e-type=\"widget\" data-widget_type=\"image.default\">\n\t\t\t\t\t\t\t\t\t\t\t\t\t\t\t<img decoding=\"async\" src=\"https:\/\/wedrivesolar.com\/wp-content\/uploads\/2025\/12\/eindhovenstad-jvdv_orig.webp\" title=\"\" alt=\"\" loading=\"lazy\" \/>\t\t\t\t\t\t\t\t\t\t\t\t\t\t\t<\/div>\n\t\t\t\t<div class=\"elementor-element elementor-element-5665996 elementor-widget elementor-widget-heading\" data-id=\"5665996\" data-element_type=\"widget\" data-e-type=\"widget\" data-widget_type=\"heading.default\">\n\t\t\t\t\t<h3 class=\"elementor-heading-title elementor-size-default\">Pourquoi MyWheels ?\n<\/h3>\t\t\t\t<\/div>\n\t\t\t\t<div class=\"elementor-element elementor-element-5fc9958 elementor-widget elementor-widget-text-editor\" data-id=\"5fc9958\" data-element_type=\"widget\" data-e-type=\"widget\" data-widget_type=\"text-editor.default\">\n\t\t\t\t\t\t\t\t\t<p>Le partenariat avec MyWheels n&#8217;est pas le fruit du hasard. Les voitures partag\u00e9es sont encore plus souvent \u00e0 l&#8217;arr\u00eat que les voitures priv\u00e9es et sont \u00e9galement connect\u00e9es \u00e0 une infrastructure de recharge professionnelle. Elles sont donc id\u00e9ales pour les applications V2G. En outre, MyWheels dispose d&#8217;une flotte importante et d&#8217;une capacit\u00e9 \u00e0 s&#8217;\u00e9tendre rapidement. Cette collaboration a permis \u00e0 We Drive Solar non seulement de d\u00e9montrer la technologie, mais aussi de prouver le business case : la charge bidirectionnelle fonctionne, apporte de la valeur et est financi\u00e8rement viable.    <\/p>\t\t\t\t\t\t\t\t<\/div>\n\t\t\t\t<div class=\"elementor-element elementor-element-0ef4300 elementor-widget elementor-widget-heading\" data-id=\"0ef4300\" data-element_type=\"widget\" data-e-type=\"widget\" data-widget_type=\"heading.default\">\n\t\t\t\t\t<h3 class=\"elementor-heading-title elementor-size-default\">Et \u00e7a marche : des r\u00e9sultats mesurables apr\u00e8s cinq mois\n<\/h3>\t\t\t\t<\/div>\n\t\t\t\t<div class=\"elementor-element elementor-element-9117d86 elementor-widget elementor-widget-text-editor\" data-id=\"9117d86\" data-element_type=\"widget\" data-e-type=\"widget\" data-widget_type=\"text-editor.default\">\n\t\t\t\t\t\t\t\t\t<p>Apr\u00e8s cinq mois de fonctionnement avec les 50 premi\u00e8res voitures, le gestionnaire de r\u00e9seau Stedin a communiqu\u00e9 les premiers r\u00e9sultats concrets en novembre. Et ils sont prometteurs. <\/p><p>\u00c0 plusieurs reprises, les voitures ont permis de r\u00e9duire de 300 kW la congestion du r\u00e9seau lors des pics du soir. En chargeant intelligemment lorsque l&#8217;\u00e9nergie solaire et \u00e9olienne est disponible en abondance et en d\u00e9chargeant pendant les heures de pointe, le pic de charge du soir est \u00e9vit\u00e9. Les voitures se rechargent avec de l&#8217;\u00e9nergie solaire et \u00e9olienne n\u00e9erlandaise bon march\u00e9 et se d\u00e9chargent juste au moment o\u00f9 les centrales \u00e9lectriques fossiles devraient intervenir.  <\/p><p>Au total, les 50 voitures ont restitu\u00e9 plus de 65 000 kWh au r\u00e9seau en cinq mois. Cela repr\u00e9sente une moyenne de 1 300 kWh par voiture, chaque v\u00e9hicule ayant restitu\u00e9 de l&#8217;\u00e9nergie pendant 118 heures en moyenne. Avec les 170 voitures qui circulent actuellement \u00e0 Utrecht, l&#8217;objectif est de r\u00e9duire la congestion du r\u00e9seau de plusieurs fois 1 m\u00e9gawatt cet hiver. Cette puissance est suffisante pour alimenter 1 000 foyers pendant les heures de pointe du soir.   <\/p>\t\t\t\t\t\t\t\t<\/div>\n\t\t\t\t<\/div>\n\t\t\t\t\t<\/div>\n\t\t\t\t<\/div>\n\t\t<div class=\"elementor-element elementor-element-8a52b25 e-flex e-con-boxed e-con e-parent\" data-id=\"8a52b25\" data-element_type=\"container\" data-e-type=\"container\" data-settings=\"{&quot;background_background&quot;:&quot;classic&quot;}\">\n\t\t\t\t\t<div class=\"e-con-inner\">\n\t\t<div class=\"elementor-element elementor-element-d1ad01c e-con-full e-flex e-con e-child\" data-id=\"d1ad01c\" data-element_type=\"container\" data-e-type=\"container\" data-settings=\"{&quot;background_background&quot;:&quot;classic&quot;}\">\n\t\t\t\t<div class=\"elementor-element elementor-element-00d6547 elementor-widget elementor-widget-heading\" data-id=\"00d6547\" data-element_type=\"widget\" data-e-type=\"widget\" data-widget_type=\"heading.default\">\n\t\t\t\t\t<h2 class=\"elementor-heading-title elementor-size-default\">\u00c9tat des lieux : Quand la recharge bidirectionnelle sera-t-elle disponible ?\n<\/h2>\t\t\t\t<\/div>\n\t\t\t\t<div class=\"elementor-element elementor-element-b3d1b1e elementor-widget elementor-widget-heading\" data-id=\"b3d1b1e\" data-element_type=\"widget\" data-e-type=\"widget\" data-widget_type=\"heading.default\">\n\t\t\t\t\t<h3 class=\"elementor-heading-title elementor-size-default\">V2G<\/h3>\t\t\t\t<\/div>\n\t\t\t\t<div class=\"elementor-element elementor-element-92533ec elementor-widget elementor-widget-text-editor\" data-id=\"92533ec\" data-element_type=\"widget\" data-e-type=\"widget\" data-widget_type=\"text-editor.default\">\n\t\t\t\t\t\t\t\t\t<p>La recharge bidirectionnelle en est encore \u00e0 ses d\u00e9buts. Le V2G &#8211; qui consiste \u00e0 renvoyer de l&#8217;\u00e9nergie au r\u00e9seau &#8211; n&#8217;est actuellement appliqu\u00e9 que dans le cadre de projets pilotes contr\u00f4l\u00e9s tels que le projet d&#8217;Utrecht. Pour les m\u00e9nages ou les entreprises ordinaires, le V2G n&#8217;est actuellement pas possible.  <\/p><p>Cela s&#8217;explique par l&#8217;\u00e9norme complexit\u00e9 de la mise en \u0153uvre. Les constructeurs automobiles, les fabricants de bornes de recharge, les op\u00e9rateurs de r\u00e9seaux, les municipalit\u00e9s, les fournisseurs d&#8217;\u00e9nergie et les d\u00e9veloppeurs de logiciels doivent tous travailler ensemble, et chacun a ses propres syst\u00e8mes, normes et int\u00e9r\u00eats. We Drive Solar est \u00e0 l&#8217;avant-garde de cette collaboration, mais m\u00eame pour nous, le passage \u00e0 l&#8217;\u00e9chelle des clients r\u00e9sidentiels est une question d&#8217;ann\u00e9es de d\u00e9veloppement.  <\/p>\t\t\t\t\t\t\t\t<\/div>\n\t\t\t\t<div class=\"elementor-element elementor-element-b454fb2 elementor-widget elementor-widget-heading\" data-id=\"b454fb2\" data-element_type=\"widget\" data-e-type=\"widget\" data-widget_type=\"heading.default\">\n\t\t\t\t\t<h3 class=\"elementor-heading-title elementor-size-default\">V2H<\/h3>\t\t\t\t<\/div>\n\t\t\t\t<div class=\"elementor-element elementor-element-a9319b1 elementor-widget elementor-widget-text-editor\" data-id=\"a9319b1\" data-element_type=\"widget\" data-e-type=\"widget\" data-widget_type=\"text-editor.default\">\n\t\t\t\t\t\t\t\t\t<p>Le V2H, qui consiste \u00e0 fournir de l&#8217;\u00e9nergie \u00e0 sa propre maison, semble plus facilement accessible en th\u00e9orie, car il n&#8217;y a pas d&#8217;injection dans le r\u00e9seau, ce qui simplifie la r\u00e9glementation. Plusieurs fournisseurs travaillent sur des syst\u00e8mes dans lesquels la voiture peut alimenter la maison pendant les pannes de courant ou les heures de pointe. Mais m\u00eame le V2H n&#8217;est pas encore largement accessible aux consommateurs.  <\/p>\t\t\t\t\t\t\t\t<\/div>\n\t\t\t\t<div class=\"elementor-element elementor-element-93b3d0b elementor-widget elementor-widget-heading\" data-id=\"93b3d0b\" data-element_type=\"widget\" data-e-type=\"widget\" data-widget_type=\"heading.default\">\n\t\t\t\t\t<h3 class=\"elementor-heading-title elementor-size-default\">Croissance stable<\/h3>\t\t\t\t<\/div>\n\t\t\t\t<div class=\"elementor-element elementor-element-76bae1e elementor-widget elementor-widget-text-editor\" data-id=\"76bae1e\" data-element_type=\"widget\" data-e-type=\"widget\" data-widget_type=\"text-editor.default\">\n\t\t\t\t\t\t\t\t\t<p>La r\u00e9glementation europ\u00e9enne (AFIR) exige que les nouvelles bornes de recharge publiques soient bidirectionnelles \u00e0 partir de 2030. Les Pays-Bas sont \u00e0 la pointe de ce d\u00e9veloppement gr\u00e2ce \u00e0 des laboratoires vivants tels qu&#8217;Utrecht, \u00e0 des normes ouvertes et \u00e0 la coop\u00e9ration entre les gouvernements et les entreprises. La recharge bidirectionnelle se d\u00e9veloppera lentement dans les ann\u00e9es \u00e0 venir, d&#8217;abord dans le cadre d&#8217;applications professionnelles et de projets pilotes, puis \u00e9ventuellement pour les particuliers. Mais la disponibilit\u00e9 \u00e0 grande \u00e9chelle pour les m\u00e9nages n&#8217;est pas encore pour demain.   <\/p>\t\t\t\t\t\t\t\t<\/div>\n\t\t\t\t<\/div>\n\t\t\t\t\t<\/div>\n\t\t\t\t<\/div>\n\t\t<div class=\"elementor-element elementor-element-0a55a7e e-flex e-con-boxed e-con e-parent\" data-id=\"0a55a7e\" data-element_type=\"container\" data-e-type=\"container\" data-settings=\"{&quot;background_background&quot;:&quot;classic&quot;}\">\n\t\t\t\t\t<div class=\"e-con-inner\">\n\t\t<div class=\"elementor-element elementor-element-cea6c58 e-con-full e-flex e-con e-child\" data-id=\"cea6c58\" data-element_type=\"container\" data-e-type=\"container\">\n\t\t\t\t<div class=\"elementor-element elementor-element-3a0609f elementor-widget elementor-widget-heading\" data-id=\"3a0609f\" data-element_type=\"widget\" data-e-type=\"widget\" data-widget_type=\"heading.default\">\n\t\t\t\t\t<h2 class=\"elementor-heading-title elementor-size-default\">Malentendus courants\n<\/h2>\t\t\t\t<\/div>\n\t\t\t\t<div class=\"elementor-element elementor-element-984d36d elementor-widget elementor-widget-heading\" data-id=\"984d36d\" data-element_type=\"widget\" data-e-type=\"widget\" data-widget_type=\"heading.default\">\n\t\t\t\t\t<h3 class=\"elementor-heading-title elementor-size-default\">Toute voiture \u00e9lectrique peut se recharger de mani\u00e8re bidirectionnelle<\/h3>\t\t\t\t<\/div>\n\t\t\t\t<div class=\"elementor-element elementor-element-b888483 elementor-widget elementor-widget-text-editor\" data-id=\"b888483\" data-element_type=\"widget\" data-e-type=\"widget\" data-widget_type=\"text-editor.default\">\n\t\t\t\t\t\t\t\t\tCe n&#8217;est pas vrai. Seul un nombre limit\u00e9 de mod\u00e8les le prend totalement en charge. La compatibilit\u00e9 d\u00e9pend du mat\u00e9riel, du logiciel, du connecteur et du protocole de communication. Pour obtenir une liste des voitures capables d&#8217;effectuer une charge bidirectionnelle, des listes des mod\u00e8les les plus r\u00e9cents sont d\u00e9sormais disponibles.   \t\t\t\t\t\t\t\t<\/div>\n\t\t\t\t<div class=\"elementor-element elementor-element-9cd4e97 elementor-widget elementor-widget-heading\" data-id=\"9cd4e97\" data-element_type=\"widget\" data-e-type=\"widget\" data-widget_type=\"heading.default\">\n\t\t\t\t\t<h3 class=\"elementor-heading-title elementor-size-default\">Un chargeur domestique standard \u00e0 courant alternatif suffit<\/h3>\t\t\t\t<\/div>\n\t\t\t\t<div class=\"elementor-element elementor-element-6dfd1e9 elementor-widget elementor-widget-text-editor\" data-id=\"6dfd1e9\" data-element_type=\"widget\" data-e-type=\"widget\" data-widget_type=\"text-editor.default\">\n\t\t\t\t\t\t\t\t\tLa recharge bidirectionnelle n\u00e9cessite une communication sp\u00e9cifique entre le v\u00e9hicule, le point de charge et le r\u00e9seau. Seuls les chargeurs qui prennent en charge cette fonctionnalit\u00e9 d&#8217;alimentation et qui utilisent le bon protocole sont adapt\u00e9s. Les chargeurs domestiques standard ne peuvent que charger, pas d\u00e9charger. M\u00eame les points de charge dits &#8220;V2G-ready&#8221; ne peuvent pas r\u00e9ellement charger de mani\u00e8re bidirectionnelle dans la plupart des cas \u00e0 l&#8217;heure actuelle &#8211; ils sont simplement mieux pr\u00e9par\u00e9s pour un avenir o\u00f9 cela deviendra possible, ce qui signifie que vous n&#8217;aurez pas \u00e0 remplacer l&#8217;ensemble du point de charge.   \t\t\t\t\t\t\t\t<\/div>\n\t\t\t\t<div class=\"elementor-element elementor-element-36d51f8 elementor-widget elementor-widget-heading\" data-id=\"36d51f8\" data-element_type=\"widget\" data-e-type=\"widget\" data-widget_type=\"heading.default\">\n\t\t\t\t\t<h3 class=\"elementor-heading-title elementor-size-default\">Ma batterie s'usera plus rapidement en raison des cycles de charge suppl\u00e9mentaires.<\/h3>\t\t\t\t<\/div>\n\t\t\t\t<div class=\"elementor-element elementor-element-dc21530 elementor-widget elementor-widget-text-editor\" data-id=\"dc21530\" data-element_type=\"widget\" data-e-type=\"widget\" data-widget_type=\"text-editor.default\">\n\t\t\t\t\t\t\t\t\tC&#8217;est fondamentalement vrai : plus il y a de cycles de charge et de d\u00e9charge, plus une batterie se d\u00e9t\u00e9riore rapidement. Mais les syst\u00e8mes modernes de gestion de la batterie veillent \u00e0 ce que l&#8217;impact soit tr\u00e8s limit\u00e9. Le logiciel maintient la batterie dans des limites s\u00fbres et \u00e9vite les taux de charge et de d\u00e9charge excessifs. En outre, seule une partie de la capacit\u00e9 est souvent utilis\u00e9e pour les services V2G. N\u00e9anmoins, l&#8217;usure de la batterie est un facteur r\u00e9el qui doit \u00eatre pris en compte dans l&#8217;analyse de rentabilit\u00e9 : la d\u00e9pr\u00e9ciation de la batterie doit l&#8217;emporter sur les avantages et les \u00e9conomies d&#8217;\u00e9nergie qu&#8217;apporte la charge bidirectionnelle.    \t\t\t\t\t\t\t\t<\/div>\n\t\t\t\t<\/div>\n\t\t\t\t\t<\/div>\n\t\t\t\t<\/div>\n\t\t<div class=\"elementor-element elementor-element-a5cc296 e-flex e-con-boxed e-con e-parent\" data-id=\"a5cc296\" data-element_type=\"container\" data-e-type=\"container\">\n\t\t\t\t\t<div class=\"e-con-inner\">\n\t\t\t\t<div class=\"elementor-element elementor-element-3c60a69 elementor-widget elementor-widget-heading\" data-id=\"3c60a69\" data-element_type=\"widget\" data-e-type=\"widget\" data-widget_type=\"heading.default\">\n\t\t\t\t\t<h2 class=\"elementor-heading-title elementor-size-default\">FAQ<\/h2>\t\t\t\t<\/div>\n\t\t\t\t<div class=\"elementor-element elementor-element-cd1db8a elementor-widget elementor-widget-n-accordion\" data-id=\"cd1db8a\" data-element_type=\"widget\" data-e-type=\"widget\" data-settings=\"{&quot;max_items_expended&quot;:&quot;multiple&quot;,&quot;default_state&quot;:&quot;expanded&quot;,&quot;n_accordion_animation_duration&quot;:{&quot;unit&quot;:&quot;ms&quot;,&quot;size&quot;:400,&quot;sizes&quot;:[]}}\" data-widget_type=\"nested-accordion.default\">\n\t\t\t\t\t\t\t<div class=\"e-n-accordion\" aria-label=\"Accordion. Open links with Enter or Space, close with Escape, and navigate with Arrow Keys\">\n\t\t\t\t\t\t<details id=\"e-n-accordion-item-2150\" class=\"e-n-accordion-item\" open>\n\t\t\t\t<summary class=\"e-n-accordion-item-title\" data-accordion-index=\"1\" tabindex=\"0\" aria-expanded=\"true\" aria-controls=\"e-n-accordion-item-2150\" >\n\t\t\t\t\t<span class='e-n-accordion-item-title-header'><div class=\"e-n-accordion-item-title-text\"> Quelles sont les voitures qui prennent en charge la recharge bidirectionnelle ? <\/div><\/span>\n\t\t\t\t\t\t\t<span class='e-n-accordion-item-title-icon'>\n\t\t\t<span class='e-opened' ><svg aria-hidden=\"true\" class=\"e-font-icon-svg e-fas-minus\" viewBox=\"0 0 448 512\" xmlns=\"http:\/\/www.w3.org\/2000\/svg\"><path d=\"M416 208H32c-17.67 0-32 14.33-32 32v32c0 17.67 14.33 32 32 32h384c17.67 0 32-14.33 32-32v-32c0-17.67-14.33-32-32-32z\"><\/path><\/svg><\/span>\n\t\t\t<span class='e-closed'><svg aria-hidden=\"true\" class=\"e-font-icon-svg e-fas-plus\" viewBox=\"0 0 448 512\" xmlns=\"http:\/\/www.w3.org\/2000\/svg\"><path d=\"M416 208H272V64c0-17.67-14.33-32-32-32h-32c-17.67 0-32 14.33-32 32v144H32c-17.67 0-32 14.33-32 32v32c0 17.67 14.33 32 32 32h144v144c0 17.67 14.33 32 32 32h32c17.67 0 32-14.33 32-32V304h144c17.67 0 32-14.33 32-32v-32c0-17.67-14.33-32-32-32z\"><\/path><\/svg><\/span>\n\t\t<\/span>\n\n\t\t\t\t\t\t<\/summary>\n\t\t\t\t<div role=\"region\" aria-labelledby=\"e-n-accordion-item-2150\" class=\"elementor-element elementor-element-5d9c7b5 e-con-full e-flex e-con e-child\" data-id=\"5d9c7b5\" data-element_type=\"container\" data-e-type=\"container\">\n\t\t\t\t<div class=\"elementor-element elementor-element-27b94b6 elementor-widget elementor-widget-text-editor\" data-id=\"27b94b6\" data-element_type=\"widget\" data-e-type=\"widget\" data-widget_type=\"text-editor.default\">\n\t\t\t\t\t\t\t\t\t<p>Un nombre croissant de mod\u00e8les, en particulier les VE les plus r\u00e9cents, sont compatibles avec la norme ISO 15118. Les exemples incluent les Renault 5 et 4 E-Tech, Hyundai Ioniq 5 et 6, Nissan Leaf, Cupra Born et Volvo EX90. Pour une vue d&#8217;ensemble actualis\u00e9e, voir la liste des voitures capables de charger dans les deux sens (2025).  <\/p><p>Important \u00e0 savoir : \u00e0 l&#8217;heure actuelle, il n&#8217;existe pas de voiture dont le V2H ou le V2G fonctionne &#8220;pr\u00eat \u00e0 l&#8217;emploi&#8221;. Ces voitures ont la capacit\u00e9 technique et le potentiel pour une charge bidirectionnelle, mais ce n&#8217;est que dans des bancs d&#8217;essai sp\u00e9cifiques &#8211; comme notre projet \u00e0 Utrecht &#8211; que le V2G fonctionne r\u00e9ellement. Le V2L (fourniture d&#8217;\u00e9nergie aux appareils) est d\u00e9j\u00e0 possible dans beaucoup de ces mod\u00e8les.  <\/p>\t\t\t\t\t\t\t\t<\/div>\n\t\t\t\t<\/div>\n\t\t\t\t\t<\/details>\n\t\t\t\t\t\t<details id=\"e-n-accordion-item-2151\" class=\"e-n-accordion-item\" >\n\t\t\t\t<summary class=\"e-n-accordion-item-title\" data-accordion-index=\"2\" tabindex=\"-1\" aria-expanded=\"false\" aria-controls=\"e-n-accordion-item-2151\" >\n\t\t\t\t\t<span class='e-n-accordion-item-title-header'><div class=\"e-n-accordion-item-title-text\"> Puis-je utiliser ma voiture comme batterie domestique ? <\/div><\/span>\n\t\t\t\t\t\t\t<span class='e-n-accordion-item-title-icon'>\n\t\t\t<span class='e-opened' ><svg aria-hidden=\"true\" class=\"e-font-icon-svg e-fas-minus\" viewBox=\"0 0 448 512\" xmlns=\"http:\/\/www.w3.org\/2000\/svg\"><path d=\"M416 208H32c-17.67 0-32 14.33-32 32v32c0 17.67 14.33 32 32 32h384c17.67 0 32-14.33 32-32v-32c0-17.67-14.33-32-32-32z\"><\/path><\/svg><\/span>\n\t\t\t<span class='e-closed'><svg aria-hidden=\"true\" class=\"e-font-icon-svg e-fas-plus\" viewBox=\"0 0 448 512\" xmlns=\"http:\/\/www.w3.org\/2000\/svg\"><path d=\"M416 208H272V64c0-17.67-14.33-32-32-32h-32c-17.67 0-32 14.33-32 32v144H32c-17.67 0-32 14.33-32 32v32c0 17.67 14.33 32 32 32h144v144c0 17.67 14.33 32 32 32h32c17.67 0 32-14.33 32-32V304h144c17.67 0 32-14.33 32-32v-32c0-17.67-14.33-32-32-32z\"><\/path><\/svg><\/span>\n\t\t<\/span>\n\n\t\t\t\t\t\t<\/summary>\n\t\t\t\t<div role=\"region\" aria-labelledby=\"e-n-accordion-item-2151\" class=\"elementor-element elementor-element-556bb25 e-con-full e-flex e-con e-child\" data-id=\"556bb25\" data-element_type=\"container\" data-e-type=\"container\">\n\t\t\t\t<div class=\"elementor-element elementor-element-360c5a8 elementor-widget elementor-widget-text-editor\" data-id=\"360c5a8\" data-element_type=\"widget\" data-e-type=\"widget\" data-widget_type=\"text-editor.default\">\n\t\t\t\t\t\t\t\t\t<p>Pour l&#8217;instant, ce n&#8217;est pas encore le cas pour les particuliers. Mais \u00e0 l&#8217;avenir, la technologie V2H pourrait utiliser une voiture \u00e9lectrique comme moyen de stockage de l&#8217;\u00e9nergie pour la maison ou le bureau. Cette technologie est en cours de d\u00e9veloppement et devrait \u00eatre disponible plus t\u00f4t que la technologie V2G, \u00e9tant donn\u00e9 qu&#8217;il n&#8217;y a pas d&#8217;injection dans le r\u00e9seau, ce qui simplifie la r\u00e9glementation. De plus amples informations sur le fonctionnement d&#8217;une voiture en tant que batterie domestique sont disponibles.   <\/p>\t\t\t\t\t\t\t\t<\/div>\n\t\t\t\t<\/div>\n\t\t\t\t\t<\/details>\n\t\t\t\t\t\t<details id=\"e-n-accordion-item-2152\" class=\"e-n-accordion-item\" >\n\t\t\t\t<summary class=\"e-n-accordion-item-title\" data-accordion-index=\"3\" tabindex=\"-1\" aria-expanded=\"false\" aria-controls=\"e-n-accordion-item-2152\" >\n\t\t\t\t\t<span class='e-n-accordion-item-title-header'><div class=\"e-n-accordion-item-title-text\"> La recharge bidirectionnelle avec des panneaux solaires fonctionne-t-elle ? <\/div><\/span>\n\t\t\t\t\t\t\t<span class='e-n-accordion-item-title-icon'>\n\t\t\t<span class='e-opened' ><svg aria-hidden=\"true\" class=\"e-font-icon-svg e-fas-minus\" viewBox=\"0 0 448 512\" xmlns=\"http:\/\/www.w3.org\/2000\/svg\"><path d=\"M416 208H32c-17.67 0-32 14.33-32 32v32c0 17.67 14.33 32 32 32h384c17.67 0 32-14.33 32-32v-32c0-17.67-14.33-32-32-32z\"><\/path><\/svg><\/span>\n\t\t\t<span class='e-closed'><svg aria-hidden=\"true\" class=\"e-font-icon-svg e-fas-plus\" viewBox=\"0 0 448 512\" xmlns=\"http:\/\/www.w3.org\/2000\/svg\"><path d=\"M416 208H272V64c0-17.67-14.33-32-32-32h-32c-17.67 0-32 14.33-32 32v144H32c-17.67 0-32 14.33-32 32v32c0 17.67 14.33 32 32 32h144v144c0 17.67 14.33 32 32 32h32c17.67 0 32-14.33 32-32V304h144c17.67 0 32-14.33 32-32v-32c0-17.67-14.33-32-32-32z\"><\/path><\/svg><\/span>\n\t\t<\/span>\n\n\t\t\t\t\t\t<\/summary>\n\t\t\t\t<div role=\"region\" aria-labelledby=\"e-n-accordion-item-2152\" class=\"elementor-element elementor-element-8d306dd e-con-full e-flex e-con e-child\" data-id=\"8d306dd\" data-element_type=\"container\" data-e-type=\"container\">\n\t\t\t\t<div class=\"elementor-element elementor-element-27e0b33 elementor-widget elementor-widget-text-editor\" data-id=\"27e0b33\" data-element_type=\"widget\" data-e-type=\"widget\" data-widget_type=\"text-editor.default\">\n\t\t\t\t\t\t\t\t\t<p>Oui, c&#8217;est pr\u00e9cis\u00e9ment l&#8217;un des principaux avantages. L&#8217;\u00e9nergie solaire peut \u00eatre stock\u00e9e dans la voiture pendant la journ\u00e9e et utilis\u00e9e plus tard. La combinaison de la recharge bidirectionnelle et des panneaux solaires maximise l&#8217;autoconsommation et minimise la d\u00e9pendance \u00e0 l&#8217;\u00e9gard du r\u00e9seau.  <\/p>\t\t\t\t\t\t\t\t<\/div>\n\t\t\t\t<\/div>\n\t\t\t\t\t<\/details>\n\t\t\t\t\t\t<details id=\"e-n-accordion-item-2153\" class=\"e-n-accordion-item\" >\n\t\t\t\t<summary class=\"e-n-accordion-item-title\" data-accordion-index=\"4\" tabindex=\"-1\" aria-expanded=\"false\" aria-controls=\"e-n-accordion-item-2153\" >\n\t\t\t\t\t<span class='e-n-accordion-item-title-header'><div class=\"e-n-accordion-item-title-text\"> Ma voiture sera-t-elle suffisamment remplie pour mes d\u00e9placements quotidiens ? <\/div><\/span>\n\t\t\t\t\t\t\t<span class='e-n-accordion-item-title-icon'>\n\t\t\t<span class='e-opened' ><svg aria-hidden=\"true\" class=\"e-font-icon-svg e-fas-minus\" viewBox=\"0 0 448 512\" xmlns=\"http:\/\/www.w3.org\/2000\/svg\"><path d=\"M416 208H32c-17.67 0-32 14.33-32 32v32c0 17.67 14.33 32 32 32h384c17.67 0 32-14.33 32-32v-32c0-17.67-14.33-32-32-32z\"><\/path><\/svg><\/span>\n\t\t\t<span class='e-closed'><svg aria-hidden=\"true\" class=\"e-font-icon-svg e-fas-plus\" viewBox=\"0 0 448 512\" xmlns=\"http:\/\/www.w3.org\/2000\/svg\"><path d=\"M416 208H272V64c0-17.67-14.33-32-32-32h-32c-17.67 0-32 14.33-32 32v144H32c-17.67 0-32 14.33-32 32v32c0 17.67 14.33 32 32 32h144v144c0 17.67 14.33 32 32 32h32c17.67 0 32-14.33 32-32V304h144c17.67 0 32-14.33 32-32v-32c0-17.67-14.33-32-32-32z\"><\/path><\/svg><\/span>\n\t\t<\/span>\n\n\t\t\t\t\t\t<\/summary>\n\t\t\t\t<div role=\"region\" aria-labelledby=\"e-n-accordion-item-2153\" class=\"elementor-element elementor-element-7c6111a e-con-full e-flex e-con e-child\" data-id=\"7c6111a\" data-element_type=\"container\" data-e-type=\"container\">\n\t\t\t\t<div class=\"elementor-element elementor-element-7874bc4 elementor-widget elementor-widget-text-editor\" data-id=\"7874bc4\" data-element_type=\"widget\" data-e-type=\"widget\" data-widget_type=\"text-editor.default\">\n\t\t\t\t\t\t\t\t\t<p>Lorsque la recharge bidirectionnelle est disponible, un logiciel intelligent veille \u00e0 ce qu&#8217;il reste toujours suffisamment d&#8217;\u00e9nergie dans la batterie pour les trajets pr\u00e9vus. Les utilisateurs peuvent alors d\u00e9finir l&#8217;autonomie minimale dont ils ont besoin. Le reste de la capacit\u00e9 devient disponible pour les services \u00e9nerg\u00e9tiques. C&#8217;est ainsi que le syst\u00e8me est con\u00e7u : la voiture reste avant tout un moyen de transport.   <\/p>\t\t\t\t\t\t\t\t<\/div>\n\t\t\t\t<\/div>\n\t\t\t\t\t<\/details>\n\t\t\t\t\t\t<details id=\"e-n-accordion-item-2154\" class=\"e-n-accordion-item\" >\n\t\t\t\t<summary class=\"e-n-accordion-item-title\" data-accordion-index=\"5\" tabindex=\"-1\" aria-expanded=\"false\" aria-controls=\"e-n-accordion-item-2154\" >\n\t\t\t\t\t<span class='e-n-accordion-item-title-header'><div class=\"e-n-accordion-item-title-text\"> Quel est le co\u00fbt d'une borne de recharge bidirectionnelle ? <\/div><\/span>\n\t\t\t\t\t\t\t<span class='e-n-accordion-item-title-icon'>\n\t\t\t<span class='e-opened' ><svg aria-hidden=\"true\" class=\"e-font-icon-svg e-fas-minus\" viewBox=\"0 0 448 512\" xmlns=\"http:\/\/www.w3.org\/2000\/svg\"><path d=\"M416 208H32c-17.67 0-32 14.33-32 32v32c0 17.67 14.33 32 32 32h384c17.67 0 32-14.33 32-32v-32c0-17.67-14.33-32-32-32z\"><\/path><\/svg><\/span>\n\t\t\t<span class='e-closed'><svg aria-hidden=\"true\" class=\"e-font-icon-svg e-fas-plus\" viewBox=\"0 0 448 512\" xmlns=\"http:\/\/www.w3.org\/2000\/svg\"><path d=\"M416 208H272V64c0-17.67-14.33-32-32-32h-32c-17.67 0-32 14.33-32 32v144H32c-17.67 0-32 14.33-32 32v32c0 17.67 14.33 32 32 32h144v144c0 17.67 14.33 32 32 32h32c17.67 0 32-14.33 32-32V304h144c17.67 0 32-14.33 32-32v-32c0-17.67-14.33-32-32-32z\"><\/path><\/svg><\/span>\n\t\t<\/span>\n\n\t\t\t\t\t\t<\/summary>\n\t\t\t\t<div role=\"region\" aria-labelledby=\"e-n-accordion-item-2154\" class=\"elementor-element elementor-element-65a92ec e-con-full e-flex e-con e-child\" data-id=\"65a92ec\" data-element_type=\"container\" data-e-type=\"container\">\n\t\t\t\t<div class=\"elementor-element elementor-element-b679975 elementor-widget elementor-widget-text-editor\" data-id=\"b679975\" data-element_type=\"widget\" data-e-type=\"widget\" data-widget_type=\"text-editor.default\">\n\t\t\t\t\t\t\t\t\t<p>Lorsque les bornes de recharge bidirectionnelles seront largement disponibles, elles varieront \u00e0 nouveau en fonction du fournisseur et du type d&#8217;installation. Les bornes de recharge bidirectionnelles sont plus ch\u00e8res que les chargeurs standard, mais les prix baissent au fur et \u00e0 mesure que la technologie se d\u00e9veloppe. Les subventions et les avantages financiers li\u00e9s \u00e0 l&#8217;alimentation en \u00e9lectricit\u00e9 peuvent permettre de r\u00e9cup\u00e9rer l&#8217;investissement.    <\/p><p>Toutefois, il n&#8217;existe actuellement aucune station de recharge bidirectionnelle qui fonctionne &#8220;pr\u00eate \u00e0 l&#8217;emploi&#8221; pour les clients r\u00e9sidentiels. De nombreux fournisseurs proposent des stations de recharge V2G-ready, mais elles ne peuvent pas encore charger de mani\u00e8re bidirectionnelle. <\/p>\t\t\t\t\t\t\t\t<\/div>\n\t\t\t\t<\/div>\n\t\t\t\t\t<\/details>\n\t\t\t\t\t\t<details id=\"e-n-accordion-item-2155\" class=\"e-n-accordion-item\" >\n\t\t\t\t<summary class=\"e-n-accordion-item-title\" data-accordion-index=\"6\" tabindex=\"-1\" aria-expanded=\"false\" aria-controls=\"e-n-accordion-item-2155\" >\n\t\t\t\t\t<span class='e-n-accordion-item-title-header'><div class=\"e-n-accordion-item-title-text\"> Est-ce que je gagne de l'argent en restituant l'\u00e9nergie de ma voiture ? <\/div><\/span>\n\t\t\t\t\t\t\t<span class='e-n-accordion-item-title-icon'>\n\t\t\t<span class='e-opened' ><svg aria-hidden=\"true\" class=\"e-font-icon-svg e-fas-minus\" viewBox=\"0 0 448 512\" xmlns=\"http:\/\/www.w3.org\/2000\/svg\"><path d=\"M416 208H32c-17.67 0-32 14.33-32 32v32c0 17.67 14.33 32 32 32h384c17.67 0 32-14.33 32-32v-32c0-17.67-14.33-32-32-32z\"><\/path><\/svg><\/span>\n\t\t\t<span class='e-closed'><svg aria-hidden=\"true\" class=\"e-font-icon-svg e-fas-plus\" viewBox=\"0 0 448 512\" xmlns=\"http:\/\/www.w3.org\/2000\/svg\"><path d=\"M416 208H272V64c0-17.67-14.33-32-32-32h-32c-17.67 0-32 14.33-32 32v144H32c-17.67 0-32 14.33-32 32v32c0 17.67 14.33 32 32 32h144v144c0 17.67 14.33 32 32 32h32c17.67 0 32-14.33 32-32V304h144c17.67 0 32-14.33 32-32v-32c0-17.67-14.33-32-32-32z\"><\/path><\/svg><\/span>\n\t\t<\/span>\n\n\t\t\t\t\t\t<\/summary>\n\t\t\t\t<div role=\"region\" aria-labelledby=\"e-n-accordion-item-2155\" class=\"elementor-element elementor-element-ba0e3cd e-con-full e-flex e-con e-child\" data-id=\"ba0e3cd\" data-element_type=\"container\" data-e-type=\"container\">\n\t\t\t\t<div class=\"elementor-element elementor-element-ee8fe9c elementor-widget elementor-widget-text-editor\" data-id=\"ee8fe9c\" data-element_type=\"widget\" data-e-type=\"widget\" data-widget_type=\"text-editor.default\">\n\t\t\t\t\t\t\t\t\t<p>Pour les clients r\u00e9sidentiels, ce n&#8217;est pas possible actuellement, mais cela pourrait l&#8217;\u00eatre \u00e0 l&#8217;avenir. Avec des tarifs \u00e9nerg\u00e9tiques dynamiques, vous pourriez alors tirer parti des diff\u00e9rences de prix : charger lorsque l&#8217;\u00e9lectricit\u00e9 est bon march\u00e9 et la restituer pendant les heures co\u00fbteuses. Il pourrait \u00e9galement y avoir des programmes dans le cadre desquels les gestionnaires de r\u00e9seau paieraient pour la flexibilit\u00e9.  <\/p><p>Le seul projet pour lequel il a d\u00e9j\u00e0 \u00e9t\u00e9 prouv\u00e9 que cela fonctionne est notre projet \u00e0 Utrecht. Il y gagne de l&#8217;argent en r\u00e9injectant de l&#8217;\u00e9nergie \u00e0 des moments o\u00f9 elle est ch\u00e8re. <\/p>\t\t\t\t\t\t\t\t<\/div>\n\t\t\t\t<\/div>\n\t\t\t\t\t<\/details>\n\t\t\t\t\t<\/div>\n\t\t\t\t\t\t<\/div>\n\t\t\t\t\t<\/div>\n\t\t\t\t<\/div>\n\t\t\t\t<\/div>\n\t\t","protected":false},"excerpt":{"rendered":"<p>Chargement bidirectionnel Chargement bidirectionnel : l&#8217;avenir de l&#8217;\u00e9nergie et de la mobilit\u00e9 En savoir plus Chaque ann\u00e9e, les Pays-Bas augmentent leur production d&#8217;\u00e9nergie solaire. Pendant la journ\u00e9e, lorsque le soleil brille, nous avons souvent un surplus d&#8217;\u00e9lectricit\u00e9. Mais le soir, lorsque tout le monde rentre chez soi et que la demande d&#8217;\u00e9lectricit\u00e9 atteint son maximum, [&hellip;]<\/p>\n","protected":false},"author":3,"featured_media":0,"parent":0,"menu_order":0,"comment_status":"closed","ping_status":"closed","template":"","meta":{"_acf_changed":false,"footnotes":""},"class_list":["post-5624","page","type-page","status-publish","hentry"],"acf":[],"yoast_head":"<!-- This site is optimized with the Yoast SEO plugin v27.2 - https:\/\/yoast.com\/product\/yoast-seo-wordpress\/ -->\n<title>Qu&#039;est-ce que la charge bidirectionnelle ? Guide complet | We Drive Solar<\/title>\n<meta name=\"description\" content=\"D\u00e9couvrez comment fonctionne la recharge bidirectionnelle et ce qui est d\u00e9j\u00e0 possible aujourd&#039;hui. Du V2G au V2H : d\u00e9couvrez le plus grand projet V2G d&#039;Europe \u00e0 Utrecht.\" \/>\n<meta name=\"robots\" content=\"index, follow, max-snippet:-1, max-image-preview:large, max-video-preview:-1\" \/>\n<link rel=\"canonical\" href=\"https:\/\/wedrivesolar.com\/fr\/chargement-bidirectionnel-lavenir-de-lenergie-et-de-la-mobilite\/\" \/>\n<meta property=\"og:locale\" content=\"fr_FR\" \/>\n<meta property=\"og:type\" content=\"article\" \/>\n<meta property=\"og:title\" content=\"Qu&#039;est-ce que la charge bidirectionnelle ? Guide complet | We Drive Solar\" \/>\n<meta property=\"og:description\" content=\"D\u00e9couvrez comment fonctionne la recharge bidirectionnelle et ce qui est d\u00e9j\u00e0 possible aujourd&#039;hui. Du V2G au V2H : d\u00e9couvrez le plus grand projet V2G d&#039;Europe \u00e0 Utrecht.\" \/>\n<meta property=\"og:url\" content=\"https:\/\/wedrivesolar.com\/fr\/chargement-bidirectionnel-lavenir-de-lenergie-et-de-la-mobilite\/\" \/>\n<meta property=\"og:site_name\" content=\"We Drive Solar\" \/>\n<meta property=\"article:modified_time\" content=\"2025-12-11T12:29:13+00:00\" \/>\n<meta property=\"og:image\" content=\"https:\/\/wedrivesolar.com\/wp-content\/uploads\/2025\/12\/Solar-Duck-Drawing-1.jpg\" \/>\n\t<meta property=\"og:image:width\" content=\"2481\" \/>\n\t<meta property=\"og:image:height\" content=\"1754\" \/>\n\t<meta property=\"og:image:type\" content=\"image\/jpeg\" \/>\n<meta name=\"twitter:card\" content=\"summary_large_image\" \/>\n<meta name=\"twitter:label1\" content=\"Dur\u00e9e de lecture estim\u00e9e\" \/>\n\t<meta name=\"twitter:data1\" content=\"21 minutes\" \/>\n<script type=\"application\/ld+json\" class=\"yoast-schema-graph\">{\"@context\":\"https:\/\/schema.org\",\"@graph\":[{\"@type\":\"WebPage\",\"@id\":\"https:\/\/wedrivesolar.com\/fr\/chargement-bidirectionnel-lavenir-de-lenergie-et-de-la-mobilite\/\",\"url\":\"https:\/\/wedrivesolar.com\/fr\/chargement-bidirectionnel-lavenir-de-lenergie-et-de-la-mobilite\/\",\"name\":\"Qu'est-ce que la charge bidirectionnelle ? Guide complet | We Drive Solar\",\"isPartOf\":{\"@id\":\"https:\/\/wedrivesolar.com\/#website\"},\"primaryImageOfPage\":{\"@id\":\"https:\/\/wedrivesolar.com\/fr\/chargement-bidirectionnel-lavenir-de-lenergie-et-de-la-mobilite\/#primaryimage\"},\"image\":{\"@id\":\"https:\/\/wedrivesolar.com\/fr\/chargement-bidirectionnel-lavenir-de-lenergie-et-de-la-mobilite\/#primaryimage\"},\"thumbnailUrl\":\"https:\/\/wedrivesolar.com\/wp-content\/uploads\/2025\/12\/Solar-Duck-Drawing-1-1024x724.jpg\",\"datePublished\":\"2025-12-11T10:33:54+00:00\",\"dateModified\":\"2025-12-11T12:29:13+00:00\",\"description\":\"D\u00e9couvrez comment fonctionne la recharge bidirectionnelle et ce qui est d\u00e9j\u00e0 possible aujourd'hui. Du V2G au V2H : d\u00e9couvrez le plus grand projet V2G d'Europe \u00e0 Utrecht.\",\"breadcrumb\":{\"@id\":\"https:\/\/wedrivesolar.com\/fr\/chargement-bidirectionnel-lavenir-de-lenergie-et-de-la-mobilite\/#breadcrumb\"},\"inLanguage\":\"fr-FR\",\"potentialAction\":[{\"@type\":\"ReadAction\",\"target\":[\"https:\/\/wedrivesolar.com\/fr\/chargement-bidirectionnel-lavenir-de-lenergie-et-de-la-mobilite\/\"]}]},{\"@type\":\"ImageObject\",\"inLanguage\":\"fr-FR\",\"@id\":\"https:\/\/wedrivesolar.com\/fr\/chargement-bidirectionnel-lavenir-de-lenergie-et-de-la-mobilite\/#primaryimage\",\"url\":\"https:\/\/wedrivesolar.com\/wp-content\/uploads\/2025\/12\/Solar-Duck-Drawing-1-1024x724.jpg\",\"contentUrl\":\"https:\/\/wedrivesolar.com\/wp-content\/uploads\/2025\/12\/Solar-Duck-Drawing-1-1024x724.jpg\"},{\"@type\":\"BreadcrumbList\",\"@id\":\"https:\/\/wedrivesolar.com\/fr\/chargement-bidirectionnel-lavenir-de-lenergie-et-de-la-mobilite\/#breadcrumb\",\"itemListElement\":[{\"@type\":\"ListItem\",\"position\":1,\"name\":\"Accueil\",\"item\":\"https:\/\/wedrivesolar.com\/\"},{\"@type\":\"ListItem\",\"position\":2,\"name\":\"Chargement bidirectionnel : l&#8217;avenir de l&#8217;\u00e9nergie et de la mobilit\u00e9\"}]},{\"@type\":\"WebSite\",\"@id\":\"https:\/\/wedrivesolar.com\/#website\",\"url\":\"https:\/\/wedrivesolar.com\/\",\"name\":\"We Drive Solar\",\"description\":\"Shaping the electricity grid of the future\",\"publisher\":{\"@id\":\"https:\/\/wedrivesolar.com\/#organization\"},\"potentialAction\":[{\"@type\":\"SearchAction\",\"target\":{\"@type\":\"EntryPoint\",\"urlTemplate\":\"https:\/\/wedrivesolar.com\/?s={search_term_string}\"},\"query-input\":{\"@type\":\"PropertyValueSpecification\",\"valueRequired\":true,\"valueName\":\"search_term_string\"}}],\"inLanguage\":\"fr-FR\"},{\"@type\":\"Organization\",\"@id\":\"https:\/\/wedrivesolar.com\/#organization\",\"name\":\"We Drive Solar\",\"url\":\"https:\/\/wedrivesolar.com\/\",\"logo\":{\"@type\":\"ImageObject\",\"inLanguage\":\"fr-FR\",\"@id\":\"https:\/\/wedrivesolar.com\/#\/schema\/logo\/image\/\",\"url\":\"https:\/\/wedrivesolar.com\/wp-content\/uploads\/2025\/04\/cropped-wedrivesolar_transparant.png\",\"contentUrl\":\"https:\/\/wedrivesolar.com\/wp-content\/uploads\/2025\/04\/cropped-wedrivesolar_transparant.png\",\"width\":1280,\"height\":201,\"caption\":\"We Drive Solar\"},\"image\":{\"@id\":\"https:\/\/wedrivesolar.com\/#\/schema\/logo\/image\/\"}}]}<\/script>\n<!-- \/ Yoast SEO plugin. -->","yoast_head_json":{"title":"Qu'est-ce que la charge bidirectionnelle ? Guide complet | We Drive Solar","description":"D\u00e9couvrez comment fonctionne la recharge bidirectionnelle et ce qui est d\u00e9j\u00e0 possible aujourd'hui. Du V2G au V2H : d\u00e9couvrez le plus grand projet V2G d'Europe \u00e0 Utrecht.","robots":{"index":"index","follow":"follow","max-snippet":"max-snippet:-1","max-image-preview":"max-image-preview:large","max-video-preview":"max-video-preview:-1"},"canonical":"https:\/\/wedrivesolar.com\/fr\/chargement-bidirectionnel-lavenir-de-lenergie-et-de-la-mobilite\/","og_locale":"fr_FR","og_type":"article","og_title":"Qu'est-ce que la charge bidirectionnelle ? Guide complet | We Drive Solar","og_description":"D\u00e9couvrez comment fonctionne la recharge bidirectionnelle et ce qui est d\u00e9j\u00e0 possible aujourd'hui. Du V2G au V2H : d\u00e9couvrez le plus grand projet V2G d'Europe \u00e0 Utrecht.","og_url":"https:\/\/wedrivesolar.com\/fr\/chargement-bidirectionnel-lavenir-de-lenergie-et-de-la-mobilite\/","og_site_name":"We Drive Solar","article_modified_time":"2025-12-11T12:29:13+00:00","og_image":[{"width":2481,"height":1754,"url":"https:\/\/wedrivesolar.com\/wp-content\/uploads\/2025\/12\/Solar-Duck-Drawing-1.jpg","type":"image\/jpeg"}],"twitter_card":"summary_large_image","twitter_misc":{"Dur\u00e9e de lecture estim\u00e9e":"21 minutes"},"schema":{"@context":"https:\/\/schema.org","@graph":[{"@type":"WebPage","@id":"https:\/\/wedrivesolar.com\/fr\/chargement-bidirectionnel-lavenir-de-lenergie-et-de-la-mobilite\/","url":"https:\/\/wedrivesolar.com\/fr\/chargement-bidirectionnel-lavenir-de-lenergie-et-de-la-mobilite\/","name":"Qu'est-ce que la charge bidirectionnelle ? Guide complet | We Drive Solar","isPartOf":{"@id":"https:\/\/wedrivesolar.com\/#website"},"primaryImageOfPage":{"@id":"https:\/\/wedrivesolar.com\/fr\/chargement-bidirectionnel-lavenir-de-lenergie-et-de-la-mobilite\/#primaryimage"},"image":{"@id":"https:\/\/wedrivesolar.com\/fr\/chargement-bidirectionnel-lavenir-de-lenergie-et-de-la-mobilite\/#primaryimage"},"thumbnailUrl":"https:\/\/wedrivesolar.com\/wp-content\/uploads\/2025\/12\/Solar-Duck-Drawing-1-1024x724.jpg","datePublished":"2025-12-11T10:33:54+00:00","dateModified":"2025-12-11T12:29:13+00:00","description":"D\u00e9couvrez comment fonctionne la recharge bidirectionnelle et ce qui est d\u00e9j\u00e0 possible aujourd'hui. Du V2G au V2H : d\u00e9couvrez le plus grand projet V2G d'Europe \u00e0 Utrecht.","breadcrumb":{"@id":"https:\/\/wedrivesolar.com\/fr\/chargement-bidirectionnel-lavenir-de-lenergie-et-de-la-mobilite\/#breadcrumb"},"inLanguage":"fr-FR","potentialAction":[{"@type":"ReadAction","target":["https:\/\/wedrivesolar.com\/fr\/chargement-bidirectionnel-lavenir-de-lenergie-et-de-la-mobilite\/"]}]},{"@type":"ImageObject","inLanguage":"fr-FR","@id":"https:\/\/wedrivesolar.com\/fr\/chargement-bidirectionnel-lavenir-de-lenergie-et-de-la-mobilite\/#primaryimage","url":"https:\/\/wedrivesolar.com\/wp-content\/uploads\/2025\/12\/Solar-Duck-Drawing-1-1024x724.jpg","contentUrl":"https:\/\/wedrivesolar.com\/wp-content\/uploads\/2025\/12\/Solar-Duck-Drawing-1-1024x724.jpg"},{"@type":"BreadcrumbList","@id":"https:\/\/wedrivesolar.com\/fr\/chargement-bidirectionnel-lavenir-de-lenergie-et-de-la-mobilite\/#breadcrumb","itemListElement":[{"@type":"ListItem","position":1,"name":"Accueil","item":"https:\/\/wedrivesolar.com\/"},{"@type":"ListItem","position":2,"name":"Chargement bidirectionnel : l&#8217;avenir de l&#8217;\u00e9nergie et de la mobilit\u00e9"}]},{"@type":"WebSite","@id":"https:\/\/wedrivesolar.com\/#website","url":"https:\/\/wedrivesolar.com\/","name":"We Drive Solar","description":"Shaping the electricity grid of the future","publisher":{"@id":"https:\/\/wedrivesolar.com\/#organization"},"potentialAction":[{"@type":"SearchAction","target":{"@type":"EntryPoint","urlTemplate":"https:\/\/wedrivesolar.com\/?s={search_term_string}"},"query-input":{"@type":"PropertyValueSpecification","valueRequired":true,"valueName":"search_term_string"}}],"inLanguage":"fr-FR"},{"@type":"Organization","@id":"https:\/\/wedrivesolar.com\/#organization","name":"We Drive Solar","url":"https:\/\/wedrivesolar.com\/","logo":{"@type":"ImageObject","inLanguage":"fr-FR","@id":"https:\/\/wedrivesolar.com\/#\/schema\/logo\/image\/","url":"https:\/\/wedrivesolar.com\/wp-content\/uploads\/2025\/04\/cropped-wedrivesolar_transparant.png","contentUrl":"https:\/\/wedrivesolar.com\/wp-content\/uploads\/2025\/04\/cropped-wedrivesolar_transparant.png","width":1280,"height":201,"caption":"We Drive Solar"},"image":{"@id":"https:\/\/wedrivesolar.com\/#\/schema\/logo\/image\/"}}]}},"_links":{"self":[{"href":"https:\/\/wedrivesolar.com\/fr\/wp-json\/wp\/v2\/pages\/5624","targetHints":{"allow":["GET"]}}],"collection":[{"href":"https:\/\/wedrivesolar.com\/fr\/wp-json\/wp\/v2\/pages"}],"about":[{"href":"https:\/\/wedrivesolar.com\/fr\/wp-json\/wp\/v2\/types\/page"}],"author":[{"embeddable":true,"href":"https:\/\/wedrivesolar.com\/fr\/wp-json\/wp\/v2\/users\/3"}],"replies":[{"embeddable":true,"href":"https:\/\/wedrivesolar.com\/fr\/wp-json\/wp\/v2\/comments?post=5624"}],"version-history":[{"count":1,"href":"https:\/\/wedrivesolar.com\/fr\/wp-json\/wp\/v2\/pages\/5624\/revisions"}],"predecessor-version":[{"id":5628,"href":"https:\/\/wedrivesolar.com\/fr\/wp-json\/wp\/v2\/pages\/5624\/revisions\/5628"}],"wp:attachment":[{"href":"https:\/\/wedrivesolar.com\/fr\/wp-json\/wp\/v2\/media?parent=5624"}],"curies":[{"name":"wp","href":"https:\/\/api.w.org\/{rel}","templated":true}]}}